{"id":60119,"date":"2026-05-19T13:50:01","date_gmt":"2026-05-19T11:50:01","guid":{"rendered":"https:\/\/tissi.de\/garanti\/"},"modified":"2026-08-24T11:27:49","modified_gmt":"2026-08-24T09:27:49","slug":"garanti","status":"publish","type":"page","link":"https:\/\/tissi.de\/sv\/garanti\/","title":{"rendered":"Garanti"},"content":{"rendered":"<div class=\"wpb-content-wrapper\" id=\"wpb-content-root\"><p>[vc_section][vc_row][vc_column][vc_column_text css=&#8221;&#8221;]<\/p>\n<h1 class=\"p1\">Garantiintyg \/ Warranty Declaration<\/h1>\n<p>[\/vc_column_text][vc_separator color=&#8221;custom&#8221; css=&#8221;&#8221;][vc_column_text css=&#8221;&#8221;]<\/p>\n<h2>Garantif\u00f6rklaring<\/h2>\n<p>[\/vc_column_text][vc_column_text css=&#8221;&#8221;]<\/p>\n<p class=\"p1\">K\u00e4ra kund,<\/p>\n<p class=\"p1\">B\u00e4ste kund,<\/p>\n<p>&nbsp;<\/p>\n<p class=\"p1\"><strong>M.J. Oster GmbH<\/strong> beviljar en frivillig garanti f\u00f6r alla tr\u00e4produkter av varum\u00e4rket tiSsi\u00ae<\/p>\n<p class=\"p1\"><strong>10 \u00e5rs<\/strong> tillverkargaranti fr\u00e5n ink\u00f6psdatum. F\u00f6r textilprodukter \u00e4r garantitiden <strong>1<\/strong> <\/p>\n<p class=\"p1\"><strong>\u00c5r<\/strong> fr\u00e5n ink\u00f6psdatum.<\/p>\n<p>&nbsp;<\/p>\n<p class=\"p1\">Denna garanti g\u00e4ller endast inom Europeiska unionen och Schweiz.<\/p>\n<p>&nbsp;<\/p>\n<p class=\"p1\">Garantin omfattar material- och tillverkningsfel vid normal anv\u00e4ndning av<\/p>\n<p class=\"p1\">Produkt. F\u00f6ljande \u00e4r s\u00e4rskilt undantagna fr\u00e5n garantin: Skador till f\u00f6ljd av felaktig <\/p>\n<p class=\"p1\">Anv\u00e4ndning, normalt slitage, skador till f\u00f6ljd av felaktig montering, skador till f\u00f6ljd av<\/p>\n<p class=\"p1\">yttre p\u00e5verkan, \u00e4ndringar eller reparationer utf\u00f6rda av obeh\u00f6riga personer. Om <\/p>\n<p class=\"p1\">Om ett fel uppst\u00e5r under garantitiden kan du returnera produkten via din \u00e5terf\u00f6rs\u00e4ljare eller direkt<\/p>\n<p class=\"p1\">l\u00e4mna in ett reklamations\u00e4rende till oss. V\u00e5r kundtj\u00e4nst granskar produkten och avg\u00f6r efter eget gottfinnande om <\/p>\n<p class=\"p1\">en reparation, ett utbyte eller en ers\u00e4ttningsleverans genomf\u00f6rs.<\/p>\n<p>&nbsp;<\/p>\n<p class=\"p1\">Om en reparation skulle vara oproportionerlig eller inte utf\u00f6ras inom rimlig tid<\/p>\n<p class=\"p1\">kan bli, f\u00f6rbeh\u00e5ller vi oss r\u00e4tten att tillhandah\u00e5lla en likv\u00e4rdig ers\u00e4ttningsprodukt.<\/p>\n<p>&nbsp;<\/p>\n<p class=\"p1\">V\u00e4nligen skicka produkten i en transports\u00e4ker f\u00f6rpackning tillsammans med: en kopia av k\u00f6pkvittot,<\/p>\n<p class=\"p1\">en beskrivning av felet, tydliga bilder p\u00e5 skadan samt en bild av<\/p>\n<p class=\"p1\">Typskylt med serienummer till f\u00f6ljande adress:<\/p>\n<p>&nbsp;<\/p>\n<p class=\"p1\"><strong>M.J. Oster GmbH c\/o tiSsi\u00ae Barnm\u00f6bler<\/strong><\/p>\n<p class=\"p1\">N\u00e4ringsomr\u00e5de 1<\/p>\n<p class=\"p1\">56820 Briedern<\/p>\n<p>&nbsp;<\/p>\n<p class=\"p1\">Kunden st\u00e5r f\u00f6r kostnaderna f\u00f6r returfrakten. Vid ett ber\u00e4ttigat garantianspr\u00e5k <\/p>\n<p class=\"p1\">Vi st\u00e5r f\u00f6r kostnaderna f\u00f6r returfrakten av den reparerade eller utbytta produkten.<\/p>\n<p>&nbsp;<\/p>\n<p class=\"p1\"><strong>Viktig information om serienumret<\/strong><\/p>\n<p class=\"p1\">Garantin g\u00e4ller endast f\u00f6r produkter med en befintlig och l\u00e4sbar typskylt eller serienummer.<\/p>\n<p class=\"p1\"><strong>Om typskylten eller serienumret har tagits bort, \u00e4ndrats eller blivit ol\u00e4sligt<\/strong><\/p>\n<p class=\"p1\"><strong>upph\u00f6r garantin att g\u00e4lla.<\/strong><\/p>\n<p>&nbsp;<\/p>\n<p class=\"p1\"><strong>Lagstadgade r\u00e4ttigheter<\/strong><\/p>\n<p class=\"p1\">Dina lagstadgade r\u00e4ttigheter vid v\u00e4sentliga brister gentemot s\u00e4ljaren p\u00e5verkas inte av denna garanti<\/p>\n<p class=\"p1\">of\u00f6r\u00e4ndrade. Dessa r\u00e4ttigheter g\u00e4ller oberoende av tillverkarens garanti och \u00e4r kostnadsfria <\/p>\n<p class=\"p1\">enligt g\u00e4llande lagstiftning.<\/p>\n<p>[\/vc_column_text][vc_separator css=&#8221;&#8221;][vc_column_text css=&#8221;&#8221;]<\/p>\n<h2 class=\"p1\">Garantif\u00f6rklaring<\/h2>\n<p>[\/vc_column_text][vc_column_text css=&#8221;&#8221;]<\/p>\n<p class=\"p1\">K\u00e4ra kund,<\/p>\n<p>&nbsp;<\/p>\n<p class=\"p1\"><strong>M.J. Oster GmbH<\/strong> beviljar en frivillig tillverkargaranti p\u00e5 <strong>10 \u00e5r<\/strong> fr\u00e5n ink\u00f6psdatumet<\/p>\n<p class=\"p1\">f\u00f6r alla tr\u00e4produkter av m\u00e4rket tiSsi\u00ae. F\u00f6r textilprodukter g\u00e4ller garantin i <strong>1 \u00e5r<\/strong> fr\u00e5n och med <\/p>\n<p class=\"p1\">ink\u00f6psdatumet.<\/p>\n<p>&nbsp;<\/p>\n<p class=\"p1\">Denna garanti g\u00e4ller uteslutande inom Europeiska unionen och Schweiz.<\/p>\n<p>&nbsp;<\/p>\n<p class=\"p1\">Garantin t\u00e4cker material- och tillverkningsfel vid normal och avsedd anv\u00e4ndning av produkten<\/p>\n<p class=\"p1\">produkt. Garantin omfattar inte: skador orsakade av felaktig anv\u00e4ndning, normalt slitage, <\/p>\n<p class=\"p1\">skador orsakade av felaktig montering, skador orsakade av yttre p\u00e5verkan, modifieringar eller<\/p>\n<p class=\"p1\">reparationer som utf\u00f6rts av obeh\u00f6riga personer. Om ett fel uppst\u00e5r inom garantiperioden kan du <\/p>\n<p class=\"p1\">L\u00e4mna tillbaka produkten till din \u00e5terf\u00f6rs\u00e4ljare eller direkt till oss. V\u00e5r serviceavdelning kommer att unders\u00f6ka produkten <\/p>\n<p class=\"p1\">och besluta, efter eget gottfinnande, om produkten ska repareras, bytas ut eller bytas mot en annan.<\/p>\n<p class=\"p1\">Om en reparation \u00e4r oproportionerlig eller inte kan genomf\u00f6ras inom en rimlig tidsperiod, f\u00f6rbeh\u00e5ller vi oss r\u00e4tten att<\/p>\n<p class=\"p1\">r\u00e4tten att tillhandah\u00e5lla en likv\u00e4rdig ers\u00e4ttningsprodukt.<\/p>\n<p>&nbsp;<\/p>\n<p class=\"p1\">V\u00e4nligen skicka den s\u00e4kert f\u00f6rpackade produkten tillsammans med: en kopia av ink\u00f6psbeviset, en<\/p>\n<p class=\"p1\">beskrivning av felet, tydliga bilder p\u00e5 skadan samt en bild av typskylten som visar<\/p>\n<p class=\"p1\">serienumret till f\u00f6ljande adress:<\/p>\n<p>&nbsp;<\/p>\n<p class=\"p1\"><strong>M.J. Oster GmbH c\/o tiSsi\u00ae barnm\u00f6bler<\/strong><\/p>\n<p class=\"p1\">N\u00e4ringsomr\u00e5de 1<\/p>\n<p class=\"p1\">56820 Briedern<\/p>\n<p class=\"p1\">Tyskland<\/p>\n<p>&nbsp;<\/p>\n<p class=\"p1\">Kunden st\u00e5r f\u00f6r fraktkostnaderna till oss. Vid ett ber\u00e4ttigat garantianspr\u00e5k st\u00e5r vi f\u00f6r <\/p>\n<p class=\"p1\">returfraktkostnaderna f\u00f6r den reparerade eller utbytta produkten.<\/p>\n<p>&nbsp;<\/p>\n<p class=\"p1\"><strong>Viktigt meddelande ang\u00e5ende serienumret<\/strong><\/p>\n<p class=\"p1\">Garantin g\u00e4ller endast f\u00f6r produkter som har en befintlig och l\u00e4sbar typskylt eller serienummer.  <strong>Om<\/strong><\/p>\n<p class=\"p1\"><strong>Om typskylten eller serienumret har tagits bort, \u00e4ndrats eller gjorts ol\u00e4sligt, g\u00e4ller inte garantianspr\u00e5ket<\/strong><\/p>\n<p class=\"p1\"><strong>blir ogiltig.<\/strong><\/p>\n<p>&nbsp;<\/p>\n<p class=\"p1\"><strong>Lagstadgade r\u00e4ttigheter<\/strong><\/p>\n<p class=\"p1\">Dina lagstadgade konsumentr\u00e4ttigheter gentemot s\u00e4ljaren p\u00e5verkas inte av denna garanti. Dessa r\u00e4ttigheter <\/p>\n<p class=\"p1\">g\u00e4ller oberoende av tillverkarens garanti och utan kostnad i enlighet med<\/p>\n<p class=\"p1\">till\u00e4mplig lag.<\/p>\n<p>[\/vc_column_text][\/vc_column][\/vc_row][\/vc_section]<\/p>\n<\/div>","protected":false},"excerpt":{"rendered":"<p>[vc_section][vc_row][vc_column][vc_column_text css=&#8221;&#8221;] Garantiintyg \/ Warranty Declaration [\/vc_column_text][vc_separator color=&#8221;custom&#8221; css=&#8221;&#8221;][vc_column_text css=&#8221;&#8221;] Garantif\u00f6rklaring [\/vc_column_text][vc_column_text css=&#8221;&#8221;] K\u00e4ra kund, B\u00e4ste kund, &nbsp; M.J. Oster GmbH beviljar en frivillig garanti f\u00f6r alla tr\u00e4produkter av varum\u00e4rket tiSsi\u00ae 10 \u00e5rs tillverkargaranti fr\u00e5n ink\u00f6psdatum. F\u00f6r textilprodukter \u00e4r garantitiden 1 \u00c5r fr\u00e5n ink\u00f6psdatum. &nbsp; Denna garanti g\u00e4ller endast inom Europeiska unionen och Schweiz. &nbsp; [&hellip;]<\/p>\n","protected":false},"author":182,"featured_media":0,"parent":0,"menu_order":0,"comment_status":"closed","ping_status":"closed","template":"","meta":{"_acf_changed":false,"inline_featured_image":false,"footnotes":""},"class_list":["post-60119","page","type-page","status-publish","hentry"],"acf":[],"yoast_head":"<!-- This site is optimized with the Yoast SEO plugin v28.3 - https:\/\/yoast.com\/product\/yoast-seo-wordpress\/ -->\n<title>Garanti - tiSsi\u00ae<\/title>\n<meta name=\"robots\" content=\"index, follow, max-snippet:-1, max-image-preview:large, max-video-preview:-1\" \/>\n<link rel=\"canonical\" href=\"https:\/\/tissi.de\/sv\/garanti\/\" \/>\n<meta property=\"og:locale\" content=\"sv_SE\" \/>\n<meta property=\"og:type\" content=\"article\" \/>\n<meta property=\"og:title\" content=\"Garanti - tiSsi\u00ae\" \/>\n<meta property=\"og:description\" content=\"[vc_section][vc_row][vc_column][vc_column_text css=&#8221;&#8221;] Garantiintyg \/ Warranty Declaration [\/vc_column_text][vc_separator color=&#8221;custom&#8221; css=&#8221;&#8221;][vc_column_text css=&#8221;&#8221;] Garantif\u00f6rklaring [\/vc_column_text][vc_column_text css=&#8221;&#8221;] K\u00e4ra kund, B\u00e4ste kund, &nbsp; M.J. Oster GmbH beviljar en frivillig garanti f\u00f6r alla tr\u00e4produkter av varum\u00e4rket tiSsi\u00ae 10 \u00e5rs tillverkargaranti fr\u00e5n ink\u00f6psdatum. F\u00f6r textilprodukter \u00e4r garantitiden 1 \u00c5r fr\u00e5n ink\u00f6psdatum. &nbsp; Denna garanti g\u00e4ller endast inom Europeiska unionen och Schweiz. &nbsp; [&hellip;]\" \/>\n<meta property=\"og:url\" content=\"https:\/\/tissi.de\/sv\/garanti\/\" \/>\n<meta property=\"og:site_name\" content=\"tiSsi\u00ae\" \/>\n<meta property=\"article:publisher\" content=\"https:\/\/de-de.facebook.com\/tiSsikids\/\" \/>\n<meta property=\"article:modified_time\" content=\"2026-08-24T09:27:49+00:00\" \/>\n<meta property=\"og:image\" content=\"https:\/\/tissi.de\/wp-content\/uploads\/2022\/04\/family-business-tissi.jpg\" \/>\n\t<meta property=\"og:image:width\" content=\"681\" \/>\n\t<meta property=\"og:image:height\" content=\"418\" \/>\n\t<meta property=\"og:image:type\" content=\"image\/jpeg\" \/>\n<meta name=\"twitter:card\" content=\"summary_large_image\" \/>\n<meta name=\"twitter:label1\" content=\"Ber\u00e4knad l\u00e4stid\" \/>\n\t<meta name=\"twitter:data1\" content=\"4 minuter\" \/>\n<script type=\"application\/ld+json\" class=\"yoast-schema-graph\">{\"@context\":\"https:\\\/\\\/schema.org\",\"@graph\":[{\"@type\":\"WebPage\",\"@id\":\"https:\\\/\\\/tissi.de\\\/sv\\\/garanti\\\/\",\"url\":\"https:\\\/\\\/tissi.de\\\/sv\\\/garanti\\\/\",\"name\":\"Garanti - tiSsi\u00ae\",\"isPartOf\":{\"@id\":\"https:\\\/\\\/tissi.de\\\/sv\\\/#website\"},\"datePublished\":\"2026-05-19T11:50:01+00:00\",\"dateModified\":\"2026-08-24T09:27:49+00:00\",\"breadcrumb\":{\"@id\":\"https:\\\/\\\/tissi.de\\\/sv\\\/garanti\\\/#breadcrumb\"},\"inLanguage\":\"sv-SE\",\"potentialAction\":[{\"@type\":\"ReadAction\",\"target\":[\"https:\\\/\\\/tissi.de\\\/sv\\\/garanti\\\/\"]}]},{\"@type\":\"BreadcrumbList\",\"@id\":\"https:\\\/\\\/tissi.de\\\/sv\\\/garanti\\\/#breadcrumb\",\"itemListElement\":[{\"@type\":\"ListItem\",\"position\":1,\"name\":\"Startseite\",\"item\":\"https:\\\/\\\/tissi.de\\\/sv\\\/hem\\\/\"},{\"@type\":\"ListItem\",\"position\":2,\"name\":\"Garanti\"}]},{\"@type\":\"WebSite\",\"@id\":\"https:\\\/\\\/tissi.de\\\/sv\\\/#website\",\"url\":\"https:\\\/\\\/tissi.de\\\/sv\\\/\",\"name\":\"tiSsi\u00ae\",\"description\":\"Familie beginnt mit uns! Lernturm, Hochstuhl, Kinderm\u00f6bel, Laufgitter\",\"publisher\":{\"@id\":\"https:\\\/\\\/tissi.de\\\/sv\\\/#organization\"},\"potentialAction\":[{\"@type\":\"SearchAction\",\"target\":{\"@type\":\"EntryPoint\",\"urlTemplate\":\"https:\\\/\\\/tissi.de\\\/sv\\\/?s={search_term_string}\"},\"query-input\":{\"@type\":\"PropertyValueSpecification\",\"valueRequired\":true,\"valueName\":\"search_term_string\"}}],\"inLanguage\":\"sv-SE\"},{\"@type\":\"Organization\",\"@id\":\"https:\\\/\\\/tissi.de\\\/sv\\\/#organization\",\"name\":\"M.J. Oster GmbH\",\"url\":\"https:\\\/\\\/tissi.de\\\/sv\\\/\",\"logo\":{\"@type\":\"ImageObject\",\"inLanguage\":\"sv-SE\",\"@id\":\"https:\\\/\\\/tissi.de\\\/sv\\\/#\\\/schema\\\/logo\\\/image\\\/\",\"url\":\"https:\\\/\\\/tissi.de\\\/wp-content\\\/uploads\\\/2022\\\/04\\\/tissi-logo.webp\",\"contentUrl\":\"https:\\\/\\\/tissi.de\\\/wp-content\\\/uploads\\\/2022\\\/04\\\/tissi-logo.webp\",\"width\":300,\"height\":173,\"caption\":\"M.J. Oster GmbH\"},\"image\":{\"@id\":\"https:\\\/\\\/tissi.de\\\/sv\\\/#\\\/schema\\\/logo\\\/image\\\/\"},\"sameAs\":[\"https:\\\/\\\/de-de.facebook.com\\\/tiSsikids\\\/\",\"https:\\\/\\\/www.instagram.com\\\/tissi_kids\\\/\"]}]}<\/script>\n<!-- \/ Yoast SEO plugin. -->","yoast_head_json":{"title":"Garanti - tiSsi\u00ae","robots":{"index":"index","follow":"follow","max-snippet":"max-snippet:-1","max-image-preview":"max-image-preview:large","max-video-preview":"max-video-preview:-1"},"canonical":"https:\/\/tissi.de\/sv\/garanti\/","og_locale":"sv_SE","og_type":"article","og_title":"Garanti - tiSsi\u00ae","og_description":"[vc_section][vc_row][vc_column][vc_column_text css=&#8221;&#8221;] Garantiintyg \/ Warranty Declaration [\/vc_column_text][vc_separator color=&#8221;custom&#8221; css=&#8221;&#8221;][vc_column_text css=&#8221;&#8221;] Garantif\u00f6rklaring [\/vc_column_text][vc_column_text css=&#8221;&#8221;] K\u00e4ra kund, B\u00e4ste kund, &nbsp; M.J. Oster GmbH beviljar en frivillig garanti f\u00f6r alla tr\u00e4produkter av varum\u00e4rket tiSsi\u00ae 10 \u00e5rs tillverkargaranti fr\u00e5n ink\u00f6psdatum. F\u00f6r textilprodukter \u00e4r garantitiden 1 \u00c5r fr\u00e5n ink\u00f6psdatum. &nbsp; Denna garanti g\u00e4ller endast inom Europeiska unionen och Schweiz. &nbsp; [&hellip;]","og_url":"https:\/\/tissi.de\/sv\/garanti\/","og_site_name":"tiSsi\u00ae","article_publisher":"https:\/\/de-de.facebook.com\/tiSsikids\/","article_modified_time":"2026-08-24T09:27:49+00:00","og_image":[{"width":681,"height":418,"url":"https:\/\/tissi.de\/wp-content\/uploads\/2022\/04\/family-business-tissi.jpg","type":"image\/jpeg"}],"twitter_card":"summary_large_image","twitter_misc":{"Ber\u00e4knad l\u00e4stid":"4 minuter"},"schema":{"@context":"https:\/\/schema.org","@graph":[{"@type":"WebPage","@id":"https:\/\/tissi.de\/sv\/garanti\/","url":"https:\/\/tissi.de\/sv\/garanti\/","name":"Garanti - tiSsi\u00ae","isPartOf":{"@id":"https:\/\/tissi.de\/sv\/#website"},"datePublished":"2026-05-19T11:50:01+00:00","dateModified":"2026-08-24T09:27:49+00:00","breadcrumb":{"@id":"https:\/\/tissi.de\/sv\/garanti\/#breadcrumb"},"inLanguage":"sv-SE","potentialAction":[{"@type":"ReadAction","target":["https:\/\/tissi.de\/sv\/garanti\/"]}]},{"@type":"BreadcrumbList","@id":"https:\/\/tissi.de\/sv\/garanti\/#breadcrumb","itemListElement":[{"@type":"ListItem","position":1,"name":"Startseite","item":"https:\/\/tissi.de\/sv\/hem\/"},{"@type":"ListItem","position":2,"name":"Garanti"}]},{"@type":"WebSite","@id":"https:\/\/tissi.de\/sv\/#website","url":"https:\/\/tissi.de\/sv\/","name":"tiSsi\u00ae","description":"Familie beginnt mit uns! Lernturm, Hochstuhl, Kinderm\u00f6bel, Laufgitter","publisher":{"@id":"https:\/\/tissi.de\/sv\/#organization"},"potentialAction":[{"@type":"SearchAction","target":{"@type":"EntryPoint","urlTemplate":"https:\/\/tissi.de\/sv\/?s={search_term_string}"},"query-input":{"@type":"PropertyValueSpecification","valueRequired":true,"valueName":"search_term_string"}}],"inLanguage":"sv-SE"},{"@type":"Organization","@id":"https:\/\/tissi.de\/sv\/#organization","name":"M.J. Oster GmbH","url":"https:\/\/tissi.de\/sv\/","logo":{"@type":"ImageObject","inLanguage":"sv-SE","@id":"https:\/\/tissi.de\/sv\/#\/schema\/logo\/image\/","url":"https:\/\/tissi.de\/wp-content\/uploads\/2022\/04\/tissi-logo.webp","contentUrl":"https:\/\/tissi.de\/wp-content\/uploads\/2022\/04\/tissi-logo.webp","width":300,"height":173,"caption":"M.J. Oster GmbH"},"image":{"@id":"https:\/\/tissi.de\/sv\/#\/schema\/logo\/image\/"},"sameAs":["https:\/\/de-de.facebook.com\/tiSsikids\/","https:\/\/www.instagram.com\/tissi_kids\/"]}]}},"jetpack_sharing_enabled":true,"_links":{"self":[{"href":"https:\/\/tissi.de\/sv\/wp-json\/wp\/v2\/pages\/60119","targetHints":{"allow":["GET"]}}],"collection":[{"href":"https:\/\/tissi.de\/sv\/wp-json\/wp\/v2\/pages"}],"about":[{"href":"https:\/\/tissi.de\/sv\/wp-json\/wp\/v2\/types\/page"}],"author":[{"embeddable":true,"href":"https:\/\/tissi.de\/sv\/wp-json\/wp\/v2\/users\/182"}],"replies":[{"embeddable":true,"href":"https:\/\/tissi.de\/sv\/wp-json\/wp\/v2\/comments?post=60119"}],"version-history":[{"count":1,"href":"https:\/\/tissi.de\/sv\/wp-json\/wp\/v2\/pages\/60119\/revisions"}],"predecessor-version":[{"id":60123,"href":"https:\/\/tissi.de\/sv\/wp-json\/wp\/v2\/pages\/60119\/revisions\/60123"}],"wp:attachment":[{"href":"https:\/\/tissi.de\/sv\/wp-json\/wp\/v2\/media?parent=60119"}],"curies":[{"name":"wp","href":"https:\/\/api.w.org\/{rel}","templated":true}]}}