{"id":60269,"date":"2022-04-05T01:34:18","date_gmt":"2022-04-04T23:34:18","guid":{"rendered":"https:\/\/tissi.de\/vanliga-fraagor\/"},"modified":"2026-09-02T05:17:30","modified_gmt":"2026-09-02T03:17:30","slug":"vanliga-fraagor","status":"publish","type":"page","link":"https:\/\/tissi.de\/sv\/vanliga-fraagor\/","title":{"rendered":"Vanliga fr\u00e5gor"},"content":{"rendered":"<div class=\"wpb-content-wrapper\" id=\"wpb-content-root\"><p>[vc_section][vc_row][vc_column][vc_column_text css=&#8221;.vc_custom_1784101052472{border-bottom-width: 1px !important;padding-bottom: 15px !important;}&#8221;]<\/p>\n<h1>Vanliga fr\u00e5gor<\/h1>\n<p>[\/vc_column_text][vc_separator css=&#8221;&#8221;][vc_column_text css=&#8221;&#8221;]Oavsett om det g\u00e4ller fr\u00e5gor om reng\u00f6ring av <a href=\"https:\/\/tissi.de\/sv\/produkt\/tissi-barnstol-underrede-och-sakerhetsbygel\/\">trappstolen<\/a>, montering av <a href=\"https:\/\/tissi.de\/sv\/produkt\/tissi-sidobadd-och-babysang-hajo\/\">barns\u00e4ngen och till\u00e4ggss\u00e4ngen \u201dHAJO\u201d<\/a> eller anv\u00e4ndning av v\u00e5rt <a href=\"https:\/\/tissi.de\/sv\/produkt\/tissi-lartornen-felix\/\">inl\u00e4rningstorn \u201dFELIX<\/a>\u201d. Vi vill alltid ge er b\u00e4sta m\u00f6jliga hj\u00e4lp.<br \/>\nOm ni inte hittar svaret i v\u00e5ra vanliga fr\u00e5gor (FAQ) ser vi g\u00e4rna att ni <a href=\"https:\/\/tissi.de\/sv\/kontakt\/\">h\u00f6r av er till oss<\/a>![\/vc_column_text][\/vc_column][\/vc_row][vc_row css=&#8221;.vc_custom{margin: 0 0 50px 0 0 0;}&#8221;][vc_column width=&#8221;1\/2&#8243;][vc_column_text css=&#8221;.vc_custom_1784101355610{border-bottom-width: 1px !important;padding-bottom: 15px !important;border-bottom-style: solid !important;border-color: #EBEBEB !important;}&#8221;]<\/p>\n<h2>Era fr\u00e5gor \u2013 v\u00e5ra svar<\/h2>\n<p>[\/vc_column_text][\/vc_column][vc_column width=&#8221;1\/2&#8243;][vc_tta_accordion style=&#8221;modern&#8221; gap=&#8221;10&#8243; c_icon=&#8221;chevron&#8221; active_section=&#8221;1&#8243;][vc_tta_section title=&#8221;Hur reng\u00f6r jag mina tiSsi-m\u00f6bler?&#8221; tab_id=&#8221;1776106934787-1906cc1a-5c40&#8243;][vc_column_text css=&#8221;&#8221;]F\u00f6r att du ska kunna ha gl\u00e4dje av v\u00e5ra produkter s\u00e5 l\u00e4nge som m\u00f6jligt rekommenderar vi att du reng\u00f6r tiSsi-m\u00f6blerna med en fuktig trasa. Anv\u00e4nd dock inte en mikrofiberduk! <\/p>\n<p>Om smutsen \u00e4r lite mer envis kan du g\u00e4rna anv\u00e4nda ett milt reng\u00f6ringsmedel.[\/vc_column_text][\/vc_tta_section][vc_tta_section title=&#8221;\u00c4r alla sittdynor till barnstolen vattenavvisande och hur tv\u00e4ttar jag dem?&#8221; tab_id=&#8221;1776106934797-2569261e-00fe&#8221;][vc_column_text css=&#8221;&#8221;]Alla sittdynor \u00e4r vattenavvisande \u2013 inte vattent\u00e4ta. De t\u00e5l naturligtvis vardagliga p\u00e5frestningar i samband med m\u00e5ltider och dryck utm\u00e4rkt.<br \/>\nVid st\u00f6rre fl\u00e4ckar kan \u00f6verdragen (utan fyllning) tv\u00e4ttas utan problem i tv\u00e4ttmaskinen vid 30 grader.[\/vc_column_text][\/vc_tta_section][vc_tta_section title=&#8221;Vacklar inl\u00e4rningstornet?&#8221; tab_id=&#8221;1776107087888-bfe14137-5431&#8243;][vc_column_text css=&#8221;&#8221;]Om inl\u00e4rningstornet wobblar efter monteringen \u00e4r det oftast bara en bagatell. Ta bort vippskyddet (del 6) och s\u00e4tt tillbaka det direkt. <\/p>\n<p>Lossa d\u00e4refter alla skruvar med 2 varv. N\u00e4r alla skruvar \u00e4r lossade, tryck ned b\u00e5da sidodelarna fr\u00e5n ovan, medan en andra person drar \u00e5t alla skruvar igen. <\/p>\n<p>P\u00e5 s\u00e5 s\u00e4tt har du anpassat studietornet efter rummets f\u00f6rh\u00e5llanden och golvets beskaffenhet. Studietornet b\u00f6r nu inte l\u00e4ngre vackla.[\/vc_column_text][\/vc_tta_section][vc_tta_section title=&#8221;F\u00e4lls\u00e4ngen \u00e4r felaktigt monterad \u2013 fastnar f\u00e4llmekanismen?&#8221; tab_id=&#8221;1776107136512-b4924930-c7dc&#8221;][vc_column_text css=&#8221;&#8221;]<\/p>\n<p><img loading=\"lazy\" decoding=\"async\" class=\"alignnone size-full wp-image-2358\" src=\"https:\/\/tissi.de\/wp-content\/uploads\/2022\/04\/falsch-montage.jpg\" alt=\"Ovanifr\u00e5nvy av en tr\u00e4spj\u00e4ls\u00e4ng och en vit grind i ett rum. Lernturm.\" width=\"535\" height=\"401\"><\/p>\n<p>Om f\u00e4llmekanismens utbuktning p\u00e5 den markerade platsen buktar ut\u00e5t \u00e4r d\u00f6rren monterad \u00e5t fel h\u00e5ll.<\/p>\n<p>Ta bort den markerade listen, vrid den 180 grader och montera tillbaka den.<\/p>\n<p>D\u00e4refter b\u00f6r f\u00e4llmekanismen fungera som den ska.[\/vc_column_text][\/vc_tta_section][vc_tta_section title=&#8221;Fram till ungef\u00e4r vilken \u00e5lder kan mitt barn anv\u00e4nda tiSsi-barnstolen?&#8221; tab_id=&#8221;1776107274896-b603f72b-4bdc&#8221;][vc_column_text css=&#8221;&#8221;]V\u00e5r barnstol v\u00e4xer med barnet! Genom att k\u00f6pa till tillbeh\u00f6ret f\u00f6r nyf\u00f6dda kan du anv\u00e4nda stolen redan fr\u00e5n f\u00f6dseln. <\/p>\n<p>Tack vare enkla justeringsm\u00f6jligheter som du sj\u00e4lv kan utf\u00f6ra kan stolen anv\u00e4ndas \u00e4nda upp till vuxen \u00e5lder (max. 85 kg).[\/vc_column_text][\/vc_tta_section][vc_tta_section title=&#8221;Jag har flera tiSsi-produkter i samma f\u00e4rg, men med olika utseende. \u00c4r det m\u00f6jligt? &#8221; tab_id=&#8221;1776111011202-e8e71a3c-6ff6&#8243;][vc_column_text css=&#8221;&#8221;]Tr\u00e4 \u00e4r en naturprodukt. D\u00e4rf\u00f6r kan det h\u00e4nda att enskilda f\u00f6rem\u00e5l skiljer sig n\u00e5got \u00e5t i f\u00e4rgen.[\/vc_column_text][\/vc_tta_section][vc_tta_section title=&#8221;Var hittar jag serienumret p\u00e5 min produkt?&#8221; tab_id=&#8221;1776111065754-f948a4ef-5736&#8243;][vc_column_text css=&#8221;&#8221;]P\u00e5 alla v\u00e5ra m\u00f6bler finns en individuell serienummeretikett i silver som du b\u00f6r ange vid fr\u00e5gor eller reklamationer.<\/p>\n<p>P\u00e5 barnstolen sitter den till exempel p\u00e5 foten. Om du inte hittar din personliga skylt \u00e4r du v\u00e4lkommen att kontakta oss direkt.[\/vc_column_text][\/vc_tta_section][vc_tta_section title=&#8221;Vad \u00e4r den h\u00f6gsta rekommenderade vikten f\u00f6r tiSsi-m\u00f6blerna?&#8221; tab_id=&#8221;1776111121992-3054b28d-f07e&#8221;][vc_column_text css=&#8221;&#8221;]V\u00e5ra maximala rekommenderade vikter \u00e4r f\u00f6ljande:<\/p>\n<p>Lekhage upp till 25 kg<br \/>\nL\u00e4rtorne upp till 250 kg<br \/>\nBabys\u00e4ng 25 kg<br \/>\nTill\u00e4ggss\u00e4ng 20 kg<br \/>\nBarnstol 85 kg[\/vc_column_text][\/vc_tta_section][vc_tta_section title=&#8221;Passar till\u00e4ggss\u00e4ngen \u00e4ven till en boxspring-s\u00e4ng?&#8221; tab_id=&#8221;1776111170952-523f4976-107e&#8221;][vc_column_text css=&#8221;&#8221;]Vi erbjuder tv\u00e5 olika modeller:<\/p>\n<p>V\u00e5r modell \u201dMAXI\u201d passar till standard- och boxspring-s\u00e4ngar med en liggyta p\u00e5 56\u201373 cm.<\/p>\n<p>V\u00e5r modell \u201dSophie\u201d kan anv\u00e4ndas till s\u00e4ngar med en liggyta p\u00e5 39\u201361 cm.[\/vc_column_text][\/vc_tta_section][vc_tta_section title=&#8221;Jag skulle g\u00e4rna vilja skriva ett blogginl\u00e4gg \u00e5t er. Vem ska jag v\u00e4nda mig till? &#8221; tab_id=&#8221;1776111215685-1fe9e9a2-fb4b&#8221;][vc_column_text css=&#8221;&#8221;]Det gl\u00e4der oss! Med v\u00e5r blogg vill vi st\u00f6dja nyblivna och erfarna f\u00f6r\u00e4ldrar, mor- och farf\u00f6r\u00e4ldrar, barnv\u00e4nner\u2026 i deras vardag, och vi skulle bli mycket glada om ni vill bidra till detta. <\/p>\n<p>V\u00e4lkommen att kontakta <a href=\"mailto:info@tissi.de\" target=\"_blank\" rel=\"noopener\">info@tissi.de<\/a>[\/vc_column_text][\/vc_tta_section][vc_tta_section title=&#8221;Jag har ber\u00f6m\/kritik \u2013 hur kan jag framf\u00f6ra det till er?&#8221; tab_id=&#8221;1776111272768-a0018dc4-9504&#8243;][vc_column_text css=&#8221;&#8221;]Vi \u00e4r alltid \u00f6ppna f\u00f6r ber\u00f6m, men naturligtvis ocks\u00e5 f\u00f6r kritik. Det \u00e4r bara s\u00e5 vi kan bli b\u00e4ttre och b\u00e4ttre! ?<\/p>\n<p>Kontakta g\u00e4rna <a href=\"mailto:info@tissi.de\" target=\"_blank\" rel=\"noopener\">info@tissi.de<\/a> direkt[\/vc_column_text][\/vc_tta_section][\/vc_tta_accordion][\/vc_column][\/vc_row][\/vc_section]<\/p>\n<\/div>","protected":false},"excerpt":{"rendered":"<p>[vc_section][vc_row][vc_column][vc_column_text css=&#8221;.vc_custom_1784101052472{border-bottom-width: 1px !important;padding-bottom: 15px !important;}&#8221;] Vanliga fr\u00e5gor [\/vc_column_text][vc_separator css=&#8221;&#8221;][vc_column_text css=&#8221;&#8221;]Oavsett om det g\u00e4ller fr\u00e5gor om reng\u00f6ring av trappstolen, montering av barns\u00e4ngen och till\u00e4ggss\u00e4ngen \u201dHAJO\u201d eller anv\u00e4ndning av v\u00e5rt inl\u00e4rningstorn \u201dFELIX\u201d. Vi vill alltid ge er b\u00e4sta m\u00f6jliga hj\u00e4lp. Om ni inte hittar svaret i v\u00e5ra vanliga fr\u00e5gor (FAQ) ser vi g\u00e4rna att ni h\u00f6r [&hellip;]<\/p>\n","protected":false},"author":2,"featured_media":0,"parent":0,"menu_order":0,"comment_status":"closed","ping_status":"closed","template":"","meta":{"_acf_changed":false,"inline_featured_image":false,"footnotes":""},"class_list":["post-60269","page","type-page","status-publish","hentry"],"acf":[],"yoast_head":"<!-- This site is optimized with the Yoast SEO plugin v28.3 - https:\/\/yoast.com\/product\/yoast-seo-wordpress\/ -->\n<title>tiSsi\u00ae barnm\u00f6bler \u2013 Vi har svaret p\u00e5 din fr\u00e5ga<\/title>\n<meta name=\"description\" content=\"Oavsett om det g\u00e4ller fr\u00e5gor om reng\u00f6ring, montering, barnens l\u00e4mpliga \u00e5lder eller hur v\u00e5ra produkter kan kombineras: vi har svar p\u00e5 n\u00e4stan allt.\" \/>\n<meta name=\"robots\" content=\"index, follow, max-snippet:-1, max-image-preview:large, max-video-preview:-1\" \/>\n<link rel=\"canonical\" href=\"https:\/\/tissi.de\/sv\/vanliga-fraagor\/\" \/>\n<meta property=\"og:locale\" content=\"sv_SE\" \/>\n<meta property=\"og:type\" content=\"article\" \/>\n<meta property=\"og:title\" content=\"tiSsi\u00ae barnm\u00f6bler \u2013 Vi har svaret p\u00e5 din fr\u00e5ga\" \/>\n<meta property=\"og:description\" content=\"Oavsett om det g\u00e4ller fr\u00e5gor om reng\u00f6ring, montering, barnens l\u00e4mpliga \u00e5lder eller hur v\u00e5ra produkter kan kombineras: vi har svar p\u00e5 n\u00e4stan allt.\" \/>\n<meta property=\"og:url\" content=\"https:\/\/tissi.de\/sv\/vanliga-fraagor\/\" \/>\n<meta property=\"og:site_name\" content=\"tiSsi\u00ae\" \/>\n<meta property=\"article:publisher\" content=\"https:\/\/de-de.facebook.com\/tiSsikids\/\" \/>\n<meta property=\"article:modified_time\" content=\"2026-09-02T03:17:30+00:00\" \/>\n<meta property=\"og:image\" content=\"https:\/\/tissi.de\/wp-content\/uploads\/2022\/04\/falsch-montage.jpg\" \/>\n\t<meta property=\"og:image:width\" content=\"535\" \/>\n\t<meta property=\"og:image:height\" content=\"401\" \/>\n\t<meta property=\"og:image:type\" content=\"image\/jpeg\" \/>\n<meta name=\"twitter:card\" content=\"summary_large_image\" \/>\n<meta name=\"twitter:label1\" content=\"Ber\u00e4knad l\u00e4stid\" \/>\n\t<meta name=\"twitter:data1\" content=\"5 minuter\" \/>\n<script type=\"application\/ld+json\" class=\"yoast-schema-graph\">{\"@context\":\"https:\\\/\\\/schema.org\",\"@graph\":[{\"@type\":\"WebPage\",\"@id\":\"https:\\\/\\\/tissi.de\\\/sv\\\/vanliga-fraagor\\\/\",\"url\":\"https:\\\/\\\/tissi.de\\\/sv\\\/vanliga-fraagor\\\/\",\"name\":\"tiSsi\u00ae barnm\u00f6bler \u2013 Vi har svaret p\u00e5 din fr\u00e5ga\",\"isPartOf\":{\"@id\":\"https:\\\/\\\/tissi.de\\\/sv\\\/#website\"},\"primaryImageOfPage\":{\"@id\":\"https:\\\/\\\/tissi.de\\\/sv\\\/vanliga-fraagor\\\/#primaryimage\"},\"image\":{\"@id\":\"https:\\\/\\\/tissi.de\\\/sv\\\/vanliga-fraagor\\\/#primaryimage\"},\"thumbnailUrl\":\"https:\\\/\\\/tissi.de\\\/wp-content\\\/uploads\\\/2022\\\/04\\\/falsch-montage.jpg\",\"datePublished\":\"2022-04-04T23:34:18+00:00\",\"dateModified\":\"2026-09-02T03:17:30+00:00\",\"description\":\"Oavsett om det g\u00e4ller fr\u00e5gor om reng\u00f6ring, montering, barnens l\u00e4mpliga \u00e5lder eller hur v\u00e5ra produkter kan kombineras: vi har svar p\u00e5 n\u00e4stan allt.\",\"breadcrumb\":{\"@id\":\"https:\\\/\\\/tissi.de\\\/sv\\\/vanliga-fraagor\\\/#breadcrumb\"},\"inLanguage\":\"sv-SE\",\"potentialAction\":[{\"@type\":\"ReadAction\",\"target\":[\"https:\\\/\\\/tissi.de\\\/sv\\\/vanliga-fraagor\\\/\"]}]},{\"@type\":\"ImageObject\",\"inLanguage\":\"sv-SE\",\"@id\":\"https:\\\/\\\/tissi.de\\\/sv\\\/vanliga-fraagor\\\/#primaryimage\",\"url\":\"https:\\\/\\\/tissi.de\\\/wp-content\\\/uploads\\\/2022\\\/04\\\/falsch-montage.jpg\",\"contentUrl\":\"https:\\\/\\\/tissi.de\\\/wp-content\\\/uploads\\\/2022\\\/04\\\/falsch-montage.jpg\"},{\"@type\":\"BreadcrumbList\",\"@id\":\"https:\\\/\\\/tissi.de\\\/sv\\\/vanliga-fraagor\\\/#breadcrumb\",\"itemListElement\":[{\"@type\":\"ListItem\",\"position\":1,\"name\":\"Startseite\",\"item\":\"https:\\\/\\\/tissi.de\\\/sv\\\/hem\\\/\"},{\"@type\":\"ListItem\",\"position\":2,\"name\":\"Vanliga fr\u00e5gor\"}]},{\"@type\":\"WebSite\",\"@id\":\"https:\\\/\\\/tissi.de\\\/sv\\\/#website\",\"url\":\"https:\\\/\\\/tissi.de\\\/sv\\\/\",\"name\":\"tiSsi\u00ae\",\"description\":\"Familie beginnt mit uns! Lernturm, Hochstuhl, Kinderm\u00f6bel, Laufgitter\",\"publisher\":{\"@id\":\"https:\\\/\\\/tissi.de\\\/sv\\\/#organization\"},\"potentialAction\":[{\"@type\":\"SearchAction\",\"target\":{\"@type\":\"EntryPoint\",\"urlTemplate\":\"https:\\\/\\\/tissi.de\\\/sv\\\/?s={search_term_string}\"},\"query-input\":{\"@type\":\"PropertyValueSpecification\",\"valueRequired\":true,\"valueName\":\"search_term_string\"}}],\"inLanguage\":\"sv-SE\"},{\"@type\":\"Organization\",\"@id\":\"https:\\\/\\\/tissi.de\\\/sv\\\/#organization\",\"name\":\"M.J. Oster GmbH\",\"url\":\"https:\\\/\\\/tissi.de\\\/sv\\\/\",\"logo\":{\"@type\":\"ImageObject\",\"inLanguage\":\"sv-SE\",\"@id\":\"https:\\\/\\\/tissi.de\\\/sv\\\/#\\\/schema\\\/logo\\\/image\\\/\",\"url\":\"https:\\\/\\\/tissi.de\\\/wp-content\\\/uploads\\\/2022\\\/04\\\/tissi-logo.webp\",\"contentUrl\":\"https:\\\/\\\/tissi.de\\\/wp-content\\\/uploads\\\/2022\\\/04\\\/tissi-logo.webp\",\"width\":300,\"height\":173,\"caption\":\"M.J. Oster GmbH\"},\"image\":{\"@id\":\"https:\\\/\\\/tissi.de\\\/sv\\\/#\\\/schema\\\/logo\\\/image\\\/\"},\"sameAs\":[\"https:\\\/\\\/de-de.facebook.com\\\/tiSsikids\\\/\",\"https:\\\/\\\/www.instagram.com\\\/tissi_kids\\\/\"]}]}<\/script>\n<!-- \/ Yoast SEO plugin. -->","yoast_head_json":{"title":"tiSsi\u00ae barnm\u00f6bler \u2013 Vi har svaret p\u00e5 din fr\u00e5ga","description":"Oavsett om det g\u00e4ller fr\u00e5gor om reng\u00f6ring, montering, barnens l\u00e4mpliga \u00e5lder eller hur v\u00e5ra produkter kan kombineras: vi har svar p\u00e5 n\u00e4stan allt.","robots":{"index":"index","follow":"follow","max-snippet":"max-snippet:-1","max-image-preview":"max-image-preview:large","max-video-preview":"max-video-preview:-1"},"canonical":"https:\/\/tissi.de\/sv\/vanliga-fraagor\/","og_locale":"sv_SE","og_type":"article","og_title":"tiSsi\u00ae barnm\u00f6bler \u2013 Vi har svaret p\u00e5 din fr\u00e5ga","og_description":"Oavsett om det g\u00e4ller fr\u00e5gor om reng\u00f6ring, montering, barnens l\u00e4mpliga \u00e5lder eller hur v\u00e5ra produkter kan kombineras: vi har svar p\u00e5 n\u00e4stan allt.","og_url":"https:\/\/tissi.de\/sv\/vanliga-fraagor\/","og_site_name":"tiSsi\u00ae","article_publisher":"https:\/\/de-de.facebook.com\/tiSsikids\/","article_modified_time":"2026-09-02T03:17:30+00:00","og_image":[{"width":535,"height":401,"url":"https:\/\/tissi.de\/wp-content\/uploads\/2022\/04\/falsch-montage.jpg","type":"image\/jpeg"}],"twitter_card":"summary_large_image","twitter_misc":{"Ber\u00e4knad l\u00e4stid":"5 minuter"},"schema":{"@context":"https:\/\/schema.org","@graph":[{"@type":"WebPage","@id":"https:\/\/tissi.de\/sv\/vanliga-fraagor\/","url":"https:\/\/tissi.de\/sv\/vanliga-fraagor\/","name":"tiSsi\u00ae barnm\u00f6bler \u2013 Vi har svaret p\u00e5 din fr\u00e5ga","isPartOf":{"@id":"https:\/\/tissi.de\/sv\/#website"},"primaryImageOfPage":{"@id":"https:\/\/tissi.de\/sv\/vanliga-fraagor\/#primaryimage"},"image":{"@id":"https:\/\/tissi.de\/sv\/vanliga-fraagor\/#primaryimage"},"thumbnailUrl":"https:\/\/tissi.de\/wp-content\/uploads\/2022\/04\/falsch-montage.jpg","datePublished":"2022-04-04T23:34:18+00:00","dateModified":"2026-09-02T03:17:30+00:00","description":"Oavsett om det g\u00e4ller fr\u00e5gor om reng\u00f6ring, montering, barnens l\u00e4mpliga \u00e5lder eller hur v\u00e5ra produkter kan kombineras: vi har svar p\u00e5 n\u00e4stan allt.","breadcrumb":{"@id":"https:\/\/tissi.de\/sv\/vanliga-fraagor\/#breadcrumb"},"inLanguage":"sv-SE","potentialAction":[{"@type":"ReadAction","target":["https:\/\/tissi.de\/sv\/vanliga-fraagor\/"]}]},{"@type":"ImageObject","inLanguage":"sv-SE","@id":"https:\/\/tissi.de\/sv\/vanliga-fraagor\/#primaryimage","url":"https:\/\/tissi.de\/wp-content\/uploads\/2022\/04\/falsch-montage.jpg","contentUrl":"https:\/\/tissi.de\/wp-content\/uploads\/2022\/04\/falsch-montage.jpg"},{"@type":"BreadcrumbList","@id":"https:\/\/tissi.de\/sv\/vanliga-fraagor\/#breadcrumb","itemListElement":[{"@type":"ListItem","position":1,"name":"Startseite","item":"https:\/\/tissi.de\/sv\/hem\/"},{"@type":"ListItem","position":2,"name":"Vanliga fr\u00e5gor"}]},{"@type":"WebSite","@id":"https:\/\/tissi.de\/sv\/#website","url":"https:\/\/tissi.de\/sv\/","name":"tiSsi\u00ae","description":"Familie beginnt mit uns! Lernturm, Hochstuhl, Kinderm\u00f6bel, Laufgitter","publisher":{"@id":"https:\/\/tissi.de\/sv\/#organization"},"potentialAction":[{"@type":"SearchAction","target":{"@type":"EntryPoint","urlTemplate":"https:\/\/tissi.de\/sv\/?s={search_term_string}"},"query-input":{"@type":"PropertyValueSpecification","valueRequired":true,"valueName":"search_term_string"}}],"inLanguage":"sv-SE"},{"@type":"Organization","@id":"https:\/\/tissi.de\/sv\/#organization","name":"M.J. Oster GmbH","url":"https:\/\/tissi.de\/sv\/","logo":{"@type":"ImageObject","inLanguage":"sv-SE","@id":"https:\/\/tissi.de\/sv\/#\/schema\/logo\/image\/","url":"https:\/\/tissi.de\/wp-content\/uploads\/2022\/04\/tissi-logo.webp","contentUrl":"https:\/\/tissi.de\/wp-content\/uploads\/2022\/04\/tissi-logo.webp","width":300,"height":173,"caption":"M.J. Oster GmbH"},"image":{"@id":"https:\/\/tissi.de\/sv\/#\/schema\/logo\/image\/"},"sameAs":["https:\/\/de-de.facebook.com\/tiSsikids\/","https:\/\/www.instagram.com\/tissi_kids\/"]}]}},"jetpack_sharing_enabled":true,"_links":{"self":[{"href":"https:\/\/tissi.de\/sv\/wp-json\/wp\/v2\/pages\/60269","targetHints":{"allow":["GET"]}}],"collection":[{"href":"https:\/\/tissi.de\/sv\/wp-json\/wp\/v2\/pages"}],"about":[{"href":"https:\/\/tissi.de\/sv\/wp-json\/wp\/v2\/types\/page"}],"author":[{"embeddable":true,"href":"https:\/\/tissi.de\/sv\/wp-json\/wp\/v2\/users\/2"}],"replies":[{"embeddable":true,"href":"https:\/\/tissi.de\/sv\/wp-json\/wp\/v2\/comments?post=60269"}],"version-history":[{"count":6,"href":"https:\/\/tissi.de\/sv\/wp-json\/wp\/v2\/pages\/60269\/revisions"}],"predecessor-version":[{"id":60818,"href":"https:\/\/tissi.de\/sv\/wp-json\/wp\/v2\/pages\/60269\/revisions\/60818"}],"wp:attachment":[{"href":"https:\/\/tissi.de\/sv\/wp-json\/wp\/v2\/media?parent=60269"}],"curies":[{"name":"wp","href":"https:\/\/api.w.org\/{rel}","templated":true}]}}