{"id":60440,"date":"2025-05-19T14:48:51","date_gmt":"2025-05-19T12:48:51","guid":{"rendered":"https:\/\/tissi.de\/produkt\/tissi-barn-och-ungdomsmadrass-sang-enno\/"},"modified":"2026-09-02T05:15:46","modified_gmt":"2026-09-02T03:15:46","slug":"tissi-barn-och-ungdomsmadrass-sang-enno","status":"publish","type":"product","link":"https:\/\/tissi.de\/sv\/produkt\/tissi-barn-och-ungdomsmadrass-sang-enno\/","title":{"rendered":"tiSsi\u00ae barn- och ungdomsmadrass \u2013 s\u00e4ng ENNO"},"content":{"rendered":"<div class=\"wpb-content-wrapper\" id=\"wpb-content-root\"><p>[vc_row][vc_column][vc_tta_accordion section_title_tag=&#8221;h2&#8243; style=&#8221;modern&#8221; color=&#8221;white&#8221; gap=&#8221;10&#8243; c_icon=&#8221;chevron&#8221; c_position=&#8221;right&#8221; active_section=&#8221;1&#8243; no_fill=&#8221;true&#8221; collapsible_all=&#8221;true&#8221;][vc_tta_section title=&#8221;Madrass f\u00f6r barn och ungdomar \u2013 s\u00e4ngen ENNO&#8221; tab_id=&#8221;ec55cc76dac3&#8243;][vc_column_text css=&#8221;&#8221;]<\/p>\n<p><strong>Ungdomsmadrass Basic Junior<\/strong><br \/>Ungdomsmadrass Soft \u2013 H\u00f6g liggkomfort och l\u00e5ng livsl\u00e4ngd tack vare punktelastiskt komfortskum och en liggyta med v\u00e5gprofil. Kvalitet fr\u00e5n Julius Z\u00f6llner f\u00f6r en vilsam s\u00f6mn f\u00f6r v\u00e4xande barn. <\/p>\n<p><!--more--><\/p>\n<p><strong>-madrassens uppbyggnad<\/strong> Juniormadrassen Basic ger god liggkomfort tack vare h\u00f6gkvalitativt komfortskum som s\u00e4kerst\u00e4ller ett balanserat st\u00f6d f\u00f6r kroppen. Den elastiska liggytan med sin mjuka v\u00e5gstruktur ger en behaglig s\u00f6mnupplevelse. Juniormadrassen Basic st\u00e5r f\u00f6r h\u00f6g komfort och st\u00f6d under barnets avg\u00f6rande tillv\u00e4xt\u00e5r. H\u00f6jd ca 10 cm   <\/p>\n<p><strong>Funktions\u00f6verdrag Longlast<\/strong><br \/>Det avtagbara \u00f6verdraget Longlast \u00e4r det perfekta tillbeh\u00f6ret till din juniormadrass. Detta andningsbara och mjuka \u00f6verdrag ger inte bara extra skydd mot fukt, utan \u00e4r ocks\u00e5 s\u00e4rskilt l\u00e4ttsk\u00f6tt. Tack vare att den kan tv\u00e4ttas i maskin vid 60 \u00b0C garanteras maximal hygien, vilket g\u00f6r den s\u00e4rskilt l\u00e4mplig f\u00f6r allergiker. Dessutom t\u00e5l \u00f6verdraget torktumling f\u00f6r att erbjuda maximal komfort och bekv\u00e4mlighet.   <\/p>\n<\/p>\n<p>[\/vc_column_text][\/vc_tta_section][vc_tta_section title=&#8221;Produktegenskaper&#8221; tab_id=&#8221;a67bfadbae3e&#8221;][vc_column_text css=&#8221;&#8221;]<\/p>\n<ul>\n<li>M\u00e5tt: 140 x 200 cm, 120 x 200 cm och 90 x 200 cm<\/li>\n<li>Madrassens h\u00f6jd: ca 10 cm<\/li>\n<li>L\u00f6n: Funktionsbaserad l\u00f6n<\/li>\n<li>Madrassk\u00e4rna: komfortskum<\/li>\n<li>avtagbart \u00f6verdrag, tv\u00e4ttbart i upp till 60 grader<\/li>\n<li>Med OEKO-TEX\u00ae-m\u00e4rkningen intygar Hohenstein-institutet att alla best\u00e5ndsdelar i Julius Z\u00f6llner-madrassen har testats f\u00f6r skadliga \u00e4mnen och uppfyller kraven enligt OEKO-TEX\u00ae Standard 100, produktklass 1 f\u00f6r babyartiklar. Produktklass 1 f\u00f6r babyartiklar \u00e4r den str\u00e4ngaste av totalt fyra produktklasser i OEKO-TEX\u00ae Standard 100. <\/li>\n<\/ul>\n<p>[\/vc_column_text][\/vc_tta_section][vc_tta_section title=&#8221;S\u00e4kerhetsanvisningar&#8221; tab_id=&#8221;22312742c51c&#8221;][vc_column_text css=&#8221;&#8221;]<\/p>\n<p><img decoding=\"async\" src=\"https:\/\/tissi.de\/wp-content\/uploads\/2023\/02\/pdf.png\"> <a href=\"https:\/\/tissi.de\/wp-content\/uploads\/2025\/08\/Matratzen.pdf\">S\u00e4kerhetsanvisningar f\u00f6r madrass (PDF, 306 kB)<\/a><\/p>\n<p>[\/vc_column_text][\/vc_tta_section][\/vc_tta_accordion][\/vc_column][\/vc_row]<\/p>\n<\/div>","protected":false},"excerpt":{"rendered":"<p>Ungdomsmadrassen Basic Junior erbjuder h\u00f6g liggkomfort tack vare punktelastiskt komfortskum och en v\u00e5gstruktur som ger optimalt st\u00f6d f\u00f6r kroppen. Med en h\u00f6jd p\u00e5 ca 10 cm \u00e4r den idealisk f\u00f6r barn i tillv\u00e4xt. Det avtagbara, slitstarka \u00f6verdraget \u00e4r andningsbart, l\u00e4ttsk\u00f6tt, maskintv\u00e4ttbart i 60 \u00b0C och torkmaskins\u00e4kert \u2013 perfekt f\u00f6r allergiker.  <\/p>\n","protected":false},"featured_media":8703,"template":"","meta":{"_acf_changed":false,"inline_featured_image":false,"footnotes":""},"product_brand":[],"product_cat":[741],"product_tag":[],"afgc_gallery_cat":[],"class_list":["post-60440","product","type-product","status-publish","has-post-thumbnail","product_cat-barnsang","first","instock","taxable","shipping-taxable","purchasable","product-type-variable","has-default-attributes"],"acf":[],"yoast_head":"<!-- This site is optimized with the Yoast SEO plugin v28.3 - https:\/\/yoast.com\/product\/yoast-seo-wordpress\/ -->\n<title>tiSsi\u00ae-madrass till s\u00e4ngen \u201dENNO\u201d fr\u00e5n Z\u00f6llner<\/title>\n<meta name=\"description\" content=\"Punktelastisk komfortskummadrass fr\u00e5n Z\u00f6llner. Passar till s\u00e4ngen \u201dENNO\u201d som kan placeras p\u00e5 golvet. L\u00e4mplig f\u00f6r allergiker. Tv\u00e4ttbar i 60 grader.\" \/>\n<meta name=\"robots\" content=\"index, follow, max-snippet:-1, max-image-preview:large, max-video-preview:-1\" \/>\n<link rel=\"canonical\" href=\"https:\/\/tissi.de\/sv\/produkt\/tissi-barn-och-ungdomsmadrass-sang-enno\/\" \/>\n<meta property=\"og:locale\" content=\"sv_SE\" \/>\n<meta property=\"og:type\" content=\"article\" \/>\n<meta property=\"og:title\" content=\"tiSsi\u00ae-madrass till s\u00e4ngen \u201dENNO\u201d fr\u00e5n Z\u00f6llner\" \/>\n<meta property=\"og:description\" content=\"Punktelastisk komfortskummadrass fr\u00e5n Z\u00f6llner. Passar till s\u00e4ngen \u201dENNO\u201d som kan placeras p\u00e5 golvet. L\u00e4mplig f\u00f6r allergiker. Tv\u00e4ttbar i 60 grader.\" \/>\n<meta property=\"og:url\" content=\"https:\/\/tissi.de\/sv\/produkt\/tissi-barn-och-ungdomsmadrass-sang-enno\/\" \/>\n<meta property=\"og:site_name\" content=\"tiSsi\u00ae\" \/>\n<meta property=\"article:publisher\" content=\"https:\/\/de-de.facebook.com\/tiSsikids\/\" \/>\n<meta property=\"article:modified_time\" content=\"2026-09-02T03:15:46+00:00\" \/>\n<meta property=\"og:image\" content=\"https:\/\/tissi.de\/wp-content\/uploads\/2025\/05\/101069101068_KinderJugendmatratze_Zoellner_140x40x40cm90x40x40cm_Bett_ENNO_2.jpg\" \/>\n\t<meta property=\"og:image:width\" content=\"2000\" \/>\n\t<meta property=\"og:image:height\" content=\"2000\" \/>\n\t<meta property=\"og:image:type\" content=\"image\/jpeg\" \/>\n<meta name=\"twitter:card\" content=\"summary_large_image\" \/>\n<meta name=\"twitter:label1\" content=\"Ber\u00e4knad l\u00e4stid\" \/>\n\t<meta name=\"twitter:data1\" content=\"2 minuter\" \/>\n<script type=\"application\/ld+json\" class=\"yoast-schema-graph\">{\"@context\":\"https:\\\/\\\/schema.org\",\"@graph\":[{\"@type\":\"WebPage\",\"@id\":\"https:\\\/\\\/tissi.de\\\/sv\\\/produkt\\\/tissi-barn-och-ungdomsmadrass-sang-enno\\\/\",\"url\":\"https:\\\/\\\/tissi.de\\\/sv\\\/produkt\\\/tissi-barn-och-ungdomsmadrass-sang-enno\\\/\",\"name\":\"tiSsi\u00ae-madrass till s\u00e4ngen \u201dENNO\u201d fr\u00e5n Z\u00f6llner\",\"isPartOf\":{\"@id\":\"https:\\\/\\\/tissi.de\\\/sv\\\/#website\"},\"primaryImageOfPage\":{\"@id\":\"https:\\\/\\\/tissi.de\\\/sv\\\/produkt\\\/tissi-barn-och-ungdomsmadrass-sang-enno\\\/#primaryimage\"},\"image\":{\"@id\":\"https:\\\/\\\/tissi.de\\\/sv\\\/produkt\\\/tissi-barn-och-ungdomsmadrass-sang-enno\\\/#primaryimage\"},\"thumbnailUrl\":\"https:\\\/\\\/tissi.de\\\/wp-content\\\/uploads\\\/2025\\\/05\\\/101069101068_KinderJugendmatratze_Zoellner_140x40x40cm90x40x40cm_Bett_ENNO_2.jpg\",\"datePublished\":\"2025-05-19T12:48:51+00:00\",\"dateModified\":\"2026-09-02T03:15:46+00:00\",\"description\":\"Punktelastisk komfortskummadrass fr\u00e5n Z\u00f6llner. Passar till s\u00e4ngen \u201dENNO\u201d som kan placeras p\u00e5 golvet. L\u00e4mplig f\u00f6r allergiker. Tv\u00e4ttbar i 60 grader.\",\"breadcrumb\":{\"@id\":\"https:\\\/\\\/tissi.de\\\/sv\\\/produkt\\\/tissi-barn-och-ungdomsmadrass-sang-enno\\\/#breadcrumb\"},\"inLanguage\":\"sv-SE\",\"potentialAction\":[{\"@type\":\"ReadAction\",\"target\":[\"https:\\\/\\\/tissi.de\\\/sv\\\/produkt\\\/tissi-barn-och-ungdomsmadrass-sang-enno\\\/\"]}]},{\"@type\":\"ImageObject\",\"inLanguage\":\"sv-SE\",\"@id\":\"https:\\\/\\\/tissi.de\\\/sv\\\/produkt\\\/tissi-barn-och-ungdomsmadrass-sang-enno\\\/#primaryimage\",\"url\":\"https:\\\/\\\/tissi.de\\\/wp-content\\\/uploads\\\/2025\\\/05\\\/101069101068_KinderJugendmatratze_Zoellner_140x40x40cm90x40x40cm_Bett_ENNO_2.jpg\",\"contentUrl\":\"https:\\\/\\\/tissi.de\\\/wp-content\\\/uploads\\\/2025\\\/05\\\/101069101068_KinderJugendmatratze_Zoellner_140x40x40cm90x40x40cm_Bett_ENNO_2.jpg\",\"width\":2000,\"height\":2000,\"caption\":\"White mattress with quilted cover, showing layered foam interior, Nestchen 'MAXI'.\"},{\"@type\":\"BreadcrumbList\",\"@id\":\"https:\\\/\\\/tissi.de\\\/sv\\\/produkt\\\/tissi-barn-och-ungdomsmadrass-sang-enno\\\/#breadcrumb\",\"itemListElement\":[{\"@type\":\"ListItem\",\"position\":1,\"name\":\"Startseite\",\"item\":\"https:\\\/\\\/tissi.de\\\/sv\\\/hem\\\/\"},{\"@type\":\"ListItem\",\"position\":2,\"name\":\"tiSsi\u00ae barn- och ungdomsmadrass \u2013 s\u00e4ng ENNO\"}]},{\"@type\":\"WebSite\",\"@id\":\"https:\\\/\\\/tissi.de\\\/sv\\\/#website\",\"url\":\"https:\\\/\\\/tissi.de\\\/sv\\\/\",\"name\":\"tiSsi\u00ae\",\"description\":\"Familie beginnt mit uns! Lernturm, Hochstuhl, Kinderm\u00f6bel, Laufgitter\",\"publisher\":{\"@id\":\"https:\\\/\\\/tissi.de\\\/sv\\\/#organization\"},\"potentialAction\":[{\"@type\":\"SearchAction\",\"target\":{\"@type\":\"EntryPoint\",\"urlTemplate\":\"https:\\\/\\\/tissi.de\\\/sv\\\/?s={search_term_string}\"},\"query-input\":{\"@type\":\"PropertyValueSpecification\",\"valueRequired\":true,\"valueName\":\"search_term_string\"}}],\"inLanguage\":\"sv-SE\"},{\"@type\":\"Organization\",\"@id\":\"https:\\\/\\\/tissi.de\\\/sv\\\/#organization\",\"name\":\"M.J. Oster GmbH\",\"url\":\"https:\\\/\\\/tissi.de\\\/sv\\\/\",\"logo\":{\"@type\":\"ImageObject\",\"inLanguage\":\"sv-SE\",\"@id\":\"https:\\\/\\\/tissi.de\\\/sv\\\/#\\\/schema\\\/logo\\\/image\\\/\",\"url\":\"https:\\\/\\\/tissi.de\\\/wp-content\\\/uploads\\\/2022\\\/04\\\/tissi-logo.webp\",\"contentUrl\":\"https:\\\/\\\/tissi.de\\\/wp-content\\\/uploads\\\/2022\\\/04\\\/tissi-logo.webp\",\"width\":300,\"height\":173,\"caption\":\"M.J. Oster GmbH\"},\"image\":{\"@id\":\"https:\\\/\\\/tissi.de\\\/sv\\\/#\\\/schema\\\/logo\\\/image\\\/\"},\"sameAs\":[\"https:\\\/\\\/de-de.facebook.com\\\/tiSsikids\\\/\",\"https:\\\/\\\/www.instagram.com\\\/tissi_kids\\\/\"]}]}<\/script>\n<!-- \/ Yoast SEO plugin. -->","yoast_head_json":{"title":"tiSsi\u00ae-madrass till s\u00e4ngen \u201dENNO\u201d fr\u00e5n Z\u00f6llner","description":"Punktelastisk komfortskummadrass fr\u00e5n Z\u00f6llner. Passar till s\u00e4ngen \u201dENNO\u201d som kan placeras p\u00e5 golvet. L\u00e4mplig f\u00f6r allergiker. Tv\u00e4ttbar i 60 grader.","robots":{"index":"index","follow":"follow","max-snippet":"max-snippet:-1","max-image-preview":"max-image-preview:large","max-video-preview":"max-video-preview:-1"},"canonical":"https:\/\/tissi.de\/sv\/produkt\/tissi-barn-och-ungdomsmadrass-sang-enno\/","og_locale":"sv_SE","og_type":"article","og_title":"tiSsi\u00ae-madrass till s\u00e4ngen \u201dENNO\u201d fr\u00e5n Z\u00f6llner","og_description":"Punktelastisk komfortskummadrass fr\u00e5n Z\u00f6llner. Passar till s\u00e4ngen \u201dENNO\u201d som kan placeras p\u00e5 golvet. L\u00e4mplig f\u00f6r allergiker. Tv\u00e4ttbar i 60 grader.","og_url":"https:\/\/tissi.de\/sv\/produkt\/tissi-barn-och-ungdomsmadrass-sang-enno\/","og_site_name":"tiSsi\u00ae","article_publisher":"https:\/\/de-de.facebook.com\/tiSsikids\/","article_modified_time":"2026-09-02T03:15:46+00:00","og_image":[{"width":2000,"height":2000,"url":"https:\/\/tissi.de\/wp-content\/uploads\/2025\/05\/101069101068_KinderJugendmatratze_Zoellner_140x40x40cm90x40x40cm_Bett_ENNO_2.jpg","type":"image\/jpeg"}],"twitter_card":"summary_large_image","twitter_misc":{"Ber\u00e4knad l\u00e4stid":"2 minuter"},"schema":{"@context":"https:\/\/schema.org","@graph":[{"@type":"WebPage","@id":"https:\/\/tissi.de\/sv\/produkt\/tissi-barn-och-ungdomsmadrass-sang-enno\/","url":"https:\/\/tissi.de\/sv\/produkt\/tissi-barn-och-ungdomsmadrass-sang-enno\/","name":"tiSsi\u00ae-madrass till s\u00e4ngen \u201dENNO\u201d fr\u00e5n Z\u00f6llner","isPartOf":{"@id":"https:\/\/tissi.de\/sv\/#website"},"primaryImageOfPage":{"@id":"https:\/\/tissi.de\/sv\/produkt\/tissi-barn-och-ungdomsmadrass-sang-enno\/#primaryimage"},"image":{"@id":"https:\/\/tissi.de\/sv\/produkt\/tissi-barn-och-ungdomsmadrass-sang-enno\/#primaryimage"},"thumbnailUrl":"https:\/\/tissi.de\/wp-content\/uploads\/2025\/05\/101069101068_KinderJugendmatratze_Zoellner_140x40x40cm90x40x40cm_Bett_ENNO_2.jpg","datePublished":"2025-05-19T12:48:51+00:00","dateModified":"2026-09-02T03:15:46+00:00","description":"Punktelastisk komfortskummadrass fr\u00e5n Z\u00f6llner. Passar till s\u00e4ngen \u201dENNO\u201d som kan placeras p\u00e5 golvet. L\u00e4mplig f\u00f6r allergiker. Tv\u00e4ttbar i 60 grader.","breadcrumb":{"@id":"https:\/\/tissi.de\/sv\/produkt\/tissi-barn-och-ungdomsmadrass-sang-enno\/#breadcrumb"},"inLanguage":"sv-SE","potentialAction":[{"@type":"ReadAction","target":["https:\/\/tissi.de\/sv\/produkt\/tissi-barn-och-ungdomsmadrass-sang-enno\/"]}]},{"@type":"ImageObject","inLanguage":"sv-SE","@id":"https:\/\/tissi.de\/sv\/produkt\/tissi-barn-och-ungdomsmadrass-sang-enno\/#primaryimage","url":"https:\/\/tissi.de\/wp-content\/uploads\/2025\/05\/101069101068_KinderJugendmatratze_Zoellner_140x40x40cm90x40x40cm_Bett_ENNO_2.jpg","contentUrl":"https:\/\/tissi.de\/wp-content\/uploads\/2025\/05\/101069101068_KinderJugendmatratze_Zoellner_140x40x40cm90x40x40cm_Bett_ENNO_2.jpg","width":2000,"height":2000,"caption":"White mattress with quilted cover, showing layered foam interior, Nestchen 'MAXI'."},{"@type":"BreadcrumbList","@id":"https:\/\/tissi.de\/sv\/produkt\/tissi-barn-och-ungdomsmadrass-sang-enno\/#breadcrumb","itemListElement":[{"@type":"ListItem","position":1,"name":"Startseite","item":"https:\/\/tissi.de\/sv\/hem\/"},{"@type":"ListItem","position":2,"name":"tiSsi\u00ae barn- och ungdomsmadrass \u2013 s\u00e4ng ENNO"}]},{"@type":"WebSite","@id":"https:\/\/tissi.de\/sv\/#website","url":"https:\/\/tissi.de\/sv\/","name":"tiSsi\u00ae","description":"Familie beginnt mit uns! Lernturm, Hochstuhl, Kinderm\u00f6bel, Laufgitter","publisher":{"@id":"https:\/\/tissi.de\/sv\/#organization"},"potentialAction":[{"@type":"SearchAction","target":{"@type":"EntryPoint","urlTemplate":"https:\/\/tissi.de\/sv\/?s={search_term_string}"},"query-input":{"@type":"PropertyValueSpecification","valueRequired":true,"valueName":"search_term_string"}}],"inLanguage":"sv-SE"},{"@type":"Organization","@id":"https:\/\/tissi.de\/sv\/#organization","name":"M.J. Oster GmbH","url":"https:\/\/tissi.de\/sv\/","logo":{"@type":"ImageObject","inLanguage":"sv-SE","@id":"https:\/\/tissi.de\/sv\/#\/schema\/logo\/image\/","url":"https:\/\/tissi.de\/wp-content\/uploads\/2022\/04\/tissi-logo.webp","contentUrl":"https:\/\/tissi.de\/wp-content\/uploads\/2022\/04\/tissi-logo.webp","width":300,"height":173,"caption":"M.J. Oster GmbH"},"image":{"@id":"https:\/\/tissi.de\/sv\/#\/schema\/logo\/image\/"},"sameAs":["https:\/\/de-de.facebook.com\/tiSsikids\/","https:\/\/www.instagram.com\/tissi_kids\/"]}]}},"jetpack_sharing_enabled":true,"_links":{"self":[{"href":"https:\/\/tissi.de\/sv\/wp-json\/wp\/v2\/product\/60440","targetHints":{"allow":["GET"]}}],"collection":[{"href":"https:\/\/tissi.de\/sv\/wp-json\/wp\/v2\/product"}],"about":[{"href":"https:\/\/tissi.de\/sv\/wp-json\/wp\/v2\/types\/product"}],"version-history":[{"count":2,"href":"https:\/\/tissi.de\/sv\/wp-json\/wp\/v2\/product\/60440\/revisions"}],"predecessor-version":[{"id":60458,"href":"https:\/\/tissi.de\/sv\/wp-json\/wp\/v2\/product\/60440\/revisions\/60458"}],"wp:featuredmedia":[{"embeddable":true,"href":"https:\/\/tissi.de\/sv\/wp-json\/wp\/v2\/media\/8703"}],"wp:attachment":[{"href":"https:\/\/tissi.de\/sv\/wp-json\/wp\/v2\/media?parent=60440"}],"wp:term":[{"taxonomy":"product_brand","embeddable":true,"href":"https:\/\/tissi.de\/sv\/wp-json\/wp\/v2\/product_brand?post=60440"},{"taxonomy":"product_cat","embeddable":true,"href":"https:\/\/tissi.de\/sv\/wp-json\/wp\/v2\/product_cat?post=60440"},{"taxonomy":"product_tag","embeddable":true,"href":"https:\/\/tissi.de\/sv\/wp-json\/wp\/v2\/product_tag?post=60440"},{"taxonomy":"afgc_gallery_cat","embeddable":true,"href":"https:\/\/tissi.de\/sv\/wp-json\/wp\/v2\/afgc_gallery_cat?post=60440"}],"curies":[{"name":"wp","href":"https:\/\/api.w.org\/{rel}","templated":true}]}}