{"id":60475,"date":"2023-12-08T13:42:20","date_gmt":"2023-12-08T12:42:20","guid":{"rendered":"https:\/\/tissi.de\/produkt\/tissi-madrass-sang-maxi\/"},"modified":"2026-09-02T05:16:00","modified_gmt":"2026-09-02T03:16:00","slug":"tissi-madrass-sang-maxi","status":"publish","type":"product","link":"https:\/\/tissi.de\/sv\/produkt\/tissi-madrass-sang-maxi\/","title":{"rendered":"tiSsi\u00ae-madrass \u2013 S\u00e4ng MAXI"},"content":{"rendered":"<div class=\"wpb-content-wrapper\" id=\"wpb-content-root\"><p>[vc_row][vc_column][vc_tta_accordion section_title_tag=&#8221;h2&#8243; style=&#8221;modern&#8221; color=&#8221;white&#8221; gap=&#8221;10&#8243; c_icon=&#8221;chevron&#8221; c_position=&#8221;right&#8221; active_section=&#8221;1&#8243; no_fill=&#8221;true&#8221; collapsible_all=&#8221;true&#8221;][vc_tta_section title=&#8221;tiSsi\u00ae-madrassen fr\u00e5n Z\u00f6llner&#8221; tab_id=&#8221;784984be9642&#8243;][vc_column_text css=&#8221;&#8221;]<\/p>\n<p>Perfekt f\u00f6r till\u00e4ggs- och anslutningss\u00e4ngen MAXI.<\/p>\n<p>Madrassk\u00e4rnan \u00e4r tillverkad av fin mjuk skum. Ett inbyggt fuktskydd ser till att sovmilj\u00f6n f\u00f6rblir torr! <\/p>\n<p><!--more--><\/p>\n<p>Madrassen har ett TENCEL-\u00f6verdrag som f\u00f6rhindrar \u00f6verdriven svettning.<\/p>\n<p>\u00d6verdraget till tiSsi\u00ae-madrassen fr\u00e5n Z\u00f6llner kan tv\u00e4ttas i upp till 60 grader.<\/p>\n<p>tiSsi\u00ae-madrassen \u00e4r l\u00e4mplig f\u00f6r personer med allergier.<\/p>\n<\/p>\n<p>[\/vc_column_text][\/vc_tta_section][vc_tta_section title=&#8221;Produktegenskaper&#8221; tab_id=&#8221;07ae1b72fad2&#8243;][vc_column_text css=&#8221;&#8221;]<\/p>\n<ul>\n<li>Madrassens m\u00e5tt: 50 x 90 cm<\/li>\n<li>Madrassens h\u00f6jd: ca 5 cm<\/li>\n<li>Madrassk\u00e4rna: komfortskum<\/li>\n<li>avtagbart \u00f6verdrag, tv\u00e4ttbart i upp till 60 grader<\/li>\n<\/ul>\n<p>[\/vc_column_text][\/vc_tta_section][vc_tta_section title=&#8221;S\u00e4kerhetsanvisningar&#8221; tab_id=&#8221;6b598d581314&#8243;][vc_column_text css=&#8221;&#8221;]<\/p>\n<p><img decoding=\"async\" src=\"https:\/\/tissi.de\/wp-content\/uploads\/2023\/02\/pdf.png\"> <a href=\"https:\/\/tissi.de\/wp-content\/uploads\/2025\/08\/Matratzen.pdf\">S\u00e4kerhetsanvisningar f\u00f6r madrass (PDF, 306 kB)<\/a><\/p>\n<p>[\/vc_column_text][\/vc_tta_section][\/vc_tta_accordion][\/vc_column][\/vc_row]<\/p>\n<\/div>","protected":false},"excerpt":{"rendered":"<p>tiSsi\u00ae-madrassen fr\u00e5n Z\u00f6llner \u00e4r perfekt f\u00f6r till\u00e4ggs- och anslutningss\u00e4ngen MAXI. Den best\u00e5r av mjuk skumgummi med inbyggt fuktskydd f\u00f6r ett torrt sovklimat. TENCEL-\u00f6verdraget f\u00f6rhindrar \u00f6verdriven svettning och kan tv\u00e4ttas i upp till 60 grader. Madrassen \u00e4r dessutom l\u00e4mplig f\u00f6r allergiker.   <\/p>\n","protected":false},"featured_media":2337,"template":"","meta":{"_acf_changed":false,"inline_featured_image":false,"footnotes":""},"product_brand":[],"product_cat":[741,744,745],"product_tag":[],"afgc_gallery_cat":[],"class_list":["post-60475","product","type-product","status-publish","has-post-thumbnail","product_cat-barnsang","product_cat-extrasang","product_cat-madrasser-till-barnsangar-och-extrasangar","first","instock","taxable","shipping-taxable","purchasable","product-type-simple"],"acf":[],"yoast_head":"<!-- This site is optimized with the Yoast SEO plugin v28.3 - https:\/\/yoast.com\/product\/yoast-seo-wordpress\/ -->\n<title>tiSsi\u00ae-madrass MAXI \u2013 90 x 50 cm \u2013 fr\u00e5n Z\u00f6llner<\/title>\n<meta name=\"description\" content=\"Madrass i mjuk skum fr\u00e5n Z\u00f6llner. Passar till till\u00e4ggs- och anslutningss\u00e4ngen MAXI. Med inbyggt fuktskydd. L\u00e4mplig f\u00f6r allergiker. Tv\u00e4ttbar i 60 grader.\" \/>\n<meta name=\"robots\" content=\"index, follow, max-snippet:-1, max-image-preview:large, max-video-preview:-1\" \/>\n<link rel=\"canonical\" href=\"https:\/\/tissi.de\/sv\/produkt\/tissi-madrass-sang-maxi\/\" \/>\n<meta property=\"og:locale\" content=\"sv_SE\" \/>\n<meta property=\"og:type\" content=\"article\" \/>\n<meta property=\"og:title\" content=\"tiSsi\u00ae-madrass MAXI \u2013 90 x 50 cm \u2013 fr\u00e5n Z\u00f6llner\" \/>\n<meta property=\"og:description\" content=\"Madrass i mjuk skum fr\u00e5n Z\u00f6llner. Passar till till\u00e4ggs- och anslutningss\u00e4ngen MAXI. Med inbyggt fuktskydd. L\u00e4mplig f\u00f6r allergiker. Tv\u00e4ttbar i 60 grader.\" \/>\n<meta property=\"og:url\" content=\"https:\/\/tissi.de\/sv\/produkt\/tissi-madrass-sang-maxi\/\" \/>\n<meta property=\"og:site_name\" content=\"tiSsi\u00ae\" \/>\n<meta property=\"article:publisher\" content=\"https:\/\/de-de.facebook.com\/tiSsikids\/\" \/>\n<meta property=\"article:modified_time\" content=\"2026-09-02T03:16:00+00:00\" \/>\n<meta property=\"og:image\" content=\"https:\/\/tissi.de\/wp-content\/uploads\/2022\/04\/matratze-beistellbett-2.jpg\" \/>\n\t<meta property=\"og:image:width\" content=\"800\" \/>\n\t<meta property=\"og:image:height\" content=\"470\" \/>\n\t<meta property=\"og:image:type\" content=\"image\/jpeg\" \/>\n<meta name=\"twitter:card\" content=\"summary_large_image\" \/>\n<meta name=\"twitter:label1\" content=\"Ber\u00e4knad l\u00e4stid\" \/>\n\t<meta name=\"twitter:data1\" content=\"1 minut\" \/>\n<script type=\"application\/ld+json\" class=\"yoast-schema-graph\">{\"@context\":\"https:\\\/\\\/schema.org\",\"@graph\":[{\"@type\":\"WebPage\",\"@id\":\"https:\\\/\\\/tissi.de\\\/sv\\\/produkt\\\/tissi-madrass-sang-maxi\\\/\",\"url\":\"https:\\\/\\\/tissi.de\\\/sv\\\/produkt\\\/tissi-madrass-sang-maxi\\\/\",\"name\":\"tiSsi\u00ae-madrass MAXI \u2013 90 x 50 cm \u2013 fr\u00e5n Z\u00f6llner\",\"isPartOf\":{\"@id\":\"https:\\\/\\\/tissi.de\\\/sv\\\/#website\"},\"primaryImageOfPage\":{\"@id\":\"https:\\\/\\\/tissi.de\\\/sv\\\/produkt\\\/tissi-madrass-sang-maxi\\\/#primaryimage\"},\"image\":{\"@id\":\"https:\\\/\\\/tissi.de\\\/sv\\\/produkt\\\/tissi-madrass-sang-maxi\\\/#primaryimage\"},\"thumbnailUrl\":\"https:\\\/\\\/tissi.de\\\/wp-content\\\/uploads\\\/2022\\\/04\\\/matratze-beistellbett-2.jpg\",\"datePublished\":\"2023-12-08T12:42:20+00:00\",\"dateModified\":\"2026-09-02T03:16:00+00:00\",\"description\":\"Madrass i mjuk skum fr\u00e5n Z\u00f6llner. Passar till till\u00e4ggs- och anslutningss\u00e4ngen MAXI. Med inbyggt fuktskydd. L\u00e4mplig f\u00f6r allergiker. Tv\u00e4ttbar i 60 grader.\",\"breadcrumb\":{\"@id\":\"https:\\\/\\\/tissi.de\\\/sv\\\/produkt\\\/tissi-madrass-sang-maxi\\\/#breadcrumb\"},\"inLanguage\":\"sv-SE\",\"potentialAction\":[{\"@type\":\"ReadAction\",\"target\":[\"https:\\\/\\\/tissi.de\\\/sv\\\/produkt\\\/tissi-madrass-sang-maxi\\\/\"]}]},{\"@type\":\"ImageObject\",\"inLanguage\":\"sv-SE\",\"@id\":\"https:\\\/\\\/tissi.de\\\/sv\\\/produkt\\\/tissi-madrass-sang-maxi\\\/#primaryimage\",\"url\":\"https:\\\/\\\/tissi.de\\\/wp-content\\\/uploads\\\/2022\\\/04\\\/matratze-beistellbett-2.jpg\",\"contentUrl\":\"https:\\\/\\\/tissi.de\\\/wp-content\\\/uploads\\\/2022\\\/04\\\/matratze-beistellbett-2.jpg\",\"width\":800,\"height\":470,\"caption\":\"White mattress with a soft, quilted cover and a visible foam interior. Matratze 'MAXI'.\"},{\"@type\":\"BreadcrumbList\",\"@id\":\"https:\\\/\\\/tissi.de\\\/sv\\\/produkt\\\/tissi-madrass-sang-maxi\\\/#breadcrumb\",\"itemListElement\":[{\"@type\":\"ListItem\",\"position\":1,\"name\":\"Startseite\",\"item\":\"https:\\\/\\\/tissi.de\\\/sv\\\/hem\\\/\"},{\"@type\":\"ListItem\",\"position\":2,\"name\":\"tiSsi\u00ae-madrass \u2013 S\u00e4ng MAXI\"}]},{\"@type\":\"WebSite\",\"@id\":\"https:\\\/\\\/tissi.de\\\/sv\\\/#website\",\"url\":\"https:\\\/\\\/tissi.de\\\/sv\\\/\",\"name\":\"tiSsi\u00ae\",\"description\":\"Familie beginnt mit uns! Lernturm, Hochstuhl, Kinderm\u00f6bel, Laufgitter\",\"publisher\":{\"@id\":\"https:\\\/\\\/tissi.de\\\/sv\\\/#organization\"},\"potentialAction\":[{\"@type\":\"SearchAction\",\"target\":{\"@type\":\"EntryPoint\",\"urlTemplate\":\"https:\\\/\\\/tissi.de\\\/sv\\\/?s={search_term_string}\"},\"query-input\":{\"@type\":\"PropertyValueSpecification\",\"valueRequired\":true,\"valueName\":\"search_term_string\"}}],\"inLanguage\":\"sv-SE\"},{\"@type\":\"Organization\",\"@id\":\"https:\\\/\\\/tissi.de\\\/sv\\\/#organization\",\"name\":\"M.J. Oster GmbH\",\"url\":\"https:\\\/\\\/tissi.de\\\/sv\\\/\",\"logo\":{\"@type\":\"ImageObject\",\"inLanguage\":\"sv-SE\",\"@id\":\"https:\\\/\\\/tissi.de\\\/sv\\\/#\\\/schema\\\/logo\\\/image\\\/\",\"url\":\"https:\\\/\\\/tissi.de\\\/wp-content\\\/uploads\\\/2022\\\/04\\\/tissi-logo.webp\",\"contentUrl\":\"https:\\\/\\\/tissi.de\\\/wp-content\\\/uploads\\\/2022\\\/04\\\/tissi-logo.webp\",\"width\":300,\"height\":173,\"caption\":\"M.J. Oster GmbH\"},\"image\":{\"@id\":\"https:\\\/\\\/tissi.de\\\/sv\\\/#\\\/schema\\\/logo\\\/image\\\/\"},\"sameAs\":[\"https:\\\/\\\/de-de.facebook.com\\\/tiSsikids\\\/\",\"https:\\\/\\\/www.instagram.com\\\/tissi_kids\\\/\"]}]}<\/script>\n<!-- \/ Yoast SEO plugin. -->","yoast_head_json":{"title":"tiSsi\u00ae-madrass MAXI \u2013 90 x 50 cm \u2013 fr\u00e5n Z\u00f6llner","description":"Madrass i mjuk skum fr\u00e5n Z\u00f6llner. Passar till till\u00e4ggs- och anslutningss\u00e4ngen MAXI. Med inbyggt fuktskydd. L\u00e4mplig f\u00f6r allergiker. Tv\u00e4ttbar i 60 grader.","robots":{"index":"index","follow":"follow","max-snippet":"max-snippet:-1","max-image-preview":"max-image-preview:large","max-video-preview":"max-video-preview:-1"},"canonical":"https:\/\/tissi.de\/sv\/produkt\/tissi-madrass-sang-maxi\/","og_locale":"sv_SE","og_type":"article","og_title":"tiSsi\u00ae-madrass MAXI \u2013 90 x 50 cm \u2013 fr\u00e5n Z\u00f6llner","og_description":"Madrass i mjuk skum fr\u00e5n Z\u00f6llner. Passar till till\u00e4ggs- och anslutningss\u00e4ngen MAXI. Med inbyggt fuktskydd. L\u00e4mplig f\u00f6r allergiker. Tv\u00e4ttbar i 60 grader.","og_url":"https:\/\/tissi.de\/sv\/produkt\/tissi-madrass-sang-maxi\/","og_site_name":"tiSsi\u00ae","article_publisher":"https:\/\/de-de.facebook.com\/tiSsikids\/","article_modified_time":"2026-09-02T03:16:00+00:00","og_image":[{"width":800,"height":470,"url":"https:\/\/tissi.de\/wp-content\/uploads\/2022\/04\/matratze-beistellbett-2.jpg","type":"image\/jpeg"}],"twitter_card":"summary_large_image","twitter_misc":{"Ber\u00e4knad l\u00e4stid":"1 minut"},"schema":{"@context":"https:\/\/schema.org","@graph":[{"@type":"WebPage","@id":"https:\/\/tissi.de\/sv\/produkt\/tissi-madrass-sang-maxi\/","url":"https:\/\/tissi.de\/sv\/produkt\/tissi-madrass-sang-maxi\/","name":"tiSsi\u00ae-madrass MAXI \u2013 90 x 50 cm \u2013 fr\u00e5n Z\u00f6llner","isPartOf":{"@id":"https:\/\/tissi.de\/sv\/#website"},"primaryImageOfPage":{"@id":"https:\/\/tissi.de\/sv\/produkt\/tissi-madrass-sang-maxi\/#primaryimage"},"image":{"@id":"https:\/\/tissi.de\/sv\/produkt\/tissi-madrass-sang-maxi\/#primaryimage"},"thumbnailUrl":"https:\/\/tissi.de\/wp-content\/uploads\/2022\/04\/matratze-beistellbett-2.jpg","datePublished":"2023-12-08T12:42:20+00:00","dateModified":"2026-09-02T03:16:00+00:00","description":"Madrass i mjuk skum fr\u00e5n Z\u00f6llner. Passar till till\u00e4ggs- och anslutningss\u00e4ngen MAXI. Med inbyggt fuktskydd. L\u00e4mplig f\u00f6r allergiker. Tv\u00e4ttbar i 60 grader.","breadcrumb":{"@id":"https:\/\/tissi.de\/sv\/produkt\/tissi-madrass-sang-maxi\/#breadcrumb"},"inLanguage":"sv-SE","potentialAction":[{"@type":"ReadAction","target":["https:\/\/tissi.de\/sv\/produkt\/tissi-madrass-sang-maxi\/"]}]},{"@type":"ImageObject","inLanguage":"sv-SE","@id":"https:\/\/tissi.de\/sv\/produkt\/tissi-madrass-sang-maxi\/#primaryimage","url":"https:\/\/tissi.de\/wp-content\/uploads\/2022\/04\/matratze-beistellbett-2.jpg","contentUrl":"https:\/\/tissi.de\/wp-content\/uploads\/2022\/04\/matratze-beistellbett-2.jpg","width":800,"height":470,"caption":"White mattress with a soft, quilted cover and a visible foam interior. Matratze 'MAXI'."},{"@type":"BreadcrumbList","@id":"https:\/\/tissi.de\/sv\/produkt\/tissi-madrass-sang-maxi\/#breadcrumb","itemListElement":[{"@type":"ListItem","position":1,"name":"Startseite","item":"https:\/\/tissi.de\/sv\/hem\/"},{"@type":"ListItem","position":2,"name":"tiSsi\u00ae-madrass \u2013 S\u00e4ng MAXI"}]},{"@type":"WebSite","@id":"https:\/\/tissi.de\/sv\/#website","url":"https:\/\/tissi.de\/sv\/","name":"tiSsi\u00ae","description":"Familie beginnt mit uns! Lernturm, Hochstuhl, Kinderm\u00f6bel, Laufgitter","publisher":{"@id":"https:\/\/tissi.de\/sv\/#organization"},"potentialAction":[{"@type":"SearchAction","target":{"@type":"EntryPoint","urlTemplate":"https:\/\/tissi.de\/sv\/?s={search_term_string}"},"query-input":{"@type":"PropertyValueSpecification","valueRequired":true,"valueName":"search_term_string"}}],"inLanguage":"sv-SE"},{"@type":"Organization","@id":"https:\/\/tissi.de\/sv\/#organization","name":"M.J. Oster GmbH","url":"https:\/\/tissi.de\/sv\/","logo":{"@type":"ImageObject","inLanguage":"sv-SE","@id":"https:\/\/tissi.de\/sv\/#\/schema\/logo\/image\/","url":"https:\/\/tissi.de\/wp-content\/uploads\/2022\/04\/tissi-logo.webp","contentUrl":"https:\/\/tissi.de\/wp-content\/uploads\/2022\/04\/tissi-logo.webp","width":300,"height":173,"caption":"M.J. Oster GmbH"},"image":{"@id":"https:\/\/tissi.de\/sv\/#\/schema\/logo\/image\/"},"sameAs":["https:\/\/de-de.facebook.com\/tiSsikids\/","https:\/\/www.instagram.com\/tissi_kids\/"]}]}},"jetpack_sharing_enabled":true,"_links":{"self":[{"href":"https:\/\/tissi.de\/sv\/wp-json\/wp\/v2\/product\/60475","targetHints":{"allow":["GET"]}}],"collection":[{"href":"https:\/\/tissi.de\/sv\/wp-json\/wp\/v2\/product"}],"about":[{"href":"https:\/\/tissi.de\/sv\/wp-json\/wp\/v2\/types\/product"}],"version-history":[{"count":2,"href":"https:\/\/tissi.de\/sv\/wp-json\/wp\/v2\/product\/60475\/revisions"}],"predecessor-version":[{"id":60486,"href":"https:\/\/tissi.de\/sv\/wp-json\/wp\/v2\/product\/60475\/revisions\/60486"}],"wp:featuredmedia":[{"embeddable":true,"href":"https:\/\/tissi.de\/sv\/wp-json\/wp\/v2\/media\/2337"}],"wp:attachment":[{"href":"https:\/\/tissi.de\/sv\/wp-json\/wp\/v2\/media?parent=60475"}],"wp:term":[{"taxonomy":"product_brand","embeddable":true,"href":"https:\/\/tissi.de\/sv\/wp-json\/wp\/v2\/product_brand?post=60475"},{"taxonomy":"product_cat","embeddable":true,"href":"https:\/\/tissi.de\/sv\/wp-json\/wp\/v2\/product_cat?post=60475"},{"taxonomy":"product_tag","embeddable":true,"href":"https:\/\/tissi.de\/sv\/wp-json\/wp\/v2\/product_tag?post=60475"},{"taxonomy":"afgc_gallery_cat","embeddable":true,"href":"https:\/\/tissi.de\/sv\/wp-json\/wp\/v2\/afgc_gallery_cat?post=60475"}],"curies":[{"name":"wp","href":"https:\/\/api.w.org\/{rel}","templated":true}]}}