{"id":60548,"date":"2022-04-04T19:59:03","date_gmt":"2022-04-04T17:59:03","guid":{"rendered":"https:\/\/tissi.de\/produkt\/tissi-tillaggs-sang-sophie\/"},"modified":"2026-09-02T05:16:30","modified_gmt":"2026-09-02T03:16:30","slug":"tissi-tillaggs-sang-sophie","status":"publish","type":"product","link":"https:\/\/tissi.de\/sv\/produkt\/tissi-tillaggs-sang-sophie\/","title":{"rendered":"tiSsi\u00ae till\u00e4ggs-\/s\u00e4ng SOPHIE"},"content":{"rendered":"<div class=\"wpb-content-wrapper\" id=\"wpb-content-root\"><p>[vc_row][vc_column][vc_tta_accordion section_title_tag=&#8221;h2&#8243; style=&#8221;modern&#8221; color=&#8221;white&#8221; gap=&#8221;10&#8243; c_icon=&#8221;chevron&#8221; c_position=&#8221;right&#8221; active_section=&#8221;1&#8243; no_fill=&#8221;true&#8221; collapsible_all=&#8221;true&#8221;][vc_tta_section title=&#8221;Till\u00e4ggss\u00e4ngen \u201dSOPHIE\u201d&#8230;&#8221; tab_id=&#8221;d12cb7b6934d&#8221;][vc_column_text css=&#8221;&#8221;]<\/p>\n<p>&#8230; \u00e4r perfekt redan fr\u00e5n f\u00f6rsta dagen.<\/p>\n<p>Nyf\u00f6dda k\u00e4nner tryggheten hos sina f\u00f6r\u00e4ldrar och sover d\u00e4rf\u00f6r betydligt b\u00e4ttre p\u00e5 natten \u00e4n om de l\u00e4mnas ensamma och \u00f6vergivna \u00e5t sig sj\u00e4lva.<br \/>\n<!--more--><\/p>\n<p>Med till\u00e4ggss\u00e4ngen \u201dSOPHIE\u201d har du alltid ditt barn n\u00e4ra dig \u00e4ven p\u00e5 natten, vilket ocks\u00e5 ger dig som f\u00f6r\u00e4lder en m\u00e4rkbart b\u00e4ttre s\u00f6mn.<\/p>\n<p>Med det medf\u00f6ljande avsk\u00e4rmningsgalleret kan du med bara tv\u00e5 enkla handgrepp omvandla anslutningss\u00e4ngen till en vagga eller en fullv\u00e4rdig barns\u00e4ng.<\/p>\n<p>S\u00e4kerhet och anv\u00e4ndning av milj\u00f6v\u00e4nliga material har h\u00f6gsta prioritet vid tillverkningen av anslutnings- och till\u00e4ggs\u00e4ngen \u201dSOPHIE\u201d, eftersom ditt barns v\u00e4lbefinnande ligger oss varmt om hj\u00e4rtat.<\/p>\n<p>[\/vc_column_text][\/vc_tta_section][vc_tta_section title=&#8221;Leveransinneh\u00e5ll och produktegenskaper  &#8221; tab_id=&#8221;b5ab78be394a&#8221;][vc_column_text css=&#8221;&#8221;]<\/p>\n<ul>\n<li>4 hjul med parkeringsbroms<\/li>\n<li>Bottenplattan \u00e4r stegl\u00f6st h\u00f6jdjusterbar (39\u201361 cm)<\/li>\n<li>Massivt boktr\u00e4 fr\u00e5n certifierade skogar<\/li>\n<li>Anv\u00e4ndning av lacker enligt DIN 71-3 (f\u00f6r leksaker av tr\u00e4)<\/li>\n<li>maximal belastning: 25 kg<\/li>\n<\/ul>\n<p>ytterligare egenskaper<\/p>\n<ul>\n<li>Liggyta: 40 x 90 cm<\/li>\n<li>S\u00e4ngm\u00e5tt: ca 45 x 95 cm<\/li>\n<li>stegl\u00f6st h\u00f6jdjusterbar<\/li>\n<li>L\u00e4mplig f\u00f6r f\u00f6r\u00e4ldras\u00e4ngar med en h\u00f6jd p\u00e5 39\u201361 cm<\/li>\n<li>F\u00e4stremmar ing\u00e5r i leveransen.<\/li>\n<\/ul>\n<p>&nbsp;<\/p>\n<p>[\/vc_column_text][\/vc_tta_section][vc_tta_section title=&#8221;S\u00e4kerhetsanvisningar\/monteringsanvisningar&#8221; tab_id=&#8221;effb1552ab0b&#8221;][vc_column_text css=&#8221;&#8221;]<\/p>\n<p><img decoding=\"async\" src=\"https:\/\/tissi.de\/wp-content\/uploads\/2023\/02\/pdf.png\"> <a href=\"https:\/\/tissi.de\/wp-content\/uploads\/2025\/09\/MA-Beistellbett-90X40-cm-Modell-Sophie.pdf\">S\u00e4kerhetsanvisningar och monteringsanvisning f\u00f6r till\u00e4ggss\u00e4ng SOPHIE (PDF, 6 MB)<\/a><\/p>\n<p>[\/vc_column_text][\/vc_tta_section][vc_tta_section title=&#8221;Reservdelar&#8221; tab_id=&#8221;9e499b492d1b&#8221;][vc_column_text css=&#8221;&#8221;]<\/p>\n<p><a href=\"https:\/\/tissi.de\/sv\/produkt-kategorie\/reservdelar-till-sophie\/\">Reservdelar till till\u00e4ggss\u00e4ng SOPHIE<\/a><\/p>\n<p>[\/vc_column_text][\/vc_tta_section][\/vc_tta_accordion][vc_column_text css=&#8221;&#8221;]<\/p>\n<h2>Med fr\u00e5n b\u00f6rjan<\/h2>\n<p>[\/vc_column_text][vc_single_image image=&#8221;60550&#8243; img_size=&#8221;200&#215;87&#8243; css=&#8221;&#8221;][vc_single_image image=&#8221;60528&#8243; img_size=&#8221;200&#215;99&#8243; css=&#8221;&#8221;][\/vc_column][\/vc_row]<\/p>\n<\/div>","protected":false},"excerpt":{"rendered":"<p>Till\u00e4ggss\u00e4ngen SOPHIE \u00e4r idealisk f\u00f6r nyf\u00f6dda och skapar en trygg k\u00e4nsla, vilket f\u00f6rb\u00e4ttrar s\u00f6mnen b\u00e5de f\u00f6r barnet och f\u00f6r f\u00f6r\u00e4ldrarna. Med det medf\u00f6ljande st\u00e4ngningsgalleret kan till\u00e4ggss\u00e4ngen enkelt omvandlas till en vagga eller en fullv\u00e4rdig barns\u00e4ng. S\u00e4kerhet och anv\u00e4ndning av milj\u00f6v\u00e4nliga material st\u00e5r i fr\u00e4msta rummet vid tillverkningen f\u00f6r att garantera ditt barns v\u00e4lbefinnande.  <\/p>\n","protected":false},"featured_media":2214,"template":"","meta":{"_acf_changed":false,"inline_featured_image":false,"footnotes":""},"product_brand":[],"product_cat":[744],"product_tag":[],"afgc_gallery_cat":[],"class_list":["post-60548","product","type-product","status-publish","has-post-thumbnail","product_cat-extrasang","first","instock","taxable","shipping-taxable","purchasable","product-type-variable","has-default-attributes"],"acf":[],"yoast_head":"<!-- This site is optimized with the Yoast SEO plugin v28.3 - https:\/\/yoast.com\/product\/yoast-seo-wordpress\/ -->\n<title>Till\u00e4ggs\u00e4ng SOPHIE fr\u00e5n tiSsi\u00ae<\/title>\n<meta name=\"description\" content=\"tiSsi\u00ae till\u00e4ggss\u00e4ng SOPHIE \u2013 med fr\u00e5n f\u00f6rsta stund. Kan anv\u00e4ndas som vagga tack vare st\u00e4ngningsgaller. H\u00f6jdjusterbar botten. Passar \u00e4ven till boxspring-s\u00e4ngar.\" \/>\n<meta name=\"robots\" content=\"index, follow, max-snippet:-1, max-image-preview:large, max-video-preview:-1\" \/>\n<link rel=\"canonical\" href=\"https:\/\/tissi.de\/sv\/produkt\/tissi-tillaggs-sang-sophie\/\" \/>\n<meta property=\"og:locale\" content=\"sv_SE\" \/>\n<meta property=\"og:type\" content=\"article\" \/>\n<meta property=\"og:title\" content=\"Till\u00e4ggs\u00e4ng SOPHIE fr\u00e5n tiSsi\u00ae\" \/>\n<meta property=\"og:description\" content=\"tiSsi\u00ae till\u00e4ggss\u00e4ng SOPHIE \u2013 med fr\u00e5n f\u00f6rsta stund. Kan anv\u00e4ndas som vagga tack vare st\u00e4ngningsgaller. H\u00f6jdjusterbar botten. Passar \u00e4ven till boxspring-s\u00e4ngar.\" \/>\n<meta property=\"og:url\" content=\"https:\/\/tissi.de\/sv\/produkt\/tissi-tillaggs-sang-sophie\/\" \/>\n<meta property=\"og:site_name\" content=\"tiSsi\u00ae\" \/>\n<meta property=\"article:publisher\" content=\"https:\/\/de-de.facebook.com\/tiSsikids\/\" \/>\n<meta property=\"article:modified_time\" content=\"2026-09-02T03:16:30+00:00\" \/>\n<meta property=\"og:image\" content=\"https:\/\/tissi.de\/wp-content\/uploads\/2022\/04\/beistellbett-sophie-weiss-neu.jpg\" \/>\n\t<meta property=\"og:image:width\" content=\"800\" \/>\n\t<meta property=\"og:image:height\" content=\"800\" \/>\n\t<meta property=\"og:image:type\" content=\"image\/jpeg\" \/>\n<meta name=\"twitter:card\" content=\"summary_large_image\" \/>\n<meta name=\"twitter:label1\" content=\"Ber\u00e4knad l\u00e4stid\" \/>\n\t<meta name=\"twitter:data1\" content=\"2 minuter\" \/>\n<script type=\"application\/ld+json\" class=\"yoast-schema-graph\">{\"@context\":\"https:\\\/\\\/schema.org\",\"@graph\":[{\"@type\":\"WebPage\",\"@id\":\"https:\\\/\\\/tissi.de\\\/sv\\\/produkt\\\/tissi-tillaggs-sang-sophie\\\/\",\"url\":\"https:\\\/\\\/tissi.de\\\/sv\\\/produkt\\\/tissi-tillaggs-sang-sophie\\\/\",\"name\":\"Till\u00e4ggs\u00e4ng SOPHIE fr\u00e5n tiSsi\u00ae\",\"isPartOf\":{\"@id\":\"https:\\\/\\\/tissi.de\\\/sv\\\/#website\"},\"primaryImageOfPage\":{\"@id\":\"https:\\\/\\\/tissi.de\\\/sv\\\/produkt\\\/tissi-tillaggs-sang-sophie\\\/#primaryimage\"},\"image\":{\"@id\":\"https:\\\/\\\/tissi.de\\\/sv\\\/produkt\\\/tissi-tillaggs-sang-sophie\\\/#primaryimage\"},\"thumbnailUrl\":\"https:\\\/\\\/tissi.de\\\/wp-content\\\/uploads\\\/2022\\\/04\\\/beistellbett-sophie-weiss-neu.jpg\",\"datePublished\":\"2022-04-04T17:59:03+00:00\",\"dateModified\":\"2026-09-02T03:16:30+00:00\",\"description\":\"tiSsi\u00ae till\u00e4ggss\u00e4ng SOPHIE \u2013 med fr\u00e5n f\u00f6rsta stund. Kan anv\u00e4ndas som vagga tack vare st\u00e4ngningsgaller. H\u00f6jdjusterbar botten. Passar \u00e4ven till boxspring-s\u00e4ngar.\",\"breadcrumb\":{\"@id\":\"https:\\\/\\\/tissi.de\\\/sv\\\/produkt\\\/tissi-tillaggs-sang-sophie\\\/#breadcrumb\"},\"inLanguage\":\"sv-SE\",\"potentialAction\":[{\"@type\":\"ReadAction\",\"target\":[\"https:\\\/\\\/tissi.de\\\/sv\\\/produkt\\\/tissi-tillaggs-sang-sophie\\\/\"]}]},{\"@type\":\"ImageObject\",\"inLanguage\":\"sv-SE\",\"@id\":\"https:\\\/\\\/tissi.de\\\/sv\\\/produkt\\\/tissi-tillaggs-sang-sophie\\\/#primaryimage\",\"url\":\"https:\\\/\\\/tissi.de\\\/wp-content\\\/uploads\\\/2022\\\/04\\\/beistellbett-sophie-weiss-neu.jpg\",\"contentUrl\":\"https:\\\/\\\/tissi.de\\\/wp-content\\\/uploads\\\/2022\\\/04\\\/beistellbett-sophie-weiss-neu.jpg\",\"width\":800,\"height\":800,\"caption\":\"White baby crib with slatted sides on four wheels for mobility.\"},{\"@type\":\"BreadcrumbList\",\"@id\":\"https:\\\/\\\/tissi.de\\\/sv\\\/produkt\\\/tissi-tillaggs-sang-sophie\\\/#breadcrumb\",\"itemListElement\":[{\"@type\":\"ListItem\",\"position\":1,\"name\":\"Startseite\",\"item\":\"https:\\\/\\\/tissi.de\\\/sv\\\/hem\\\/\"},{\"@type\":\"ListItem\",\"position\":2,\"name\":\"tiSsi\u00ae till\u00e4ggs-\\\/s\u00e4ng SOPHIE\"}]},{\"@type\":\"WebSite\",\"@id\":\"https:\\\/\\\/tissi.de\\\/sv\\\/#website\",\"url\":\"https:\\\/\\\/tissi.de\\\/sv\\\/\",\"name\":\"tiSsi\u00ae\",\"description\":\"Familie beginnt mit uns! Lernturm, Hochstuhl, Kinderm\u00f6bel, Laufgitter\",\"publisher\":{\"@id\":\"https:\\\/\\\/tissi.de\\\/sv\\\/#organization\"},\"potentialAction\":[{\"@type\":\"SearchAction\",\"target\":{\"@type\":\"EntryPoint\",\"urlTemplate\":\"https:\\\/\\\/tissi.de\\\/sv\\\/?s={search_term_string}\"},\"query-input\":{\"@type\":\"PropertyValueSpecification\",\"valueRequired\":true,\"valueName\":\"search_term_string\"}}],\"inLanguage\":\"sv-SE\"},{\"@type\":\"Organization\",\"@id\":\"https:\\\/\\\/tissi.de\\\/sv\\\/#organization\",\"name\":\"M.J. Oster GmbH\",\"url\":\"https:\\\/\\\/tissi.de\\\/sv\\\/\",\"logo\":{\"@type\":\"ImageObject\",\"inLanguage\":\"sv-SE\",\"@id\":\"https:\\\/\\\/tissi.de\\\/sv\\\/#\\\/schema\\\/logo\\\/image\\\/\",\"url\":\"https:\\\/\\\/tissi.de\\\/wp-content\\\/uploads\\\/2022\\\/04\\\/tissi-logo.webp\",\"contentUrl\":\"https:\\\/\\\/tissi.de\\\/wp-content\\\/uploads\\\/2022\\\/04\\\/tissi-logo.webp\",\"width\":300,\"height\":173,\"caption\":\"M.J. Oster GmbH\"},\"image\":{\"@id\":\"https:\\\/\\\/tissi.de\\\/sv\\\/#\\\/schema\\\/logo\\\/image\\\/\"},\"sameAs\":[\"https:\\\/\\\/de-de.facebook.com\\\/tiSsikids\\\/\",\"https:\\\/\\\/www.instagram.com\\\/tissi_kids\\\/\"]}]}<\/script>\n<!-- \/ Yoast SEO plugin. -->","yoast_head_json":{"title":"Till\u00e4ggs\u00e4ng SOPHIE fr\u00e5n tiSsi\u00ae","description":"tiSsi\u00ae till\u00e4ggss\u00e4ng SOPHIE \u2013 med fr\u00e5n f\u00f6rsta stund. Kan anv\u00e4ndas som vagga tack vare st\u00e4ngningsgaller. H\u00f6jdjusterbar botten. Passar \u00e4ven till boxspring-s\u00e4ngar.","robots":{"index":"index","follow":"follow","max-snippet":"max-snippet:-1","max-image-preview":"max-image-preview:large","max-video-preview":"max-video-preview:-1"},"canonical":"https:\/\/tissi.de\/sv\/produkt\/tissi-tillaggs-sang-sophie\/","og_locale":"sv_SE","og_type":"article","og_title":"Till\u00e4ggs\u00e4ng SOPHIE fr\u00e5n tiSsi\u00ae","og_description":"tiSsi\u00ae till\u00e4ggss\u00e4ng SOPHIE \u2013 med fr\u00e5n f\u00f6rsta stund. Kan anv\u00e4ndas som vagga tack vare st\u00e4ngningsgaller. H\u00f6jdjusterbar botten. Passar \u00e4ven till boxspring-s\u00e4ngar.","og_url":"https:\/\/tissi.de\/sv\/produkt\/tissi-tillaggs-sang-sophie\/","og_site_name":"tiSsi\u00ae","article_publisher":"https:\/\/de-de.facebook.com\/tiSsikids\/","article_modified_time":"2026-09-02T03:16:30+00:00","og_image":[{"width":800,"height":800,"url":"https:\/\/tissi.de\/wp-content\/uploads\/2022\/04\/beistellbett-sophie-weiss-neu.jpg","type":"image\/jpeg"}],"twitter_card":"summary_large_image","twitter_misc":{"Ber\u00e4knad l\u00e4stid":"2 minuter"},"schema":{"@context":"https:\/\/schema.org","@graph":[{"@type":"WebPage","@id":"https:\/\/tissi.de\/sv\/produkt\/tissi-tillaggs-sang-sophie\/","url":"https:\/\/tissi.de\/sv\/produkt\/tissi-tillaggs-sang-sophie\/","name":"Till\u00e4ggs\u00e4ng SOPHIE fr\u00e5n tiSsi\u00ae","isPartOf":{"@id":"https:\/\/tissi.de\/sv\/#website"},"primaryImageOfPage":{"@id":"https:\/\/tissi.de\/sv\/produkt\/tissi-tillaggs-sang-sophie\/#primaryimage"},"image":{"@id":"https:\/\/tissi.de\/sv\/produkt\/tissi-tillaggs-sang-sophie\/#primaryimage"},"thumbnailUrl":"https:\/\/tissi.de\/wp-content\/uploads\/2022\/04\/beistellbett-sophie-weiss-neu.jpg","datePublished":"2022-04-04T17:59:03+00:00","dateModified":"2026-09-02T03:16:30+00:00","description":"tiSsi\u00ae till\u00e4ggss\u00e4ng SOPHIE \u2013 med fr\u00e5n f\u00f6rsta stund. Kan anv\u00e4ndas som vagga tack vare st\u00e4ngningsgaller. H\u00f6jdjusterbar botten. Passar \u00e4ven till boxspring-s\u00e4ngar.","breadcrumb":{"@id":"https:\/\/tissi.de\/sv\/produkt\/tissi-tillaggs-sang-sophie\/#breadcrumb"},"inLanguage":"sv-SE","potentialAction":[{"@type":"ReadAction","target":["https:\/\/tissi.de\/sv\/produkt\/tissi-tillaggs-sang-sophie\/"]}]},{"@type":"ImageObject","inLanguage":"sv-SE","@id":"https:\/\/tissi.de\/sv\/produkt\/tissi-tillaggs-sang-sophie\/#primaryimage","url":"https:\/\/tissi.de\/wp-content\/uploads\/2022\/04\/beistellbett-sophie-weiss-neu.jpg","contentUrl":"https:\/\/tissi.de\/wp-content\/uploads\/2022\/04\/beistellbett-sophie-weiss-neu.jpg","width":800,"height":800,"caption":"White baby crib with slatted sides on four wheels for mobility."},{"@type":"BreadcrumbList","@id":"https:\/\/tissi.de\/sv\/produkt\/tissi-tillaggs-sang-sophie\/#breadcrumb","itemListElement":[{"@type":"ListItem","position":1,"name":"Startseite","item":"https:\/\/tissi.de\/sv\/hem\/"},{"@type":"ListItem","position":2,"name":"tiSsi\u00ae till\u00e4ggs-\/s\u00e4ng SOPHIE"}]},{"@type":"WebSite","@id":"https:\/\/tissi.de\/sv\/#website","url":"https:\/\/tissi.de\/sv\/","name":"tiSsi\u00ae","description":"Familie beginnt mit uns! Lernturm, Hochstuhl, Kinderm\u00f6bel, Laufgitter","publisher":{"@id":"https:\/\/tissi.de\/sv\/#organization"},"potentialAction":[{"@type":"SearchAction","target":{"@type":"EntryPoint","urlTemplate":"https:\/\/tissi.de\/sv\/?s={search_term_string}"},"query-input":{"@type":"PropertyValueSpecification","valueRequired":true,"valueName":"search_term_string"}}],"inLanguage":"sv-SE"},{"@type":"Organization","@id":"https:\/\/tissi.de\/sv\/#organization","name":"M.J. Oster GmbH","url":"https:\/\/tissi.de\/sv\/","logo":{"@type":"ImageObject","inLanguage":"sv-SE","@id":"https:\/\/tissi.de\/sv\/#\/schema\/logo\/image\/","url":"https:\/\/tissi.de\/wp-content\/uploads\/2022\/04\/tissi-logo.webp","contentUrl":"https:\/\/tissi.de\/wp-content\/uploads\/2022\/04\/tissi-logo.webp","width":300,"height":173,"caption":"M.J. Oster GmbH"},"image":{"@id":"https:\/\/tissi.de\/sv\/#\/schema\/logo\/image\/"},"sameAs":["https:\/\/de-de.facebook.com\/tiSsikids\/","https:\/\/www.instagram.com\/tissi_kids\/"]}]}},"jetpack_sharing_enabled":true,"_links":{"self":[{"href":"https:\/\/tissi.de\/sv\/wp-json\/wp\/v2\/product\/60548","targetHints":{"allow":["GET"]}}],"collection":[{"href":"https:\/\/tissi.de\/sv\/wp-json\/wp\/v2\/product"}],"about":[{"href":"https:\/\/tissi.de\/sv\/wp-json\/wp\/v2\/types\/product"}],"version-history":[{"count":5,"href":"https:\/\/tissi.de\/sv\/wp-json\/wp\/v2\/product\/60548\/revisions"}],"predecessor-version":[{"id":60558,"href":"https:\/\/tissi.de\/sv\/wp-json\/wp\/v2\/product\/60548\/revisions\/60558"}],"wp:featuredmedia":[{"embeddable":true,"href":"https:\/\/tissi.de\/sv\/wp-json\/wp\/v2\/media\/2214"}],"wp:attachment":[{"href":"https:\/\/tissi.de\/sv\/wp-json\/wp\/v2\/media?parent=60548"}],"wp:term":[{"taxonomy":"product_brand","embeddable":true,"href":"https:\/\/tissi.de\/sv\/wp-json\/wp\/v2\/product_brand?post=60548"},{"taxonomy":"product_cat","embeddable":true,"href":"https:\/\/tissi.de\/sv\/wp-json\/wp\/v2\/product_cat?post=60548"},{"taxonomy":"product_tag","embeddable":true,"href":"https:\/\/tissi.de\/sv\/wp-json\/wp\/v2\/product_tag?post=60548"},{"taxonomy":"afgc_gallery_cat","embeddable":true,"href":"https:\/\/tissi.de\/sv\/wp-json\/wp\/v2\/afgc_gallery_cat?post=60548"}],"curies":[{"name":"wp","href":"https:\/\/api.w.org\/{rel}","templated":true}]}}