{"id":60633,"date":"2023-11-30T10:14:19","date_gmt":"2023-11-30T09:14:19","guid":{"rendered":"https:\/\/tissi.de\/produkt\/tissi-forvaringslada-lartornen-felix\/"},"modified":"2026-09-02T05:16:49","modified_gmt":"2026-09-02T03:16:49","slug":"tissi-forvaringslada-lartornen-felix","status":"publish","type":"product","link":"https:\/\/tissi.de\/sv\/produkt\/tissi-forvaringslada-lartornen-felix\/","title":{"rendered":"tiSsi\u00ae f\u00f6rvaringsl\u00e5da \u2013 L\u00e4rtornen FELIX"},"content":{"rendered":"<div class=\"wpb-content-wrapper\" id=\"wpb-content-root\"><p>[vc_row][vc_column][vc_tta_accordion section_title_tag=&#8221;h2&#8243; style=&#8221;modern&#8221; color=&#8221;white&#8221; gap=&#8221;10&#8243; c_icon=&#8221;chevron&#8221; c_position=&#8221;right&#8221; active_section=&#8221;1&#8243; no_fill=&#8221;true&#8221; collapsible_all=&#8221;true&#8221;][vc_tta_section title=&#8221;De praktiska tillbeh\u00f6ren!&#8221; tab_id=&#8221;a52833a2ae90&#8243;][vc_column_text css=&#8221;&#8221;]<\/p>\n<p>F\u00f6rvaringsl\u00e5dan kan h\u00e4ngas upp var som helst p\u00e5 de fritt tillg\u00e4ngliga platserna p\u00e5 inl\u00e4rningstornet. Men den praktiska l\u00e5dan passar inte bara till inl\u00e4rningstornet. Med en upph\u00e4ngningsbredd p\u00e5 upp till 2 cm kan l\u00e5dan anv\u00e4ndas p\u00e5 m\u00e5nga olika s\u00e4tt. Till exempel \u00e4ven vid sk\u00f6tbordet eller vid barns\u00e4ngen \u2013 \u00f6verallt d\u00e4r man snabbt beh\u00f6ver ha n\u00e5got inom r\u00e4ckh\u00e5ll.<br \/>\n<!--more--><\/p>\n<p>L\u00e5dan passar perfekt f\u00f6r snacks eller f\u00f6r f\u00f6rvaring av kritor till den valfria skriv- och m\u00e5ltavlan.<\/p>\n<p>Ingen montering kr\u00e4vs, det r\u00e4cker med att h\u00e4nga upp den<\/p>\n<p>[\/vc_column_text][\/vc_tta_section][vc_tta_section title=&#8221;Produktegenskaper&#8221; tab_id=&#8221;2939f575fbdf&#8221;][vc_column_text css=&#8221;&#8221;]<\/p>\n<ul>\n<li>L\u00e5dans m\u00e5tt: L 24,5 cm \/ B 8 cm \/ H 7 cm<\/li>\n<li>Varje fack \u00e4r 12,2 cm l\u00e5ngt.<\/li>\n<li>L\u00e5dan t\u00e5l diskmaskin.<\/li>\n<\/ul>\n<p>[\/vc_column_text][\/vc_tta_section][vc_tta_section title=&#8221;S\u00e4kerhetsanvisningar&#8221; tab_id=&#8221;612d52d4520c&#8221;][vc_column_text css=&#8221;&#8221;]<\/p>\n<p><img decoding=\"async\" src=\"https:\/\/tissi.de\/wp-content\/uploads\/2023\/02\/pdf.png\"> <a href=\"https:\/\/tissi.de\/wp-content\/uploads\/2025\/08\/Aufbewahrungsbox.pdf\">S\u00e4kerhetsanvisningar f\u00f6r f\u00f6rvaringsl\u00e5da (PDF, 321 kB)<\/a><\/p>\n<p>[\/vc_column_text][\/vc_tta_section][\/vc_tta_accordion][\/vc_column][\/vc_row]<\/p>\n<\/div>","protected":false},"excerpt":{"rendered":"<p>F\u00f6rvaringsl\u00e5dan kan enkelt h\u00e4ngas upp p\u00e5 alla l\u00e4ttillg\u00e4ngliga st\u00e4llen p\u00e5 inl\u00e4rningstornet och \u00e4r dessutom m\u00e5ngsidig, t.ex. vid sk\u00f6tbordet eller barns\u00e4ngen. Den \u00e4r perfekt f\u00f6r mellanm\u00e5l eller f\u00f6r f\u00f6rvaring av kritor till den valfria skriv- och m\u00e5ltavlan. Ingen montering kr\u00e4vs, det r\u00e4cker med att h\u00e4nga upp den.  <\/p>\n<p>&nbsp;<\/p>\n<p>&nbsp;<\/p>\n","protected":false},"featured_media":4239,"template":"","meta":{"_acf_changed":false,"inline_featured_image":false,"footnotes":""},"product_brand":[],"product_cat":[758],"product_tag":[],"afgc_gallery_cat":[],"class_list":["post-60633","product","type-product","status-publish","has-post-thumbnail","product_cat-inlarningstorn","first","instock","taxable","shipping-taxable","purchasable","product-type-simple"],"acf":[],"yoast_head":"<!-- This site is optimized with the Yoast SEO plugin v28.3 - https:\/\/yoast.com\/product\/yoast-seo-wordpress\/ -->\n<title>F\u00f6rvaringsl\u00e5da till tiSsi-inl\u00e4rningstornet \u201dFelix\u201d<\/title>\n<meta name=\"description\" content=\"Uppt\u00e4ck den m\u00e5ngsidiga tiSsi-f\u00f6rvaringsl\u00e5dan \u2013 perfekt f\u00f6r inl\u00e4rningstornet \u201dFELIX\u201d. Den rymmer b\u00e5de mellanm\u00e5l och kritor och underl\u00e4ttar vardagen f\u00f6r alla familjer.\" \/>\n<meta name=\"robots\" content=\"index, follow, max-snippet:-1, max-image-preview:large, max-video-preview:-1\" \/>\n<link rel=\"canonical\" href=\"https:\/\/tissi.de\/sv\/produkt\/tissi-forvaringslada-lartornen-felix\/\" \/>\n<meta property=\"og:locale\" content=\"sv_SE\" \/>\n<meta property=\"og:type\" content=\"article\" \/>\n<meta property=\"og:title\" content=\"F\u00f6rvaringsl\u00e5da till tiSsi-inl\u00e4rningstornet \u201dFelix\u201d\" \/>\n<meta property=\"og:description\" content=\"Uppt\u00e4ck den m\u00e5ngsidiga tiSsi-f\u00f6rvaringsl\u00e5dan \u2013 perfekt f\u00f6r inl\u00e4rningstornet \u201dFELIX\u201d. Den rymmer b\u00e5de mellanm\u00e5l och kritor och underl\u00e4ttar vardagen f\u00f6r alla familjer.\" \/>\n<meta property=\"og:url\" content=\"https:\/\/tissi.de\/sv\/produkt\/tissi-forvaringslada-lartornen-felix\/\" \/>\n<meta property=\"og:site_name\" content=\"tiSsi\u00ae\" \/>\n<meta property=\"article:publisher\" content=\"https:\/\/de-de.facebook.com\/tiSsikids\/\" \/>\n<meta property=\"article:modified_time\" content=\"2026-09-02T03:16:49+00:00\" \/>\n<meta property=\"og:image\" content=\"https:\/\/tissi.de\/wp-content\/uploads\/2023\/11\/Kasten_Lernturm_Ambient_1.jpg\" \/>\n\t<meta property=\"og:image:width\" content=\"2000\" \/>\n\t<meta property=\"og:image:height\" content=\"1333\" \/>\n\t<meta property=\"og:image:type\" content=\"image\/jpeg\" \/>\n<meta name=\"twitter:card\" content=\"summary_large_image\" \/>\n<meta name=\"twitter:label1\" content=\"Ber\u00e4knad l\u00e4stid\" \/>\n\t<meta name=\"twitter:data1\" content=\"1 minut\" \/>\n<script type=\"application\/ld+json\" class=\"yoast-schema-graph\">{\"@context\":\"https:\\\/\\\/schema.org\",\"@graph\":[{\"@type\":\"WebPage\",\"@id\":\"https:\\\/\\\/tissi.de\\\/sv\\\/produkt\\\/tissi-forvaringslada-lartornen-felix\\\/\",\"url\":\"https:\\\/\\\/tissi.de\\\/sv\\\/produkt\\\/tissi-forvaringslada-lartornen-felix\\\/\",\"name\":\"F\u00f6rvaringsl\u00e5da till tiSsi-inl\u00e4rningstornet \u201dFelix\u201d\",\"isPartOf\":{\"@id\":\"https:\\\/\\\/tissi.de\\\/sv\\\/#website\"},\"primaryImageOfPage\":{\"@id\":\"https:\\\/\\\/tissi.de\\\/sv\\\/produkt\\\/tissi-forvaringslada-lartornen-felix\\\/#primaryimage\"},\"image\":{\"@id\":\"https:\\\/\\\/tissi.de\\\/sv\\\/produkt\\\/tissi-forvaringslada-lartornen-felix\\\/#primaryimage\"},\"thumbnailUrl\":\"https:\\\/\\\/tissi.de\\\/wp-content\\\/uploads\\\/2023\\\/11\\\/Kasten_Lernturm_Ambient_1.jpg\",\"datePublished\":\"2023-11-30T09:14:19+00:00\",\"dateModified\":\"2026-09-02T03:16:49+00:00\",\"description\":\"Uppt\u00e4ck den m\u00e5ngsidiga tiSsi-f\u00f6rvaringsl\u00e5dan \u2013 perfekt f\u00f6r inl\u00e4rningstornet \u201dFELIX\u201d. Den rymmer b\u00e5de mellanm\u00e5l och kritor och underl\u00e4ttar vardagen f\u00f6r alla familjer.\",\"breadcrumb\":{\"@id\":\"https:\\\/\\\/tissi.de\\\/sv\\\/produkt\\\/tissi-forvaringslada-lartornen-felix\\\/#breadcrumb\"},\"inLanguage\":\"sv-SE\",\"potentialAction\":[{\"@type\":\"ReadAction\",\"target\":[\"https:\\\/\\\/tissi.de\\\/sv\\\/produkt\\\/tissi-forvaringslada-lartornen-felix\\\/\"]}]},{\"@type\":\"ImageObject\",\"inLanguage\":\"sv-SE\",\"@id\":\"https:\\\/\\\/tissi.de\\\/sv\\\/produkt\\\/tissi-forvaringslada-lartornen-felix\\\/#primaryimage\",\"url\":\"https:\\\/\\\/tissi.de\\\/wp-content\\\/uploads\\\/2023\\\/11\\\/Kasten_Lernturm_Ambient_1.jpg\",\"contentUrl\":\"https:\\\/\\\/tissi.de\\\/wp-content\\\/uploads\\\/2023\\\/11\\\/Kasten_Lernturm_Ambient_1.jpg\",\"width\":2000,\"height\":1333,\"caption\":\"Wooden chair with a gray plastic storage box attached to the side. Aufbewahrungsbox.\"},{\"@type\":\"BreadcrumbList\",\"@id\":\"https:\\\/\\\/tissi.de\\\/sv\\\/produkt\\\/tissi-forvaringslada-lartornen-felix\\\/#breadcrumb\",\"itemListElement\":[{\"@type\":\"ListItem\",\"position\":1,\"name\":\"Startseite\",\"item\":\"https:\\\/\\\/tissi.de\\\/sv\\\/hem\\\/\"},{\"@type\":\"ListItem\",\"position\":2,\"name\":\"tiSsi\u00ae f\u00f6rvaringsl\u00e5da \u2013 L\u00e4rtornen FELIX\"}]},{\"@type\":\"WebSite\",\"@id\":\"https:\\\/\\\/tissi.de\\\/sv\\\/#website\",\"url\":\"https:\\\/\\\/tissi.de\\\/sv\\\/\",\"name\":\"tiSsi\u00ae\",\"description\":\"Familie beginnt mit uns! Lernturm, Hochstuhl, Kinderm\u00f6bel, Laufgitter\",\"publisher\":{\"@id\":\"https:\\\/\\\/tissi.de\\\/sv\\\/#organization\"},\"potentialAction\":[{\"@type\":\"SearchAction\",\"target\":{\"@type\":\"EntryPoint\",\"urlTemplate\":\"https:\\\/\\\/tissi.de\\\/sv\\\/?s={search_term_string}\"},\"query-input\":{\"@type\":\"PropertyValueSpecification\",\"valueRequired\":true,\"valueName\":\"search_term_string\"}}],\"inLanguage\":\"sv-SE\"},{\"@type\":\"Organization\",\"@id\":\"https:\\\/\\\/tissi.de\\\/sv\\\/#organization\",\"name\":\"M.J. Oster GmbH\",\"url\":\"https:\\\/\\\/tissi.de\\\/sv\\\/\",\"logo\":{\"@type\":\"ImageObject\",\"inLanguage\":\"sv-SE\",\"@id\":\"https:\\\/\\\/tissi.de\\\/sv\\\/#\\\/schema\\\/logo\\\/image\\\/\",\"url\":\"https:\\\/\\\/tissi.de\\\/wp-content\\\/uploads\\\/2022\\\/04\\\/tissi-logo.webp\",\"contentUrl\":\"https:\\\/\\\/tissi.de\\\/wp-content\\\/uploads\\\/2022\\\/04\\\/tissi-logo.webp\",\"width\":300,\"height\":173,\"caption\":\"M.J. Oster GmbH\"},\"image\":{\"@id\":\"https:\\\/\\\/tissi.de\\\/sv\\\/#\\\/schema\\\/logo\\\/image\\\/\"},\"sameAs\":[\"https:\\\/\\\/de-de.facebook.com\\\/tiSsikids\\\/\",\"https:\\\/\\\/www.instagram.com\\\/tissi_kids\\\/\"]}]}<\/script>\n<!-- \/ Yoast SEO plugin. -->","yoast_head_json":{"title":"F\u00f6rvaringsl\u00e5da till tiSsi-inl\u00e4rningstornet \u201dFelix\u201d","description":"Uppt\u00e4ck den m\u00e5ngsidiga tiSsi-f\u00f6rvaringsl\u00e5dan \u2013 perfekt f\u00f6r inl\u00e4rningstornet \u201dFELIX\u201d. Den rymmer b\u00e5de mellanm\u00e5l och kritor och underl\u00e4ttar vardagen f\u00f6r alla familjer.","robots":{"index":"index","follow":"follow","max-snippet":"max-snippet:-1","max-image-preview":"max-image-preview:large","max-video-preview":"max-video-preview:-1"},"canonical":"https:\/\/tissi.de\/sv\/produkt\/tissi-forvaringslada-lartornen-felix\/","og_locale":"sv_SE","og_type":"article","og_title":"F\u00f6rvaringsl\u00e5da till tiSsi-inl\u00e4rningstornet \u201dFelix\u201d","og_description":"Uppt\u00e4ck den m\u00e5ngsidiga tiSsi-f\u00f6rvaringsl\u00e5dan \u2013 perfekt f\u00f6r inl\u00e4rningstornet \u201dFELIX\u201d. Den rymmer b\u00e5de mellanm\u00e5l och kritor och underl\u00e4ttar vardagen f\u00f6r alla familjer.","og_url":"https:\/\/tissi.de\/sv\/produkt\/tissi-forvaringslada-lartornen-felix\/","og_site_name":"tiSsi\u00ae","article_publisher":"https:\/\/de-de.facebook.com\/tiSsikids\/","article_modified_time":"2026-09-02T03:16:49+00:00","og_image":[{"width":2000,"height":1333,"url":"https:\/\/tissi.de\/wp-content\/uploads\/2023\/11\/Kasten_Lernturm_Ambient_1.jpg","type":"image\/jpeg"}],"twitter_card":"summary_large_image","twitter_misc":{"Ber\u00e4knad l\u00e4stid":"1 minut"},"schema":{"@context":"https:\/\/schema.org","@graph":[{"@type":"WebPage","@id":"https:\/\/tissi.de\/sv\/produkt\/tissi-forvaringslada-lartornen-felix\/","url":"https:\/\/tissi.de\/sv\/produkt\/tissi-forvaringslada-lartornen-felix\/","name":"F\u00f6rvaringsl\u00e5da till tiSsi-inl\u00e4rningstornet \u201dFelix\u201d","isPartOf":{"@id":"https:\/\/tissi.de\/sv\/#website"},"primaryImageOfPage":{"@id":"https:\/\/tissi.de\/sv\/produkt\/tissi-forvaringslada-lartornen-felix\/#primaryimage"},"image":{"@id":"https:\/\/tissi.de\/sv\/produkt\/tissi-forvaringslada-lartornen-felix\/#primaryimage"},"thumbnailUrl":"https:\/\/tissi.de\/wp-content\/uploads\/2023\/11\/Kasten_Lernturm_Ambient_1.jpg","datePublished":"2023-11-30T09:14:19+00:00","dateModified":"2026-09-02T03:16:49+00:00","description":"Uppt\u00e4ck den m\u00e5ngsidiga tiSsi-f\u00f6rvaringsl\u00e5dan \u2013 perfekt f\u00f6r inl\u00e4rningstornet \u201dFELIX\u201d. Den rymmer b\u00e5de mellanm\u00e5l och kritor och underl\u00e4ttar vardagen f\u00f6r alla familjer.","breadcrumb":{"@id":"https:\/\/tissi.de\/sv\/produkt\/tissi-forvaringslada-lartornen-felix\/#breadcrumb"},"inLanguage":"sv-SE","potentialAction":[{"@type":"ReadAction","target":["https:\/\/tissi.de\/sv\/produkt\/tissi-forvaringslada-lartornen-felix\/"]}]},{"@type":"ImageObject","inLanguage":"sv-SE","@id":"https:\/\/tissi.de\/sv\/produkt\/tissi-forvaringslada-lartornen-felix\/#primaryimage","url":"https:\/\/tissi.de\/wp-content\/uploads\/2023\/11\/Kasten_Lernturm_Ambient_1.jpg","contentUrl":"https:\/\/tissi.de\/wp-content\/uploads\/2023\/11\/Kasten_Lernturm_Ambient_1.jpg","width":2000,"height":1333,"caption":"Wooden chair with a gray plastic storage box attached to the side. Aufbewahrungsbox."},{"@type":"BreadcrumbList","@id":"https:\/\/tissi.de\/sv\/produkt\/tissi-forvaringslada-lartornen-felix\/#breadcrumb","itemListElement":[{"@type":"ListItem","position":1,"name":"Startseite","item":"https:\/\/tissi.de\/sv\/hem\/"},{"@type":"ListItem","position":2,"name":"tiSsi\u00ae f\u00f6rvaringsl\u00e5da \u2013 L\u00e4rtornen FELIX"}]},{"@type":"WebSite","@id":"https:\/\/tissi.de\/sv\/#website","url":"https:\/\/tissi.de\/sv\/","name":"tiSsi\u00ae","description":"Familie beginnt mit uns! Lernturm, Hochstuhl, Kinderm\u00f6bel, Laufgitter","publisher":{"@id":"https:\/\/tissi.de\/sv\/#organization"},"potentialAction":[{"@type":"SearchAction","target":{"@type":"EntryPoint","urlTemplate":"https:\/\/tissi.de\/sv\/?s={search_term_string}"},"query-input":{"@type":"PropertyValueSpecification","valueRequired":true,"valueName":"search_term_string"}}],"inLanguage":"sv-SE"},{"@type":"Organization","@id":"https:\/\/tissi.de\/sv\/#organization","name":"M.J. Oster GmbH","url":"https:\/\/tissi.de\/sv\/","logo":{"@type":"ImageObject","inLanguage":"sv-SE","@id":"https:\/\/tissi.de\/sv\/#\/schema\/logo\/image\/","url":"https:\/\/tissi.de\/wp-content\/uploads\/2022\/04\/tissi-logo.webp","contentUrl":"https:\/\/tissi.de\/wp-content\/uploads\/2022\/04\/tissi-logo.webp","width":300,"height":173,"caption":"M.J. Oster GmbH"},"image":{"@id":"https:\/\/tissi.de\/sv\/#\/schema\/logo\/image\/"},"sameAs":["https:\/\/de-de.facebook.com\/tiSsikids\/","https:\/\/www.instagram.com\/tissi_kids\/"]}]}},"jetpack_sharing_enabled":true,"_links":{"self":[{"href":"https:\/\/tissi.de\/sv\/wp-json\/wp\/v2\/product\/60633","targetHints":{"allow":["GET"]}}],"collection":[{"href":"https:\/\/tissi.de\/sv\/wp-json\/wp\/v2\/product"}],"about":[{"href":"https:\/\/tissi.de\/sv\/wp-json\/wp\/v2\/types\/product"}],"version-history":[{"count":1,"href":"https:\/\/tissi.de\/sv\/wp-json\/wp\/v2\/product\/60633\/revisions"}],"predecessor-version":[{"id":60647,"href":"https:\/\/tissi.de\/sv\/wp-json\/wp\/v2\/product\/60633\/revisions\/60647"}],"wp:featuredmedia":[{"embeddable":true,"href":"https:\/\/tissi.de\/sv\/wp-json\/wp\/v2\/media\/4239"}],"wp:attachment":[{"href":"https:\/\/tissi.de\/sv\/wp-json\/wp\/v2\/media?parent=60633"}],"wp:term":[{"taxonomy":"product_brand","embeddable":true,"href":"https:\/\/tissi.de\/sv\/wp-json\/wp\/v2\/product_brand?post=60633"},{"taxonomy":"product_cat","embeddable":true,"href":"https:\/\/tissi.de\/sv\/wp-json\/wp\/v2\/product_cat?post=60633"},{"taxonomy":"product_tag","embeddable":true,"href":"https:\/\/tissi.de\/sv\/wp-json\/wp\/v2\/product_tag?post=60633"},{"taxonomy":"afgc_gallery_cat","embeddable":true,"href":"https:\/\/tissi.de\/sv\/wp-json\/wp\/v2\/afgc_gallery_cat?post=60633"}],"curies":[{"name":"wp","href":"https:\/\/api.w.org\/{rel}","templated":true}]}}