{"id":60648,"date":"2023-11-23T15:41:50","date_gmt":"2023-11-23T14:41:50","guid":{"rendered":"https:\/\/tissi.de\/produkt\/tissi-kudde-barnstol\/"},"modified":"2026-09-02T05:16:50","modified_gmt":"2026-09-02T03:16:50","slug":"tissi-kudde-barnstol","status":"publish","type":"product","link":"https:\/\/tissi.de\/sv\/produkt\/tissi-kudde-barnstol\/","title":{"rendered":"tiSsi\u00ae-kudde \u2013 barnstol"},"content":{"rendered":"<div class=\"wpb-content-wrapper\" id=\"wpb-content-root\"><p>[vc_row][vc_column][vc_tta_accordion section_title_tag=&#8221;h2&#8243; style=&#8221;modern&#8221; color=&#8221;white&#8221; gap=&#8221;10&#8243; c_icon=&#8221;chevron&#8221; c_position=&#8221;right&#8221; active_section=&#8221;1&#8243; no_fill=&#8221;true&#8221; collapsible_all=&#8221;true&#8221;][vc_tta_section title=&#8221;Sittdyna \/ sittf\u00f6rminskare f\u00f6r barnstolen tiSsi&#8221; tab_id=&#8221;3f296a8db750&#8243;][vc_column_text css=&#8221;&#8221;]<\/p>\n<p><strong>Sk\u00f6tselr\u00e5d <\/strong><br \/>tiSsi\u00ae-sittdynor\/sittf\u00f6rminskare kan tv\u00e4ttas i h\u00f6gst 30 grader.<br \/>F\u00e4rgerna p\u00e5 tiSsi\u00ae-sittdynor\/sittf\u00f6rminskare kan f\u00f6r\u00e4ndras vid \u00f6verdriven solstr\u00e5lning.<\/p>\n<p>[\/vc_column_text][\/vc_tta_section][vc_tta_section title=&#8221;Produktegenskaper&#8221; tab_id=&#8221;7898984d2bb8&#8243;][vc_column_text css=&#8221;&#8221;]<\/p>\n<ul>\n<li>M\u00e5tt p\u00e5 ryggkudden: 38 x 26 x 4 cm<\/li>\n<li>M\u00e5tt p\u00e5 sittdynan: 40 x 26 x 4 cm<\/li>\n<li>\u00d6verdrag i 100 % bomull<\/li>\n<li>Fyllning: 100 % polyester<\/li>\n<li>mjuk stoppning<\/li>\n<li>i olika snygga m\u00f6nster<\/li>\n<\/ul>\n<p>[\/vc_column_text][\/vc_tta_section][vc_tta_section title=&#8221;S\u00e4kerhetsanvisningar&#8221; tab_id=&#8221;9932f477a683&#8243;][vc_column_text css=&#8221;&#8221;]<\/p>\n<p><img decoding=\"async\" src=\"https:\/\/tissi.de\/wp-content\/uploads\/2023\/02\/pdf.png\"> <a href=\"https:\/\/tissi.de\/wp-content\/uploads\/2025\/08\/Polster.pdf\">S\u00e4kerhetsanvisningar f\u00f6r barnstol med kl\u00e4dsel (PDF, 464 kB)<\/a><\/p>\n<p>[\/vc_column_text][\/vc_tta_section][\/vc_tta_accordion][\/vc_column][\/vc_row]<\/p>\n<\/div>","protected":false},"excerpt":{"rendered":"<p>Sittdyna \/ sittf\u00f6rminskare f\u00f6r barnstolen tiSsi<\/p>\n","protected":false},"featured_media":3087,"template":"","meta":{"_acf_changed":false,"inline_featured_image":false,"footnotes":""},"product_brand":[],"product_cat":[760],"product_tag":[],"afgc_gallery_cat":[],"class_list":["post-60648","product","type-product","status-publish","has-post-thumbnail","product_cat-barnstol","first","instock","taxable","shipping-taxable","purchasable","product-type-variable","has-default-attributes"],"acf":[],"yoast_head":"<!-- This site is optimized with the Yoast SEO plugin v28.3 - https:\/\/yoast.com\/product\/yoast-seo-wordpress\/ -->\n<title>Kudde till barnstolen tiSsi\u00ae<\/title>\n<meta name=\"description\" content=\"Sittdyna \/ sittinsats f\u00f6r barnstolen tiSsi\u00ae. Finns i olika utf\u00f6randen. Tv\u00e4ttbar i h\u00f6gst 30 grader. \u00d6verdrag i 100 % bomull.\" \/>\n<meta name=\"robots\" content=\"index, follow, max-snippet:-1, max-image-preview:large, max-video-preview:-1\" \/>\n<link rel=\"canonical\" href=\"https:\/\/tissi.de\/sv\/produkt\/tissi-kudde-barnstol\/\" \/>\n<meta property=\"og:locale\" content=\"sv_SE\" \/>\n<meta property=\"og:type\" content=\"article\" \/>\n<meta property=\"og:title\" content=\"Kudde till barnstolen tiSsi\u00ae\" \/>\n<meta property=\"og:description\" content=\"Sittdyna \/ sittinsats f\u00f6r barnstolen tiSsi\u00ae. Finns i olika utf\u00f6randen. Tv\u00e4ttbar i h\u00f6gst 30 grader. \u00d6verdrag i 100 % bomull.\" \/>\n<meta property=\"og:url\" content=\"https:\/\/tissi.de\/sv\/produkt\/tissi-kudde-barnstol\/\" \/>\n<meta property=\"og:site_name\" content=\"tiSsi\u00ae\" \/>\n<meta property=\"article:publisher\" content=\"https:\/\/de-de.facebook.com\/tiSsikids\/\" \/>\n<meta property=\"article:modified_time\" content=\"2026-09-02T03:16:50+00:00\" \/>\n<meta property=\"og:image\" content=\"https:\/\/tissi.de\/wp-content\/uploads\/2023\/01\/red-100742_tiSsi_Hochstuhl_Polster_Curry_1-1024x683.png\" \/>\n\t<meta property=\"og:image:width\" content=\"1024\" \/>\n\t<meta property=\"og:image:height\" content=\"683\" \/>\n\t<meta property=\"og:image:type\" content=\"image\/png\" \/>\n<meta name=\"twitter:card\" content=\"summary_large_image\" \/>\n<meta name=\"twitter:label1\" content=\"Ber\u00e4knad l\u00e4stid\" \/>\n\t<meta name=\"twitter:data1\" content=\"1 minut\" \/>\n<script type=\"application\/ld+json\" class=\"yoast-schema-graph\">{\"@context\":\"https:\\\/\\\/schema.org\",\"@graph\":[{\"@type\":\"WebPage\",\"@id\":\"https:\\\/\\\/tissi.de\\\/sv\\\/produkt\\\/tissi-kudde-barnstol\\\/\",\"url\":\"https:\\\/\\\/tissi.de\\\/sv\\\/produkt\\\/tissi-kudde-barnstol\\\/\",\"name\":\"Kudde till barnstolen tiSsi\u00ae\",\"isPartOf\":{\"@id\":\"https:\\\/\\\/tissi.de\\\/sv\\\/#website\"},\"primaryImageOfPage\":{\"@id\":\"https:\\\/\\\/tissi.de\\\/sv\\\/produkt\\\/tissi-kudde-barnstol\\\/#primaryimage\"},\"image\":{\"@id\":\"https:\\\/\\\/tissi.de\\\/sv\\\/produkt\\\/tissi-kudde-barnstol\\\/#primaryimage\"},\"thumbnailUrl\":\"https:\\\/\\\/tissi.de\\\/wp-content\\\/uploads\\\/2023\\\/01\\\/red-100742_tiSsi_Hochstuhl_Polster_Curry_1.png\",\"datePublished\":\"2023-11-23T14:41:50+00:00\",\"dateModified\":\"2026-09-02T03:16:50+00:00\",\"description\":\"Sittdyna \\\/ sittinsats f\u00f6r barnstolen tiSsi\u00ae. Finns i olika utf\u00f6randen. Tv\u00e4ttbar i h\u00f6gst 30 grader. \u00d6verdrag i 100 % bomull.\",\"breadcrumb\":{\"@id\":\"https:\\\/\\\/tissi.de\\\/sv\\\/produkt\\\/tissi-kudde-barnstol\\\/#breadcrumb\"},\"inLanguage\":\"sv-SE\",\"potentialAction\":[{\"@type\":\"ReadAction\",\"target\":[\"https:\\\/\\\/tissi.de\\\/sv\\\/produkt\\\/tissi-kudde-barnstol\\\/\"]}]},{\"@type\":\"ImageObject\",\"inLanguage\":\"sv-SE\",\"@id\":\"https:\\\/\\\/tissi.de\\\/sv\\\/produkt\\\/tissi-kudde-barnstol\\\/#primaryimage\",\"url\":\"https:\\\/\\\/tissi.de\\\/wp-content\\\/uploads\\\/2023\\\/01\\\/red-100742_tiSsi_Hochstuhl_Polster_Curry_1.png\",\"contentUrl\":\"https:\\\/\\\/tissi.de\\\/wp-content\\\/uploads\\\/2023\\\/01\\\/red-100742_tiSsi_Hochstuhl_Polster_Curry_1.png\",\"width\":2352,\"height\":1568,\"caption\":\"Orange cushioned seat and backrest on a white high chair. Polster Treppenhochstuhl.\"},{\"@type\":\"BreadcrumbList\",\"@id\":\"https:\\\/\\\/tissi.de\\\/sv\\\/produkt\\\/tissi-kudde-barnstol\\\/#breadcrumb\",\"itemListElement\":[{\"@type\":\"ListItem\",\"position\":1,\"name\":\"Startseite\",\"item\":\"https:\\\/\\\/tissi.de\\\/sv\\\/hem\\\/\"},{\"@type\":\"ListItem\",\"position\":2,\"name\":\"tiSsi\u00ae-kudde \u2013 barnstol\"}]},{\"@type\":\"WebSite\",\"@id\":\"https:\\\/\\\/tissi.de\\\/sv\\\/#website\",\"url\":\"https:\\\/\\\/tissi.de\\\/sv\\\/\",\"name\":\"tiSsi\u00ae\",\"description\":\"Familie beginnt mit uns! Lernturm, Hochstuhl, Kinderm\u00f6bel, Laufgitter\",\"publisher\":{\"@id\":\"https:\\\/\\\/tissi.de\\\/sv\\\/#organization\"},\"potentialAction\":[{\"@type\":\"SearchAction\",\"target\":{\"@type\":\"EntryPoint\",\"urlTemplate\":\"https:\\\/\\\/tissi.de\\\/sv\\\/?s={search_term_string}\"},\"query-input\":{\"@type\":\"PropertyValueSpecification\",\"valueRequired\":true,\"valueName\":\"search_term_string\"}}],\"inLanguage\":\"sv-SE\"},{\"@type\":\"Organization\",\"@id\":\"https:\\\/\\\/tissi.de\\\/sv\\\/#organization\",\"name\":\"M.J. Oster GmbH\",\"url\":\"https:\\\/\\\/tissi.de\\\/sv\\\/\",\"logo\":{\"@type\":\"ImageObject\",\"inLanguage\":\"sv-SE\",\"@id\":\"https:\\\/\\\/tissi.de\\\/sv\\\/#\\\/schema\\\/logo\\\/image\\\/\",\"url\":\"https:\\\/\\\/tissi.de\\\/wp-content\\\/uploads\\\/2022\\\/04\\\/tissi-logo.webp\",\"contentUrl\":\"https:\\\/\\\/tissi.de\\\/wp-content\\\/uploads\\\/2022\\\/04\\\/tissi-logo.webp\",\"width\":300,\"height\":173,\"caption\":\"M.J. Oster GmbH\"},\"image\":{\"@id\":\"https:\\\/\\\/tissi.de\\\/sv\\\/#\\\/schema\\\/logo\\\/image\\\/\"},\"sameAs\":[\"https:\\\/\\\/de-de.facebook.com\\\/tiSsikids\\\/\",\"https:\\\/\\\/www.instagram.com\\\/tissi_kids\\\/\"]}]}<\/script>\n<!-- \/ Yoast SEO plugin. -->","yoast_head_json":{"title":"Kudde till barnstolen tiSsi\u00ae","description":"Sittdyna \/ sittinsats f\u00f6r barnstolen tiSsi\u00ae. Finns i olika utf\u00f6randen. Tv\u00e4ttbar i h\u00f6gst 30 grader. \u00d6verdrag i 100 % bomull.","robots":{"index":"index","follow":"follow","max-snippet":"max-snippet:-1","max-image-preview":"max-image-preview:large","max-video-preview":"max-video-preview:-1"},"canonical":"https:\/\/tissi.de\/sv\/produkt\/tissi-kudde-barnstol\/","og_locale":"sv_SE","og_type":"article","og_title":"Kudde till barnstolen tiSsi\u00ae","og_description":"Sittdyna \/ sittinsats f\u00f6r barnstolen tiSsi\u00ae. Finns i olika utf\u00f6randen. Tv\u00e4ttbar i h\u00f6gst 30 grader. \u00d6verdrag i 100 % bomull.","og_url":"https:\/\/tissi.de\/sv\/produkt\/tissi-kudde-barnstol\/","og_site_name":"tiSsi\u00ae","article_publisher":"https:\/\/de-de.facebook.com\/tiSsikids\/","article_modified_time":"2026-09-02T03:16:50+00:00","og_image":[{"width":1024,"height":683,"url":"https:\/\/tissi.de\/wp-content\/uploads\/2023\/01\/red-100742_tiSsi_Hochstuhl_Polster_Curry_1-1024x683.png","type":"image\/png"}],"twitter_card":"summary_large_image","twitter_misc":{"Ber\u00e4knad l\u00e4stid":"1 minut"},"schema":{"@context":"https:\/\/schema.org","@graph":[{"@type":"WebPage","@id":"https:\/\/tissi.de\/sv\/produkt\/tissi-kudde-barnstol\/","url":"https:\/\/tissi.de\/sv\/produkt\/tissi-kudde-barnstol\/","name":"Kudde till barnstolen tiSsi\u00ae","isPartOf":{"@id":"https:\/\/tissi.de\/sv\/#website"},"primaryImageOfPage":{"@id":"https:\/\/tissi.de\/sv\/produkt\/tissi-kudde-barnstol\/#primaryimage"},"image":{"@id":"https:\/\/tissi.de\/sv\/produkt\/tissi-kudde-barnstol\/#primaryimage"},"thumbnailUrl":"https:\/\/tissi.de\/wp-content\/uploads\/2023\/01\/red-100742_tiSsi_Hochstuhl_Polster_Curry_1.png","datePublished":"2023-11-23T14:41:50+00:00","dateModified":"2026-09-02T03:16:50+00:00","description":"Sittdyna \/ sittinsats f\u00f6r barnstolen tiSsi\u00ae. Finns i olika utf\u00f6randen. Tv\u00e4ttbar i h\u00f6gst 30 grader. \u00d6verdrag i 100 % bomull.","breadcrumb":{"@id":"https:\/\/tissi.de\/sv\/produkt\/tissi-kudde-barnstol\/#breadcrumb"},"inLanguage":"sv-SE","potentialAction":[{"@type":"ReadAction","target":["https:\/\/tissi.de\/sv\/produkt\/tissi-kudde-barnstol\/"]}]},{"@type":"ImageObject","inLanguage":"sv-SE","@id":"https:\/\/tissi.de\/sv\/produkt\/tissi-kudde-barnstol\/#primaryimage","url":"https:\/\/tissi.de\/wp-content\/uploads\/2023\/01\/red-100742_tiSsi_Hochstuhl_Polster_Curry_1.png","contentUrl":"https:\/\/tissi.de\/wp-content\/uploads\/2023\/01\/red-100742_tiSsi_Hochstuhl_Polster_Curry_1.png","width":2352,"height":1568,"caption":"Orange cushioned seat and backrest on a white high chair. Polster Treppenhochstuhl."},{"@type":"BreadcrumbList","@id":"https:\/\/tissi.de\/sv\/produkt\/tissi-kudde-barnstol\/#breadcrumb","itemListElement":[{"@type":"ListItem","position":1,"name":"Startseite","item":"https:\/\/tissi.de\/sv\/hem\/"},{"@type":"ListItem","position":2,"name":"tiSsi\u00ae-kudde \u2013 barnstol"}]},{"@type":"WebSite","@id":"https:\/\/tissi.de\/sv\/#website","url":"https:\/\/tissi.de\/sv\/","name":"tiSsi\u00ae","description":"Familie beginnt mit uns! Lernturm, Hochstuhl, Kinderm\u00f6bel, Laufgitter","publisher":{"@id":"https:\/\/tissi.de\/sv\/#organization"},"potentialAction":[{"@type":"SearchAction","target":{"@type":"EntryPoint","urlTemplate":"https:\/\/tissi.de\/sv\/?s={search_term_string}"},"query-input":{"@type":"PropertyValueSpecification","valueRequired":true,"valueName":"search_term_string"}}],"inLanguage":"sv-SE"},{"@type":"Organization","@id":"https:\/\/tissi.de\/sv\/#organization","name":"M.J. Oster GmbH","url":"https:\/\/tissi.de\/sv\/","logo":{"@type":"ImageObject","inLanguage":"sv-SE","@id":"https:\/\/tissi.de\/sv\/#\/schema\/logo\/image\/","url":"https:\/\/tissi.de\/wp-content\/uploads\/2022\/04\/tissi-logo.webp","contentUrl":"https:\/\/tissi.de\/wp-content\/uploads\/2022\/04\/tissi-logo.webp","width":300,"height":173,"caption":"M.J. Oster GmbH"},"image":{"@id":"https:\/\/tissi.de\/sv\/#\/schema\/logo\/image\/"},"sameAs":["https:\/\/de-de.facebook.com\/tiSsikids\/","https:\/\/www.instagram.com\/tissi_kids\/"]}]}},"jetpack_sharing_enabled":true,"_links":{"self":[{"href":"https:\/\/tissi.de\/sv\/wp-json\/wp\/v2\/product\/60648","targetHints":{"allow":["GET"]}}],"collection":[{"href":"https:\/\/tissi.de\/sv\/wp-json\/wp\/v2\/product"}],"about":[{"href":"https:\/\/tissi.de\/sv\/wp-json\/wp\/v2\/types\/product"}],"version-history":[{"count":1,"href":"https:\/\/tissi.de\/sv\/wp-json\/wp\/v2\/product\/60648\/revisions"}],"predecessor-version":[{"id":60665,"href":"https:\/\/tissi.de\/sv\/wp-json\/wp\/v2\/product\/60648\/revisions\/60665"}],"wp:featuredmedia":[{"embeddable":true,"href":"https:\/\/tissi.de\/sv\/wp-json\/wp\/v2\/media\/3087"}],"wp:attachment":[{"href":"https:\/\/tissi.de\/sv\/wp-json\/wp\/v2\/media?parent=60648"}],"wp:term":[{"taxonomy":"product_brand","embeddable":true,"href":"https:\/\/tissi.de\/sv\/wp-json\/wp\/v2\/product_brand?post=60648"},{"taxonomy":"product_cat","embeddable":true,"href":"https:\/\/tissi.de\/sv\/wp-json\/wp\/v2\/product_cat?post=60648"},{"taxonomy":"product_tag","embeddable":true,"href":"https:\/\/tissi.de\/sv\/wp-json\/wp\/v2\/product_tag?post=60648"},{"taxonomy":"afgc_gallery_cat","embeddable":true,"href":"https:\/\/tissi.de\/sv\/wp-json\/wp\/v2\/afgc_gallery_cat?post=60648"}],"curies":[{"name":"wp","href":"https:\/\/api.w.org\/{rel}","templated":true}]}}