{"id":60673,"date":"2023-11-23T15:07:46","date_gmt":"2023-11-23T14:07:46","guid":{"rendered":"https:\/\/tissi.de\/produkt\/tissi-skriv-och-malarplatta-lartornen-felix\/"},"modified":"2026-09-02T05:16:50","modified_gmt":"2026-09-02T03:16:50","slug":"tissi-skriv-och-malarplatta-lartornen-felix","status":"publish","type":"product","link":"https:\/\/tissi.de\/sv\/produkt\/tissi-skriv-och-malarplatta-lartornen-felix\/","title":{"rendered":"tiSsi\u00ae skriv- och m\u00e5larplatta \u2013 L\u00e4rtornen FELIX"},"content":{"rendered":"<div class=\"wpb-content-wrapper\" id=\"wpb-content-root\"><p>[vc_row][vc_column][vc_tta_accordion section_title_tag=&#8221;h2&#8243; style=&#8221;modern&#8221; color=&#8221;white&#8221; gap=&#8221;10&#8243; c_icon=&#8221;chevron&#8221; c_position=&#8221;right&#8221; active_section=&#8221;1&#8243; no_fill=&#8221;true&#8221; collapsible_all=&#8221;true&#8221;][vc_tta_section title=&#8221;Kreativitet m\u00f6ter funktionalitet&#8221; tab_id=&#8221;439efd5bb61e&#8221;][vc_column_text css=&#8221;&#8221;]<\/p>\n<p><strong>Den perfekta uppgraderingen f\u00f6r din studietorn!<\/strong><\/p>\n<p>tiSsi\u00ae-skriv- och m\u00e5ltavlan f\u00f6rvandlar inl\u00e4rningstornet \u201dFELIX\u201d till en lek- och inl\u00e4rningsstation. Oavsett om man ritar en ink\u00f6pslista eller skapar konstverk \u2013 m\u00f6jligheterna \u00e4r o\u00e4ndliga. <\/p>\n<p><!--more--><\/p>\n<p><strong>Varf\u00f6r just tiSsi\u00ae-skriv- och m\u00e5ltavlan?<\/strong><\/p>\n<ul>\n<li><strong>Dubbel nytta:<\/strong> Din inl\u00e4rningstorn f\u00f6rvandlas p\u00e5 ett \u00f6gonblick fr\u00e5n hj\u00e4lpmedel till leksak och stimulerar ditt barns kreativitet.<\/li>\n<li><strong>Interaktiv upplevelse:<\/strong> Perfekt f\u00f6r de f\u00f6rsta skrivf\u00f6rs\u00f6ken eller kreativa teckningar medan du h\u00e5ller p\u00e5 i k\u00f6ket.<\/li>\n<\/ul>\n<p><strong>H\u00e5llbarhet och kvalitet<\/strong><\/p>\n<ul>\n<li><strong>Tillverkad av tr\u00e4:<\/strong> H\u00e5llbar och robust, precis som alla tiSsi\u00ae-produkter.<\/li>\n<li><strong>Enkel att anv\u00e4nda:<\/strong> Kan skrivas p\u00e5 med krita och \u00e4r l\u00e4tt att tv\u00e4tta bort \u2013 f\u00f6r o\u00e4ndlig lekgl\u00e4dje.<\/li>\n<\/ul>\n<p><strong>Ett perfekt komplement<\/strong><\/p>\n<ul>\n<li><strong>Mer lekgl\u00e4dje, l\u00e4ngre anv\u00e4ndningstid:<\/strong> Tavlan f\u00f6rl\u00e4nger inte bara l\u00e4rtornen livsl\u00e4ngd, utan g\u00f6r den ocks\u00e5 mer m\u00e5ngsidig.<\/li>\n<li><strong>S\u00e4kerhet ing\u00e5r:<\/strong> Precis som med alla tiSsi\u00ae-produkter st\u00e5r ditt barns s\u00e4kerhet i centrum \u00e4ven h\u00e4r.<\/li>\n<\/ul>\n<p>tiSsi\u00ae-skriv- och m\u00e5ltavlan \u00e4r det perfekta tillbeh\u00f6ret till din \u201dFELIX\u201d-inl\u00e4rningstorn fr\u00e5n tiSsi\u00ae!<\/p>\n<p><span><strong>Om du best\u00e4ller via tissi.de f\u00e5r du dessutom ett paket med m\u00e5larkritor p\u00e5 k\u00f6pet!<\/strong><\/span><\/p>\n<\/p>\n<p>[\/vc_column_text][\/vc_tta_section][vc_tta_section title=&#8221;Produktegenskaper&#8221; tab_id=&#8221;2a07cd0a9bf2&#8243;][vc_column_text css=&#8221;&#8221;]<\/p>\n<ul>\n<li data-canvas-width=\"331.53600000000006\">Passar till alla Felix-inl\u00e4rningstorn fr\u00e5n tiSsi\u00ae<\/li>\n<li data-canvas-width=\"269.79200000000003\">\u00d6kad s\u00e4kerhet f\u00f6r de sm\u00e5<\/li>\n<li data-canvas-width=\"550.8319999999999\">\u00c4nnu l\u00e4ngre livsl\u00e4ngd och mer n\u00f6je med tiSsi\u00ae-inl\u00e4rningstornet<\/li>\n<li data-canvas-width=\"233.07200000000003\">H\u00e5llbart tillverkat av tr\u00e4<\/li>\n<li data-canvas-width=\"290.32\">L\u00e4tt att skriva p\u00e5 och tv\u00e4tta bort<\/li>\n<\/ul>\n<p>Skriv- och m\u00e5ltavlan till l\u00e4rtornen FELIX fr\u00e5n tiSsi\u00ae kan enkelt torkas av med en fuktig trasa och skrivas p\u00e5 igen med krita.<\/p>\n<p>[\/vc_column_text][\/vc_tta_section][vc_tta_section title=&#8221;S\u00e4kerhetsanvisningar\/monteringsanvisningar&#8221; tab_id=&#8221;4d4d5e6d2ebd&#8221;][vc_column_text css=&#8221;&#8221;]<\/p>\n<p><img decoding=\"async\" src=\"https:\/\/tissi.de\/wp-content\/uploads\/2023\/02\/pdf.png\"> <a href=\"https:\/\/tissi.de\/wp-content\/uploads\/2024\/12\/MA-Lernturm-mit-Tafel.pdf\">S\u00e4kerhetsanvisningar och monteringsanvisning f\u00f6r skriv- och m\u00e5ltavlan Lernturm FELIX (PDF, 2 MB)<\/a><\/p>\n<p>[\/vc_column_text][\/vc_tta_section][\/vc_tta_accordion][\/vc_column][\/vc_row]<\/p>\n<\/div>","protected":false},"excerpt":{"rendered":"<p>tiSsi\u00ae-skriv- och m\u00e5ltavlan \u00e4r den perfekta till\u00e4ggsprodukten till inl\u00e4rningstornet FELIX och f\u00f6rvandlar det till en kreativ lek- och inl\u00e4rningsstation. Den fr\u00e4mjar kreativiteten och g\u00f6r det m\u00f6jligt f\u00f6r barnet att g\u00f6ra sina f\u00f6rsta skrivf\u00f6rs\u00f6k medan f\u00f6r\u00e4ldrarna \u00e4r upptagna i k\u00f6ket. Tavlan \u00e4r tillverkad av h\u00e5llbart tr\u00e4, \u00e4r robust, kan skrivas p\u00e5 med krita och \u00e4r l\u00e4tt att tv\u00e4tta av. Den f\u00f6rl\u00e4nger anv\u00e4ndningstiden f\u00f6r inl\u00e4rningstornet och erbjuder mer lekgl\u00e4dje samtidigt som barnets s\u00e4kerhet garanteras. Vid best\u00e4llning via tissi.de f\u00e5r du dessutom ett paket med m\u00e5lar krita gratis!    <\/p>\n","protected":false},"featured_media":4188,"template":"","meta":{"_acf_changed":false,"inline_featured_image":false,"footnotes":""},"product_brand":[],"product_cat":[758],"product_tag":[],"afgc_gallery_cat":[],"class_list":["post-60673","product","type-product","status-publish","has-post-thumbnail","product_cat-inlarningstorn","first","instock","featured","taxable","shipping-taxable","purchasable","product-type-simple"],"acf":[],"yoast_head":"<!-- This site is optimized with the Yoast SEO plugin v28.3 - https:\/\/yoast.com\/product\/yoast-seo-wordpress\/ -->\n<title>Skriv- och m\u00e5ltavla till inl\u00e4rningstornet \u201dFELIX\u201d fr\u00e5n tiSsi\u00ae<\/title>\n<meta name=\"description\" content=\"Med skriv- och m\u00e5ltavlan till inl\u00e4rningstornet \u201dFELIX\u201d fr\u00e5n tiSsi f\u00e5r ert inl\u00e4rningstorn en kreativ uppgradering! Nu med en f\u00f6rpackning m\u00e5larkritor p\u00e5 k\u00f6pet!\" \/>\n<meta name=\"robots\" content=\"index, follow, max-snippet:-1, max-image-preview:large, max-video-preview:-1\" \/>\n<link rel=\"canonical\" href=\"https:\/\/tissi.de\/sv\/produkt\/tissi-skriv-och-malarplatta-lartornen-felix\/\" \/>\n<meta property=\"og:locale\" content=\"sv_SE\" \/>\n<meta property=\"og:type\" content=\"article\" \/>\n<meta property=\"og:title\" content=\"Skriv- och m\u00e5ltavla till inl\u00e4rningstornet \u201dFELIX\u201d fr\u00e5n tiSsi\u00ae\" \/>\n<meta property=\"og:description\" content=\"Med skriv- och m\u00e5ltavlan till inl\u00e4rningstornet \u201dFELIX\u201d fr\u00e5n tiSsi f\u00e5r ert inl\u00e4rningstorn en kreativ uppgradering! Nu med en f\u00f6rpackning m\u00e5larkritor p\u00e5 k\u00f6pet!\" \/>\n<meta property=\"og:url\" content=\"https:\/\/tissi.de\/sv\/produkt\/tissi-skriv-och-malarplatta-lartornen-felix\/\" \/>\n<meta property=\"og:site_name\" content=\"tiSsi\u00ae\" \/>\n<meta property=\"article:publisher\" content=\"https:\/\/de-de.facebook.com\/tiSsikids\/\" \/>\n<meta property=\"article:modified_time\" content=\"2026-09-02T03:16:50+00:00\" \/>\n<meta property=\"og:image\" content=\"https:\/\/tissi.de\/wp-content\/uploads\/2023\/11\/100745_Tafel_schwarz_Felix_3-1-e1733750251670.png\" \/>\n\t<meta property=\"og:image:width\" content=\"1426\" \/>\n\t<meta property=\"og:image:height\" content=\"1518\" \/>\n\t<meta property=\"og:image:type\" content=\"image\/png\" \/>\n<meta name=\"twitter:card\" content=\"summary_large_image\" \/>\n<meta name=\"twitter:label1\" content=\"Ber\u00e4knad l\u00e4stid\" \/>\n\t<meta name=\"twitter:data1\" content=\"2 minuter\" \/>\n<script type=\"application\/ld+json\" class=\"yoast-schema-graph\">{\"@context\":\"https:\\\/\\\/schema.org\",\"@graph\":[{\"@type\":\"WebPage\",\"@id\":\"https:\\\/\\\/tissi.de\\\/sv\\\/produkt\\\/tissi-skriv-och-malarplatta-lartornen-felix\\\/\",\"url\":\"https:\\\/\\\/tissi.de\\\/sv\\\/produkt\\\/tissi-skriv-och-malarplatta-lartornen-felix\\\/\",\"name\":\"Skriv- och m\u00e5ltavla till inl\u00e4rningstornet \u201dFELIX\u201d fr\u00e5n tiSsi\u00ae\",\"isPartOf\":{\"@id\":\"https:\\\/\\\/tissi.de\\\/sv\\\/#website\"},\"primaryImageOfPage\":{\"@id\":\"https:\\\/\\\/tissi.de\\\/sv\\\/produkt\\\/tissi-skriv-och-malarplatta-lartornen-felix\\\/#primaryimage\"},\"image\":{\"@id\":\"https:\\\/\\\/tissi.de\\\/sv\\\/produkt\\\/tissi-skriv-och-malarplatta-lartornen-felix\\\/#primaryimage\"},\"thumbnailUrl\":\"https:\\\/\\\/tissi.de\\\/wp-content\\\/uploads\\\/2023\\\/11\\\/100745_Tafel_schwarz_Felix_3-1-e1733750251670.png\",\"datePublished\":\"2023-11-23T14:07:46+00:00\",\"dateModified\":\"2026-09-02T03:16:50+00:00\",\"description\":\"Med skriv- och m\u00e5ltavlan till inl\u00e4rningstornet \u201dFELIX\u201d fr\u00e5n tiSsi f\u00e5r ert inl\u00e4rningstorn en kreativ uppgradering! Nu med en f\u00f6rpackning m\u00e5larkritor p\u00e5 k\u00f6pet!\",\"breadcrumb\":{\"@id\":\"https:\\\/\\\/tissi.de\\\/sv\\\/produkt\\\/tissi-skriv-och-malarplatta-lartornen-felix\\\/#breadcrumb\"},\"inLanguage\":\"sv-SE\",\"potentialAction\":[{\"@type\":\"ReadAction\",\"target\":[\"https:\\\/\\\/tissi.de\\\/sv\\\/produkt\\\/tissi-skriv-och-malarplatta-lartornen-felix\\\/\"]}]},{\"@type\":\"ImageObject\",\"inLanguage\":\"sv-SE\",\"@id\":\"https:\\\/\\\/tissi.de\\\/sv\\\/produkt\\\/tissi-skriv-och-malarplatta-lartornen-felix\\\/#primaryimage\",\"url\":\"https:\\\/\\\/tissi.de\\\/wp-content\\\/uploads\\\/2023\\\/11\\\/100745_Tafel_schwarz_Felix_3-1-e1733750251670.png\",\"contentUrl\":\"https:\\\/\\\/tissi.de\\\/wp-content\\\/uploads\\\/2023\\\/11\\\/100745_Tafel_schwarz_Felix_3-1-e1733750251670.png\",\"width\":1426,\"height\":1518,\"caption\":\"Chalkboard with childlike drawing of a family, sun, and cloud. Schreib- und Maltafel.\"},{\"@type\":\"BreadcrumbList\",\"@id\":\"https:\\\/\\\/tissi.de\\\/sv\\\/produkt\\\/tissi-skriv-och-malarplatta-lartornen-felix\\\/#breadcrumb\",\"itemListElement\":[{\"@type\":\"ListItem\",\"position\":1,\"name\":\"Startseite\",\"item\":\"https:\\\/\\\/tissi.de\\\/sv\\\/hem\\\/\"},{\"@type\":\"ListItem\",\"position\":2,\"name\":\"tiSsi\u00ae skriv- och m\u00e5larplatta \u2013 L\u00e4rtornen FELIX\"}]},{\"@type\":\"WebSite\",\"@id\":\"https:\\\/\\\/tissi.de\\\/sv\\\/#website\",\"url\":\"https:\\\/\\\/tissi.de\\\/sv\\\/\",\"name\":\"tiSsi\u00ae\",\"description\":\"Familie beginnt mit uns! Lernturm, Hochstuhl, Kinderm\u00f6bel, Laufgitter\",\"publisher\":{\"@id\":\"https:\\\/\\\/tissi.de\\\/sv\\\/#organization\"},\"potentialAction\":[{\"@type\":\"SearchAction\",\"target\":{\"@type\":\"EntryPoint\",\"urlTemplate\":\"https:\\\/\\\/tissi.de\\\/sv\\\/?s={search_term_string}\"},\"query-input\":{\"@type\":\"PropertyValueSpecification\",\"valueRequired\":true,\"valueName\":\"search_term_string\"}}],\"inLanguage\":\"sv-SE\"},{\"@type\":\"Organization\",\"@id\":\"https:\\\/\\\/tissi.de\\\/sv\\\/#organization\",\"name\":\"M.J. Oster GmbH\",\"url\":\"https:\\\/\\\/tissi.de\\\/sv\\\/\",\"logo\":{\"@type\":\"ImageObject\",\"inLanguage\":\"sv-SE\",\"@id\":\"https:\\\/\\\/tissi.de\\\/sv\\\/#\\\/schema\\\/logo\\\/image\\\/\",\"url\":\"https:\\\/\\\/tissi.de\\\/wp-content\\\/uploads\\\/2022\\\/04\\\/tissi-logo.webp\",\"contentUrl\":\"https:\\\/\\\/tissi.de\\\/wp-content\\\/uploads\\\/2022\\\/04\\\/tissi-logo.webp\",\"width\":300,\"height\":173,\"caption\":\"M.J. Oster GmbH\"},\"image\":{\"@id\":\"https:\\\/\\\/tissi.de\\\/sv\\\/#\\\/schema\\\/logo\\\/image\\\/\"},\"sameAs\":[\"https:\\\/\\\/de-de.facebook.com\\\/tiSsikids\\\/\",\"https:\\\/\\\/www.instagram.com\\\/tissi_kids\\\/\"]}]}<\/script>\n<!-- \/ Yoast SEO plugin. -->","yoast_head_json":{"title":"Skriv- och m\u00e5ltavla till inl\u00e4rningstornet \u201dFELIX\u201d fr\u00e5n tiSsi\u00ae","description":"Med skriv- och m\u00e5ltavlan till inl\u00e4rningstornet \u201dFELIX\u201d fr\u00e5n tiSsi f\u00e5r ert inl\u00e4rningstorn en kreativ uppgradering! Nu med en f\u00f6rpackning m\u00e5larkritor p\u00e5 k\u00f6pet!","robots":{"index":"index","follow":"follow","max-snippet":"max-snippet:-1","max-image-preview":"max-image-preview:large","max-video-preview":"max-video-preview:-1"},"canonical":"https:\/\/tissi.de\/sv\/produkt\/tissi-skriv-och-malarplatta-lartornen-felix\/","og_locale":"sv_SE","og_type":"article","og_title":"Skriv- och m\u00e5ltavla till inl\u00e4rningstornet \u201dFELIX\u201d fr\u00e5n tiSsi\u00ae","og_description":"Med skriv- och m\u00e5ltavlan till inl\u00e4rningstornet \u201dFELIX\u201d fr\u00e5n tiSsi f\u00e5r ert inl\u00e4rningstorn en kreativ uppgradering! Nu med en f\u00f6rpackning m\u00e5larkritor p\u00e5 k\u00f6pet!","og_url":"https:\/\/tissi.de\/sv\/produkt\/tissi-skriv-och-malarplatta-lartornen-felix\/","og_site_name":"tiSsi\u00ae","article_publisher":"https:\/\/de-de.facebook.com\/tiSsikids\/","article_modified_time":"2026-09-02T03:16:50+00:00","og_image":[{"width":1426,"height":1518,"url":"https:\/\/tissi.de\/wp-content\/uploads\/2023\/11\/100745_Tafel_schwarz_Felix_3-1-e1733750251670.png","type":"image\/png"}],"twitter_card":"summary_large_image","twitter_misc":{"Ber\u00e4knad l\u00e4stid":"2 minuter"},"schema":{"@context":"https:\/\/schema.org","@graph":[{"@type":"WebPage","@id":"https:\/\/tissi.de\/sv\/produkt\/tissi-skriv-och-malarplatta-lartornen-felix\/","url":"https:\/\/tissi.de\/sv\/produkt\/tissi-skriv-och-malarplatta-lartornen-felix\/","name":"Skriv- och m\u00e5ltavla till inl\u00e4rningstornet \u201dFELIX\u201d fr\u00e5n tiSsi\u00ae","isPartOf":{"@id":"https:\/\/tissi.de\/sv\/#website"},"primaryImageOfPage":{"@id":"https:\/\/tissi.de\/sv\/produkt\/tissi-skriv-och-malarplatta-lartornen-felix\/#primaryimage"},"image":{"@id":"https:\/\/tissi.de\/sv\/produkt\/tissi-skriv-och-malarplatta-lartornen-felix\/#primaryimage"},"thumbnailUrl":"https:\/\/tissi.de\/wp-content\/uploads\/2023\/11\/100745_Tafel_schwarz_Felix_3-1-e1733750251670.png","datePublished":"2023-11-23T14:07:46+00:00","dateModified":"2026-09-02T03:16:50+00:00","description":"Med skriv- och m\u00e5ltavlan till inl\u00e4rningstornet \u201dFELIX\u201d fr\u00e5n tiSsi f\u00e5r ert inl\u00e4rningstorn en kreativ uppgradering! Nu med en f\u00f6rpackning m\u00e5larkritor p\u00e5 k\u00f6pet!","breadcrumb":{"@id":"https:\/\/tissi.de\/sv\/produkt\/tissi-skriv-och-malarplatta-lartornen-felix\/#breadcrumb"},"inLanguage":"sv-SE","potentialAction":[{"@type":"ReadAction","target":["https:\/\/tissi.de\/sv\/produkt\/tissi-skriv-och-malarplatta-lartornen-felix\/"]}]},{"@type":"ImageObject","inLanguage":"sv-SE","@id":"https:\/\/tissi.de\/sv\/produkt\/tissi-skriv-och-malarplatta-lartornen-felix\/#primaryimage","url":"https:\/\/tissi.de\/wp-content\/uploads\/2023\/11\/100745_Tafel_schwarz_Felix_3-1-e1733750251670.png","contentUrl":"https:\/\/tissi.de\/wp-content\/uploads\/2023\/11\/100745_Tafel_schwarz_Felix_3-1-e1733750251670.png","width":1426,"height":1518,"caption":"Chalkboard with childlike drawing of a family, sun, and cloud. Schreib- und Maltafel."},{"@type":"BreadcrumbList","@id":"https:\/\/tissi.de\/sv\/produkt\/tissi-skriv-och-malarplatta-lartornen-felix\/#breadcrumb","itemListElement":[{"@type":"ListItem","position":1,"name":"Startseite","item":"https:\/\/tissi.de\/sv\/hem\/"},{"@type":"ListItem","position":2,"name":"tiSsi\u00ae skriv- och m\u00e5larplatta \u2013 L\u00e4rtornen FELIX"}]},{"@type":"WebSite","@id":"https:\/\/tissi.de\/sv\/#website","url":"https:\/\/tissi.de\/sv\/","name":"tiSsi\u00ae","description":"Familie beginnt mit uns! Lernturm, Hochstuhl, Kinderm\u00f6bel, Laufgitter","publisher":{"@id":"https:\/\/tissi.de\/sv\/#organization"},"potentialAction":[{"@type":"SearchAction","target":{"@type":"EntryPoint","urlTemplate":"https:\/\/tissi.de\/sv\/?s={search_term_string}"},"query-input":{"@type":"PropertyValueSpecification","valueRequired":true,"valueName":"search_term_string"}}],"inLanguage":"sv-SE"},{"@type":"Organization","@id":"https:\/\/tissi.de\/sv\/#organization","name":"M.J. Oster GmbH","url":"https:\/\/tissi.de\/sv\/","logo":{"@type":"ImageObject","inLanguage":"sv-SE","@id":"https:\/\/tissi.de\/sv\/#\/schema\/logo\/image\/","url":"https:\/\/tissi.de\/wp-content\/uploads\/2022\/04\/tissi-logo.webp","contentUrl":"https:\/\/tissi.de\/wp-content\/uploads\/2022\/04\/tissi-logo.webp","width":300,"height":173,"caption":"M.J. Oster GmbH"},"image":{"@id":"https:\/\/tissi.de\/sv\/#\/schema\/logo\/image\/"},"sameAs":["https:\/\/de-de.facebook.com\/tiSsikids\/","https:\/\/www.instagram.com\/tissi_kids\/"]}]}},"jetpack_sharing_enabled":true,"_links":{"self":[{"href":"https:\/\/tissi.de\/sv\/wp-json\/wp\/v2\/product\/60673","targetHints":{"allow":["GET"]}}],"collection":[{"href":"https:\/\/tissi.de\/sv\/wp-json\/wp\/v2\/product"}],"about":[{"href":"https:\/\/tissi.de\/sv\/wp-json\/wp\/v2\/types\/product"}],"version-history":[{"count":1,"href":"https:\/\/tissi.de\/sv\/wp-json\/wp\/v2\/product\/60673\/revisions"}],"predecessor-version":[{"id":60681,"href":"https:\/\/tissi.de\/sv\/wp-json\/wp\/v2\/product\/60673\/revisions\/60681"}],"wp:featuredmedia":[{"embeddable":true,"href":"https:\/\/tissi.de\/sv\/wp-json\/wp\/v2\/media\/4188"}],"wp:attachment":[{"href":"https:\/\/tissi.de\/sv\/wp-json\/wp\/v2\/media?parent=60673"}],"wp:term":[{"taxonomy":"product_brand","embeddable":true,"href":"https:\/\/tissi.de\/sv\/wp-json\/wp\/v2\/product_brand?post=60673"},{"taxonomy":"product_cat","embeddable":true,"href":"https:\/\/tissi.de\/sv\/wp-json\/wp\/v2\/product_cat?post=60673"},{"taxonomy":"product_tag","embeddable":true,"href":"https:\/\/tissi.de\/sv\/wp-json\/wp\/v2\/product_tag?post=60673"},{"taxonomy":"afgc_gallery_cat","embeddable":true,"href":"https:\/\/tissi.de\/sv\/wp-json\/wp\/v2\/afgc_gallery_cat?post=60673"}],"curies":[{"name":"wp","href":"https:\/\/api.w.org\/{rel}","templated":true}]}}