{"id":60699,"date":"2023-11-21T11:55:00","date_gmt":"2023-11-21T10:55:00","guid":{"rendered":"https:\/\/tissi.de\/produkt\/tissi-halkskyddsmatta-lartornen-felix\/"},"modified":"2026-09-02T05:17:07","modified_gmt":"2026-09-02T03:17:07","slug":"tissi-halkskyddsmatta-lartornen-felix","status":"publish","type":"product","link":"https:\/\/tissi.de\/sv\/produkt\/tissi-halkskyddsmatta-lartornen-felix\/","title":{"rendered":"tiSsi\u00ae halkskyddsmatta \u2013 L\u00e4rtornen FELIX"},"content":{"rendered":"<div class=\"wpb-content-wrapper\" id=\"wpb-content-root\"><p>[vc_row][vc_column][vc_tta_accordion section_title_tag=&#8221;h2&#8243; style=&#8221;modern&#8221; color=&#8221;white&#8221; gap=&#8221;10&#8243; c_icon=&#8221;chevron&#8221; c_position=&#8221;right&#8221; active_section=&#8221;1&#8243; no_fill=&#8221;true&#8221; collapsible_all=&#8221;true&#8221;][vc_tta_section title=&#8221;\u00c4nnu mer s\u00e4kerhet f\u00f6r din inl\u00e4rningstorn&#8221; tab_id=&#8221;3b8ef1c24803&#8243;][vc_column_text css=&#8221;&#8221;]<\/p>\n<p>tiSsi\u00ae-halkskyddsmattan g\u00f6r inl\u00e4rningstornet \u201dFELIX\u201d \u00e4nnu s\u00e4krare och fr\u00e4mjar ditt barns sj\u00e4lvst\u00e4ndighet. Oavsett om det handlar om att plaska i vattnet eller andra aktiviteter \u00e4r stabiliteten garanterad. <\/p>\n<p><!--more--><\/p>\n<p><strong>Varf\u00f6r v\u00e4lja tiSsi\u00ae-halkskyddsmattan?<\/strong><\/p>\n<ul>\n<li><strong>S\u00e4kerhet Plus:<\/strong> Mattan ger ditt barn extra stabilitet och g\u00f6r det \u00e4nnu s\u00e4krare att anv\u00e4nda inl\u00e4rningstornet.<\/li>\n<li><strong>Fr\u00e4mjar sj\u00e4lvst\u00e4ndighet:<\/strong> Ditt barn kan kl\u00e4ttra upp p\u00e5 inl\u00e4rningstornet p\u00e5 egen hand och p\u00e5 ett s\u00e4kert s\u00e4tt \u2013 \u00e4ven om det blir bl\u00f6tt ibland.<\/li>\n<\/ul>\n<p><strong>Kvalitet som du k\u00e4nner<\/strong><\/p>\n<ul>\n<li><strong>Slitstarkt material:<\/strong> Tillverkat av h\u00e5llbart, robust silikon som t\u00e5l \u00e4ven mindre miss\u00f6den.<\/li>\n<li><strong>Ett perfekt komplement:<\/strong> V\u00e5r halkskyddsmatta passar perfekt till tiSsi\u00ae-inl\u00e4rningstornet \u201dFELIX\u201d och h\u00f6jer dess redan h\u00f6ga s\u00e4kerhetsstandard ytterligare.<\/li>\n<\/ul>\n<p><strong>Passform<\/strong><\/p>\n<ul>\n<li>Mattan \u00e4r speciellt utformad f\u00f6r tiSsi\u00ae-inl\u00e4rningstornet \u201dFELIX\u201d, som enkelt kan anpassas efter ditt barns l\u00e4ngd.<\/li>\n<\/ul>\n<p>Med en b\u00e4rf\u00f6rm\u00e5ga p\u00e5 upp till 250 kg \u00e4r v\u00e5rt l\u00e4rotorn \u201dFELIX\u201d en p\u00e5litlig f\u00f6ljeslagare under hela barndomen.<\/p>\n<p>L\u00e4rtornen \u201dFELIX\u201d fr\u00e5n tiSsi\u00ae \u00f6vertr\u00e4ffar alla internationella s\u00e4kerhetsstandarder. Den halkskyddade mattan \u00f6kar stabiliteten ytterligare. F\u00f6r att ditt barn ska kunna v\u00e4xa upp tryggt!  <\/p>\n<\/p>\n<p>[\/vc_column_text][\/vc_tta_section][vc_tta_section title=&#8221;Produktegenskaper&#8221; tab_id=&#8221;8765f8d5a472&#8243;][vc_column_text css=&#8221;&#8221;]<\/p>\n<ul>\n<li>Passar till alla Felix-inl\u00e4rningstorn fr\u00e5n tiSsi\u00ae<\/li>\n<li>\u00d6kad s\u00e4kerhet f\u00f6r de sm\u00e5<\/li>\n<li>Produktens vikt: ca 1 kg<\/li>\n<li>H\u00e5llbart tillverkat av silikon<\/li>\n<li>Kan diskas i diskmaskin<\/li>\n<li>H\u00e5llbar<\/li>\n<li>M\u00e5tt p\u00e5 den lilla mattan: ca 12 x 35 cm<\/li>\n<li>M\u00e5tt p\u00e5 den stora mattan: ca 27 x 35 cm<strong><br \/>Sk\u00f6tselr\u00e5d:<br \/><\/strong>tiSsi\u00ae:s halkskyddsmatta kan diskas under rinnande vatten och i diskmaskin<\/li>\n<\/ul>\n<p>[\/vc_column_text][\/vc_tta_section][vc_tta_section title=&#8221;S\u00e4kerhetsanvisningar&#8221; tab_id=&#8221;8a26111c23db&#8221;][vc_column_text css=&#8221;&#8221;]<\/p>\n<p><img decoding=\"async\" src=\"https:\/\/tissi.de\/wp-content\/uploads\/2023\/02\/pdf.png\"> <a href=\"https:\/\/tissi.de\/wp-content\/uploads\/2025\/08\/Anti-Rutsch-Matten.pdf\">S\u00e4kerhetsanvisningar f\u00f6r halkskyddsmattor (PDF, 453 kB)<\/a><\/p>\n<p>[\/vc_column_text][\/vc_tta_section][\/vc_tta_accordion][\/vc_column][\/vc_row]<\/p>\n<\/div>","protected":false},"excerpt":{"rendered":"<p>tiSsi\u00ae-antislirmattan \u00f6kar s\u00e4kerheten hos lektorn \u201dFELIX\u201d och fr\u00e4mjar ditt barns sj\u00e4lvst\u00e4ndighet. Den ger extra stabilitet, \u00e4ven vid aktiviteter d\u00e4r det blir bl\u00f6tt, och \u00e4r tillverkad av robust, h\u00e5llbart silikon. Den \u00e4r specialutformad f\u00f6r att passa l\u00e4rtornen perfekt, t\u00e5l en belastning p\u00e5 upp till 250 kg och \u00f6vertr\u00e4ffar alla internationella s\u00e4kerhetsstandarder, vilket m\u00f6jligg\u00f6r en trygg uppv\u00e4xt.  <\/p>\n","protected":false},"featured_media":2933,"template":"","meta":{"_acf_changed":false,"inline_featured_image":false,"footnotes":""},"product_brand":[],"product_cat":[758],"product_tag":[],"afgc_gallery_cat":[],"class_list":["post-60699","product","type-product","status-publish","has-post-thumbnail","product_cat-inlarningstorn","first","instock","taxable","shipping-taxable","purchasable","product-type-simple"],"acf":[],"yoast_head":"<!-- This site is optimized with the Yoast SEO plugin v28.3 - https:\/\/yoast.com\/product\/yoast-seo-wordpress\/ -->\n<title>Halkfri matta till inl\u00e4rningstornet FELIX fr\u00e5n tiSsi\u00ae<\/title>\n<meta name=\"description\" content=\"Tack vare de praktiska halkskyddsmattorna blir inl\u00e4rningstornet FELIX fr\u00e5n tiSsi nu \u00e4nnu s\u00e4krare! Minskar risken f\u00f6r att man halkar av eller glider undan.\" \/>\n<meta name=\"robots\" content=\"index, follow, max-snippet:-1, max-image-preview:large, max-video-preview:-1\" \/>\n<link rel=\"canonical\" href=\"https:\/\/tissi.de\/sv\/produkt\/tissi-halkskyddsmatta-lartornen-felix\/\" \/>\n<meta property=\"og:locale\" content=\"sv_SE\" \/>\n<meta property=\"og:type\" content=\"article\" \/>\n<meta property=\"og:title\" content=\"Halkfri matta till inl\u00e4rningstornet FELIX fr\u00e5n tiSsi\u00ae\" \/>\n<meta property=\"og:description\" content=\"Tack vare de praktiska halkskyddsmattorna blir inl\u00e4rningstornet FELIX fr\u00e5n tiSsi nu \u00e4nnu s\u00e4krare! Minskar risken f\u00f6r att man halkar av eller glider undan.\" \/>\n<meta property=\"og:url\" content=\"https:\/\/tissi.de\/sv\/produkt\/tissi-halkskyddsmatta-lartornen-felix\/\" \/>\n<meta property=\"og:site_name\" content=\"tiSsi\u00ae\" \/>\n<meta property=\"article:publisher\" content=\"https:\/\/de-de.facebook.com\/tiSsikids\/\" \/>\n<meta property=\"article:modified_time\" content=\"2026-09-02T03:17:07+00:00\" \/>\n<meta property=\"og:image\" content=\"https:\/\/tissi.de\/wp-content\/uploads\/2022\/09\/antirutschmatte-lernturm.jpg\" \/>\n\t<meta property=\"og:image:width\" content=\"1000\" \/>\n\t<meta property=\"og:image:height\" content=\"667\" \/>\n\t<meta property=\"og:image:type\" content=\"image\/jpeg\" \/>\n<meta name=\"twitter:card\" content=\"summary_large_image\" \/>\n<meta name=\"twitter:label1\" content=\"Ber\u00e4knad l\u00e4stid\" \/>\n\t<meta name=\"twitter:data1\" content=\"2 minuter\" \/>\n<script type=\"application\/ld+json\" class=\"yoast-schema-graph\">{\"@context\":\"https:\\\/\\\/schema.org\",\"@graph\":[{\"@type\":\"WebPage\",\"@id\":\"https:\\\/\\\/tissi.de\\\/sv\\\/produkt\\\/tissi-halkskyddsmatta-lartornen-felix\\\/\",\"url\":\"https:\\\/\\\/tissi.de\\\/sv\\\/produkt\\\/tissi-halkskyddsmatta-lartornen-felix\\\/\",\"name\":\"Halkfri matta till inl\u00e4rningstornet FELIX fr\u00e5n tiSsi\u00ae\",\"isPartOf\":{\"@id\":\"https:\\\/\\\/tissi.de\\\/sv\\\/#website\"},\"primaryImageOfPage\":{\"@id\":\"https:\\\/\\\/tissi.de\\\/sv\\\/produkt\\\/tissi-halkskyddsmatta-lartornen-felix\\\/#primaryimage\"},\"image\":{\"@id\":\"https:\\\/\\\/tissi.de\\\/sv\\\/produkt\\\/tissi-halkskyddsmatta-lartornen-felix\\\/#primaryimage\"},\"thumbnailUrl\":\"https:\\\/\\\/tissi.de\\\/wp-content\\\/uploads\\\/2022\\\/09\\\/antirutschmatte-lernturm.jpg\",\"datePublished\":\"2023-11-21T10:55:00+00:00\",\"dateModified\":\"2026-09-02T03:17:07+00:00\",\"description\":\"Tack vare de praktiska halkskyddsmattorna blir inl\u00e4rningstornet FELIX fr\u00e5n tiSsi nu \u00e4nnu s\u00e4krare! Minskar risken f\u00f6r att man halkar av eller glider undan.\",\"breadcrumb\":{\"@id\":\"https:\\\/\\\/tissi.de\\\/sv\\\/produkt\\\/tissi-halkskyddsmatta-lartornen-felix\\\/#breadcrumb\"},\"inLanguage\":\"sv-SE\",\"potentialAction\":[{\"@type\":\"ReadAction\",\"target\":[\"https:\\\/\\\/tissi.de\\\/sv\\\/produkt\\\/tissi-halkskyddsmatta-lartornen-felix\\\/\"]}]},{\"@type\":\"ImageObject\",\"inLanguage\":\"sv-SE\",\"@id\":\"https:\\\/\\\/tissi.de\\\/sv\\\/produkt\\\/tissi-halkskyddsmatta-lartornen-felix\\\/#primaryimage\",\"url\":\"https:\\\/\\\/tissi.de\\\/wp-content\\\/uploads\\\/2022\\\/09\\\/antirutschmatte-lernturm.jpg\",\"contentUrl\":\"https:\\\/\\\/tissi.de\\\/wp-content\\\/uploads\\\/2022\\\/09\\\/antirutschmatte-lernturm.jpg\",\"width\":1000,\"height\":667,\"caption\":\"Close-up of a wooden shelf with a gray anti-slip mat, labeled 'tiSsi'. Anti-Rutschmatte.\"},{\"@type\":\"BreadcrumbList\",\"@id\":\"https:\\\/\\\/tissi.de\\\/sv\\\/produkt\\\/tissi-halkskyddsmatta-lartornen-felix\\\/#breadcrumb\",\"itemListElement\":[{\"@type\":\"ListItem\",\"position\":1,\"name\":\"Startseite\",\"item\":\"https:\\\/\\\/tissi.de\\\/sv\\\/hem\\\/\"},{\"@type\":\"ListItem\",\"position\":2,\"name\":\"tiSsi\u00ae halkskyddsmatta \u2013 L\u00e4rtornen FELIX\"}]},{\"@type\":\"WebSite\",\"@id\":\"https:\\\/\\\/tissi.de\\\/sv\\\/#website\",\"url\":\"https:\\\/\\\/tissi.de\\\/sv\\\/\",\"name\":\"tiSsi\u00ae\",\"description\":\"Familie beginnt mit uns! Lernturm, Hochstuhl, Kinderm\u00f6bel, Laufgitter\",\"publisher\":{\"@id\":\"https:\\\/\\\/tissi.de\\\/sv\\\/#organization\"},\"potentialAction\":[{\"@type\":\"SearchAction\",\"target\":{\"@type\":\"EntryPoint\",\"urlTemplate\":\"https:\\\/\\\/tissi.de\\\/sv\\\/?s={search_term_string}\"},\"query-input\":{\"@type\":\"PropertyValueSpecification\",\"valueRequired\":true,\"valueName\":\"search_term_string\"}}],\"inLanguage\":\"sv-SE\"},{\"@type\":\"Organization\",\"@id\":\"https:\\\/\\\/tissi.de\\\/sv\\\/#organization\",\"name\":\"M.J. Oster GmbH\",\"url\":\"https:\\\/\\\/tissi.de\\\/sv\\\/\",\"logo\":{\"@type\":\"ImageObject\",\"inLanguage\":\"sv-SE\",\"@id\":\"https:\\\/\\\/tissi.de\\\/sv\\\/#\\\/schema\\\/logo\\\/image\\\/\",\"url\":\"https:\\\/\\\/tissi.de\\\/wp-content\\\/uploads\\\/2022\\\/04\\\/tissi-logo.webp\",\"contentUrl\":\"https:\\\/\\\/tissi.de\\\/wp-content\\\/uploads\\\/2022\\\/04\\\/tissi-logo.webp\",\"width\":300,\"height\":173,\"caption\":\"M.J. Oster GmbH\"},\"image\":{\"@id\":\"https:\\\/\\\/tissi.de\\\/sv\\\/#\\\/schema\\\/logo\\\/image\\\/\"},\"sameAs\":[\"https:\\\/\\\/de-de.facebook.com\\\/tiSsikids\\\/\",\"https:\\\/\\\/www.instagram.com\\\/tissi_kids\\\/\"]}]}<\/script>\n<!-- \/ Yoast SEO plugin. -->","yoast_head_json":{"title":"Halkfri matta till inl\u00e4rningstornet FELIX fr\u00e5n tiSsi\u00ae","description":"Tack vare de praktiska halkskyddsmattorna blir inl\u00e4rningstornet FELIX fr\u00e5n tiSsi nu \u00e4nnu s\u00e4krare! Minskar risken f\u00f6r att man halkar av eller glider undan.","robots":{"index":"index","follow":"follow","max-snippet":"max-snippet:-1","max-image-preview":"max-image-preview:large","max-video-preview":"max-video-preview:-1"},"canonical":"https:\/\/tissi.de\/sv\/produkt\/tissi-halkskyddsmatta-lartornen-felix\/","og_locale":"sv_SE","og_type":"article","og_title":"Halkfri matta till inl\u00e4rningstornet FELIX fr\u00e5n tiSsi\u00ae","og_description":"Tack vare de praktiska halkskyddsmattorna blir inl\u00e4rningstornet FELIX fr\u00e5n tiSsi nu \u00e4nnu s\u00e4krare! Minskar risken f\u00f6r att man halkar av eller glider undan.","og_url":"https:\/\/tissi.de\/sv\/produkt\/tissi-halkskyddsmatta-lartornen-felix\/","og_site_name":"tiSsi\u00ae","article_publisher":"https:\/\/de-de.facebook.com\/tiSsikids\/","article_modified_time":"2026-09-02T03:17:07+00:00","og_image":[{"width":1000,"height":667,"url":"https:\/\/tissi.de\/wp-content\/uploads\/2022\/09\/antirutschmatte-lernturm.jpg","type":"image\/jpeg"}],"twitter_card":"summary_large_image","twitter_misc":{"Ber\u00e4knad l\u00e4stid":"2 minuter"},"schema":{"@context":"https:\/\/schema.org","@graph":[{"@type":"WebPage","@id":"https:\/\/tissi.de\/sv\/produkt\/tissi-halkskyddsmatta-lartornen-felix\/","url":"https:\/\/tissi.de\/sv\/produkt\/tissi-halkskyddsmatta-lartornen-felix\/","name":"Halkfri matta till inl\u00e4rningstornet FELIX fr\u00e5n tiSsi\u00ae","isPartOf":{"@id":"https:\/\/tissi.de\/sv\/#website"},"primaryImageOfPage":{"@id":"https:\/\/tissi.de\/sv\/produkt\/tissi-halkskyddsmatta-lartornen-felix\/#primaryimage"},"image":{"@id":"https:\/\/tissi.de\/sv\/produkt\/tissi-halkskyddsmatta-lartornen-felix\/#primaryimage"},"thumbnailUrl":"https:\/\/tissi.de\/wp-content\/uploads\/2022\/09\/antirutschmatte-lernturm.jpg","datePublished":"2023-11-21T10:55:00+00:00","dateModified":"2026-09-02T03:17:07+00:00","description":"Tack vare de praktiska halkskyddsmattorna blir inl\u00e4rningstornet FELIX fr\u00e5n tiSsi nu \u00e4nnu s\u00e4krare! Minskar risken f\u00f6r att man halkar av eller glider undan.","breadcrumb":{"@id":"https:\/\/tissi.de\/sv\/produkt\/tissi-halkskyddsmatta-lartornen-felix\/#breadcrumb"},"inLanguage":"sv-SE","potentialAction":[{"@type":"ReadAction","target":["https:\/\/tissi.de\/sv\/produkt\/tissi-halkskyddsmatta-lartornen-felix\/"]}]},{"@type":"ImageObject","inLanguage":"sv-SE","@id":"https:\/\/tissi.de\/sv\/produkt\/tissi-halkskyddsmatta-lartornen-felix\/#primaryimage","url":"https:\/\/tissi.de\/wp-content\/uploads\/2022\/09\/antirutschmatte-lernturm.jpg","contentUrl":"https:\/\/tissi.de\/wp-content\/uploads\/2022\/09\/antirutschmatte-lernturm.jpg","width":1000,"height":667,"caption":"Close-up of a wooden shelf with a gray anti-slip mat, labeled 'tiSsi'. Anti-Rutschmatte."},{"@type":"BreadcrumbList","@id":"https:\/\/tissi.de\/sv\/produkt\/tissi-halkskyddsmatta-lartornen-felix\/#breadcrumb","itemListElement":[{"@type":"ListItem","position":1,"name":"Startseite","item":"https:\/\/tissi.de\/sv\/hem\/"},{"@type":"ListItem","position":2,"name":"tiSsi\u00ae halkskyddsmatta \u2013 L\u00e4rtornen FELIX"}]},{"@type":"WebSite","@id":"https:\/\/tissi.de\/sv\/#website","url":"https:\/\/tissi.de\/sv\/","name":"tiSsi\u00ae","description":"Familie beginnt mit uns! Lernturm, Hochstuhl, Kinderm\u00f6bel, Laufgitter","publisher":{"@id":"https:\/\/tissi.de\/sv\/#organization"},"potentialAction":[{"@type":"SearchAction","target":{"@type":"EntryPoint","urlTemplate":"https:\/\/tissi.de\/sv\/?s={search_term_string}"},"query-input":{"@type":"PropertyValueSpecification","valueRequired":true,"valueName":"search_term_string"}}],"inLanguage":"sv-SE"},{"@type":"Organization","@id":"https:\/\/tissi.de\/sv\/#organization","name":"M.J. Oster GmbH","url":"https:\/\/tissi.de\/sv\/","logo":{"@type":"ImageObject","inLanguage":"sv-SE","@id":"https:\/\/tissi.de\/sv\/#\/schema\/logo\/image\/","url":"https:\/\/tissi.de\/wp-content\/uploads\/2022\/04\/tissi-logo.webp","contentUrl":"https:\/\/tissi.de\/wp-content\/uploads\/2022\/04\/tissi-logo.webp","width":300,"height":173,"caption":"M.J. Oster GmbH"},"image":{"@id":"https:\/\/tissi.de\/sv\/#\/schema\/logo\/image\/"},"sameAs":["https:\/\/de-de.facebook.com\/tiSsikids\/","https:\/\/www.instagram.com\/tissi_kids\/"]}]}},"jetpack_sharing_enabled":true,"_links":{"self":[{"href":"https:\/\/tissi.de\/sv\/wp-json\/wp\/v2\/product\/60699","targetHints":{"allow":["GET"]}}],"collection":[{"href":"https:\/\/tissi.de\/sv\/wp-json\/wp\/v2\/product"}],"about":[{"href":"https:\/\/tissi.de\/sv\/wp-json\/wp\/v2\/types\/product"}],"version-history":[{"count":12,"href":"https:\/\/tissi.de\/sv\/wp-json\/wp\/v2\/product\/60699\/revisions"}],"predecessor-version":[{"id":60724,"href":"https:\/\/tissi.de\/sv\/wp-json\/wp\/v2\/product\/60699\/revisions\/60724"}],"wp:featuredmedia":[{"embeddable":true,"href":"https:\/\/tissi.de\/sv\/wp-json\/wp\/v2\/media\/2933"}],"wp:attachment":[{"href":"https:\/\/tissi.de\/sv\/wp-json\/wp\/v2\/media?parent=60699"}],"wp:term":[{"taxonomy":"product_brand","embeddable":true,"href":"https:\/\/tissi.de\/sv\/wp-json\/wp\/v2\/product_brand?post=60699"},{"taxonomy":"product_cat","embeddable":true,"href":"https:\/\/tissi.de\/sv\/wp-json\/wp\/v2\/product_cat?post=60699"},{"taxonomy":"product_tag","embeddable":true,"href":"https:\/\/tissi.de\/sv\/wp-json\/wp\/v2\/product_tag?post=60699"},{"taxonomy":"afgc_gallery_cat","embeddable":true,"href":"https:\/\/tissi.de\/sv\/wp-json\/wp\/v2\/afgc_gallery_cat?post=60699"}],"curies":[{"name":"wp","href":"https:\/\/api.w.org\/{rel}","templated":true}]}}