{"id":60705,"date":"2022-04-04T19:59:04","date_gmt":"2022-04-04T17:59:04","guid":{"rendered":"https:\/\/tissi.de\/produkt\/tissi-barnstol-underrede-och-sakerhetsbygel\/"},"modified":"2026-09-02T05:17:15","modified_gmt":"2026-09-02T03:17:15","slug":"tissi-barnstol-underrede-och-sakerhetsbygel","status":"publish","type":"product","link":"https:\/\/tissi.de\/sv\/produkt\/tissi-barnstol-underrede-och-sakerhetsbygel\/","title":{"rendered":"tiSsi\u00ae barnstol \u2013 underrede och s\u00e4kerhetsbygel"},"content":{"rendered":"<div class=\"wpb-content-wrapper\" id=\"wpb-content-root\"><p>[vc_row][vc_column][vc_tta_accordion section_title_tag=&#8221;h2&#8243; style=&#8221;modern&#8221; color=&#8221;white&#8221; gap=&#8221;10&#8243; c_icon=&#8221;chevron&#8221; c_position=&#8221;right&#8221; active_section=&#8221;1&#8243; no_fill=&#8221;true&#8221; collapsible_all=&#8221;true&#8221;][vc_tta_section title=&#8221;Den ergonomiska stolen f\u00f6r alla livsfaser \u2013 fr\u00e5n sp\u00e4dbarnstiden till ton\u00e5ren&#8221; tab_id=&#8221;210fcd81dc0d&#8221;][vc_column_text css=&#8221;&#8221;]<\/p>\n<p>Barnstolen tiSsi\u00ae f\u00f6renar ergonomi med flexibilitet och s\u00e4kerhet. Tack vare sin unika S-form passar den vid vilket matbord som helst och f\u00f6ljer ditt barn genom alla livsfaser.<br \/>\n<!--more--><\/p>\n<p><strong>Varf\u00f6r just barnstolen tiSsi\u00ae?<\/strong><\/p>\n<ul>\n<li><strong>Design som v\u00e4xer med barnet:<\/strong> Sitsh\u00f6jd, sittdjup och fotst\u00f6d kan justeras p\u00e5 flera olika s\u00e4tt. En stol som v\u00e4xer med ditt barn. <\/li>\n<li><strong>Maximal v\u00e4ltningss\u00e4kerhet:<\/strong> S\u00e4rskilt n\u00e4r de sm\u00e5 vill ta sats erbjuder stolen extra stabilitet.<\/li>\n<\/ul>\n<p><strong>Kvalitetskontrollerad<\/strong><\/p>\n<ul>\n<li><strong>Certifierad s\u00e4kerhet:<\/strong> GS-godk\u00e4nd enligt DIN EN 14988:2024. Ditt barn \u00e4r i trygga h\u00e4nder hos oss. <\/li>\n<li><strong>H\u00e5llbar tillverkning:<\/strong> Vi satsar p\u00e5 kvalitet och undviker helt och h\u00e5llet skadliga \u00e4mnen.<\/li>\n<\/ul>\n<p><strong>Garanterad l\u00e5ng livsl\u00e4ngd<\/strong><\/p>\n<ul>\n<li><strong>B\u00e4rf\u00f6rm\u00e5ga p\u00e5 upp till 85 kg:<\/strong> En stol som kan anv\u00e4ndas \u00e4nda upp i vuxen \u00e5lder.<\/li>\n<\/ul>\n<p>Barnstolen tiSsi\u00ae \u00e4r mer \u00e4n bara en sittplats. Den \u00e4r en s\u00e4ker och flexibel l\u00f6sning f\u00f6r ett harmoniskt familjeliv.<\/p>\n<p>[\/vc_column_text][\/vc_tta_section][vc_tta_section title=&#8221;Produktegenskaper&#8221; tab_id=&#8221;b62130f7ea19&#8243;][vc_column_text css=&#8221;&#8221;]<\/p>\n<ul>\n<li>\n<ul>\n<li>medv\u00e4xande \u2013 \u00e4ven de allra minsta kan sitta vid bordet p\u00e5 samma h\u00f6jd som de vuxna och l\u00e4ra sig av dem<\/li>\n<li>h\u00f6jdjusterbar sits och fotst\u00f6d<\/li>\n<li>sits och fotst\u00f6d med justerbar djupinst\u00e4llning<\/li>\n<li>enkel att montera<\/li>\n<li>Massivt boktr\u00e4 garanterar l\u00e5ng livsl\u00e4ngd och h\u00f6g stabilitet<\/li>\n<li>Extremt stabil i alla riktningar<\/li>\n<li>ergonomiskt utformad<\/li>\n<li>M\u00e5tt i uppst\u00e4llt l\u00e4ge (BxHxD): ca 43 x 81 x 43<\/li>\n<li>Produktens vikt: ca 6 kg<\/li>\n<li>B\u00e4rf\u00f6rm\u00e5ga: 85 kg<\/li>\n<li>F\u00e4strem och h\u00e5llare ing\u00e5r i leveransen<\/li>\n<\/ul>\n<p><strong>Bygel<\/strong><\/p>\n<ul>\n<li>M\u00e5tt: 41 x 40 x 2 cm<\/li>\n<li>justerbar i djupet<\/li>\n<li>passar under vilket standardk\u00f6ksbord som helst<\/li>\n<li>Massivt tr\u00e4 fr\u00e5n certifierade skogar<\/li>\n<li>Anv\u00e4ndning av lacker enligt DIN 71-3 (f\u00f6r leksaker av tr\u00e4)<\/li>\n<\/ul>\n<\/li>\n<\/ul>\n<p>[\/vc_column_text][\/vc_tta_section][vc_tta_section title=&#8221;S\u00e4kerhetsanvisningar\/monteringsanvisningar&#8221; tab_id=&#8221;693d1cab11dc&#8221;][vc_column_text css=&#8221;&#8221;]<\/p>\n<p><img decoding=\"async\" src=\"https:\/\/tissi.de\/wp-content\/uploads\/2023\/02\/pdf.png\"> <a href=\"https:\/\/tissi.de\/wp-content\/uploads\/2025\/07\/MA-Hochstuhl-1.pdf\">S\u00e4kerhetsanvisningar och monteringsanvisningar f\u00f6r barnstol (PDF, 3 MB)<\/a><\/p>\n<p>[\/vc_column_text][\/vc_tta_section][vc_tta_section title=&#8221;Reservdelar&#8221; tab_id=&#8221;01d244475958&#8243;][vc_column_text css=&#8221;&#8221;]<\/p>\n<p><a href=\"https:\/\/tissi.de\/sv\/produkt-kategorie\/reservdelar-till-barnstol\/\">Reservdelar till barnstol<\/a><\/p>\n<p>[\/vc_column_text][\/vc_tta_section][\/vc_tta_accordion][\/vc_column][\/vc_row]<\/p>\n<\/div>","protected":false},"excerpt":{"rendered":"<p>Barnstolen tiSsi\u00ae kombinerar ergonomi med flexibilitet och s\u00e4kerhet. Tack vare sin unika S-form passar den vid alla matbord och v\u00e4xer med barnet i takt med att sitth\u00f6jden, sittdjupet och fotst\u00f6det kan justeras. Den erbjuder maximal tipps\u00e4kerhet och \u00e4r GS-certifierad enligt DIN EN 14988:2024. Tillverkad av h\u00e5llbara material utan skadliga \u00e4mnen garanterar den en b\u00e4rf\u00f6rm\u00e5ga p\u00e5 upp till 85 kg och kan anv\u00e4ndas \u00e4nda in i vuxen \u00e5lder. tiSsi\u00ae-barnstolen \u00e4r en s\u00e4ker och flexibel l\u00f6sning f\u00f6r ett harmoniskt familjeliv.    <\/p>\n","protected":false},"featured_media":8479,"template":"","meta":{"_acf_changed":false,"inline_featured_image":false,"footnotes":""},"product_brand":[],"product_cat":[760,773],"product_tag":[],"afgc_gallery_cat":[],"class_list":["post-60705","product","type-product","status-publish","has-post-thumbnail","product_cat-barnstol","product_cat-hotell","first","instock","featured","taxable","shipping-taxable","purchasable","product-type-variable","has-default-attributes"],"acf":[],"yoast_head":"<!-- This site is optimized with the Yoast SEO plugin v28.3 - https:\/\/yoast.com\/product\/yoast-seo-wordpress\/ -->\n<title>tiSsi\u00ae barnstol \u2013 underrede och s\u00e4kerhetsbygel<\/title>\n<meta name=\"description\" content=\"Barnstolen tiSsi\u00ae \u00e4r en bekv\u00e4m och ergonomisk sittplats f\u00f6r barn fr\u00e5n 6 m\u00e5nader \u2013 den v\u00e4xer med barnet, \u00e4r h\u00f6jdjusterbar och tipps\u00e4ker\" \/>\n<meta name=\"robots\" content=\"index, follow, max-snippet:-1, max-image-preview:large, max-video-preview:-1\" \/>\n<link rel=\"canonical\" href=\"https:\/\/tissi.de\/sv\/produkt\/tissi-barnstol-underrede-och-sakerhetsbygel\/\" \/>\n<meta property=\"og:locale\" content=\"sv_SE\" \/>\n<meta property=\"og:type\" content=\"article\" \/>\n<meta property=\"og:title\" content=\"tiSsi\u00ae barnstol \u2013 underrede och s\u00e4kerhetsbygel\" \/>\n<meta property=\"og:description\" content=\"Barnstolen tiSsi\u00ae \u00e4r en bekv\u00e4m och ergonomisk sittplats f\u00f6r barn fr\u00e5n 6 m\u00e5nader \u2013 den v\u00e4xer med barnet, \u00e4r h\u00f6jdjusterbar och tipps\u00e4ker\" \/>\n<meta property=\"og:url\" content=\"https:\/\/tissi.de\/sv\/produkt\/tissi-barnstol-underrede-och-sakerhetsbygel\/\" \/>\n<meta property=\"og:site_name\" content=\"tiSsi\u00ae\" \/>\n<meta property=\"article:publisher\" content=\"https:\/\/de-de.facebook.com\/tiSsikids\/\" \/>\n<meta property=\"article:modified_time\" content=\"2026-09-02T03:17:15+00:00\" \/>\n<meta property=\"og:image\" content=\"https:\/\/tissi.de\/wp-content\/uploads\/2025\/04\/100091100093_tISsi_Hochstuhl_grau2_-1-scaled.jpg\" \/>\n\t<meta property=\"og:image:width\" content=\"1707\" \/>\n\t<meta property=\"og:image:height\" content=\"2560\" \/>\n\t<meta property=\"og:image:type\" content=\"image\/jpeg\" \/>\n<meta name=\"twitter:card\" content=\"summary_large_image\" \/>\n<meta name=\"twitter:label1\" content=\"Ber\u00e4knad l\u00e4stid\" \/>\n\t<meta name=\"twitter:data1\" content=\"2 minuter\" \/>\n<script type=\"application\/ld+json\" class=\"yoast-schema-graph\">{\"@context\":\"https:\\\/\\\/schema.org\",\"@graph\":[{\"@type\":\"WebPage\",\"@id\":\"https:\\\/\\\/tissi.de\\\/sv\\\/produkt\\\/tissi-barnstol-underrede-och-sakerhetsbygel\\\/\",\"url\":\"https:\\\/\\\/tissi.de\\\/sv\\\/produkt\\\/tissi-barnstol-underrede-och-sakerhetsbygel\\\/\",\"name\":\"tiSsi\u00ae barnstol \u2013 underrede och s\u00e4kerhetsbygel\",\"isPartOf\":{\"@id\":\"https:\\\/\\\/tissi.de\\\/sv\\\/#website\"},\"primaryImageOfPage\":{\"@id\":\"https:\\\/\\\/tissi.de\\\/sv\\\/produkt\\\/tissi-barnstol-underrede-och-sakerhetsbygel\\\/#primaryimage\"},\"image\":{\"@id\":\"https:\\\/\\\/tissi.de\\\/sv\\\/produkt\\\/tissi-barnstol-underrede-och-sakerhetsbygel\\\/#primaryimage\"},\"thumbnailUrl\":\"https:\\\/\\\/tissi.de\\\/wp-content\\\/uploads\\\/2025\\\/04\\\/100091100093_tISsi_Hochstuhl_grau2_-1-scaled.jpg\",\"datePublished\":\"2022-04-04T17:59:04+00:00\",\"dateModified\":\"2026-09-02T03:17:15+00:00\",\"description\":\"Barnstolen tiSsi\u00ae \u00e4r en bekv\u00e4m och ergonomisk sittplats f\u00f6r barn fr\u00e5n 6 m\u00e5nader \u2013 den v\u00e4xer med barnet, \u00e4r h\u00f6jdjusterbar och tipps\u00e4ker\",\"breadcrumb\":{\"@id\":\"https:\\\/\\\/tissi.de\\\/sv\\\/produkt\\\/tissi-barnstol-underrede-och-sakerhetsbygel\\\/#breadcrumb\"},\"inLanguage\":\"sv-SE\",\"potentialAction\":[{\"@type\":\"ReadAction\",\"target\":[\"https:\\\/\\\/tissi.de\\\/sv\\\/produkt\\\/tissi-barnstol-underrede-och-sakerhetsbygel\\\/\"]}]},{\"@type\":\"ImageObject\",\"inLanguage\":\"sv-SE\",\"@id\":\"https:\\\/\\\/tissi.de\\\/sv\\\/produkt\\\/tissi-barnstol-underrede-och-sakerhetsbygel\\\/#primaryimage\",\"url\":\"https:\\\/\\\/tissi.de\\\/wp-content\\\/uploads\\\/2025\\\/04\\\/100091100093_tISsi_Hochstuhl_grau2_-1-scaled.jpg\",\"contentUrl\":\"https:\\\/\\\/tissi.de\\\/wp-content\\\/uploads\\\/2025\\\/04\\\/100091100093_tISsi_Hochstuhl_grau2_-1-scaled.jpg\",\"width\":1707,\"height\":2560,\"caption\":\"Gray wooden high chair with adjustable seat and footrest, featuring safety straps. Treppenhochstuhl.\"},{\"@type\":\"BreadcrumbList\",\"@id\":\"https:\\\/\\\/tissi.de\\\/sv\\\/produkt\\\/tissi-barnstol-underrede-och-sakerhetsbygel\\\/#breadcrumb\",\"itemListElement\":[{\"@type\":\"ListItem\",\"position\":1,\"name\":\"Startseite\",\"item\":\"https:\\\/\\\/tissi.de\\\/sv\\\/hem\\\/\"},{\"@type\":\"ListItem\",\"position\":2,\"name\":\"tiSsi\u00ae barnstol \u2013 underrede och s\u00e4kerhetsbygel\"}]},{\"@type\":\"WebSite\",\"@id\":\"https:\\\/\\\/tissi.de\\\/sv\\\/#website\",\"url\":\"https:\\\/\\\/tissi.de\\\/sv\\\/\",\"name\":\"tiSsi\u00ae\",\"description\":\"Familie beginnt mit uns! Lernturm, Hochstuhl, Kinderm\u00f6bel, Laufgitter\",\"publisher\":{\"@id\":\"https:\\\/\\\/tissi.de\\\/sv\\\/#organization\"},\"potentialAction\":[{\"@type\":\"SearchAction\",\"target\":{\"@type\":\"EntryPoint\",\"urlTemplate\":\"https:\\\/\\\/tissi.de\\\/sv\\\/?s={search_term_string}\"},\"query-input\":{\"@type\":\"PropertyValueSpecification\",\"valueRequired\":true,\"valueName\":\"search_term_string\"}}],\"inLanguage\":\"sv-SE\"},{\"@type\":\"Organization\",\"@id\":\"https:\\\/\\\/tissi.de\\\/sv\\\/#organization\",\"name\":\"M.J. Oster GmbH\",\"url\":\"https:\\\/\\\/tissi.de\\\/sv\\\/\",\"logo\":{\"@type\":\"ImageObject\",\"inLanguage\":\"sv-SE\",\"@id\":\"https:\\\/\\\/tissi.de\\\/sv\\\/#\\\/schema\\\/logo\\\/image\\\/\",\"url\":\"https:\\\/\\\/tissi.de\\\/wp-content\\\/uploads\\\/2022\\\/04\\\/tissi-logo.webp\",\"contentUrl\":\"https:\\\/\\\/tissi.de\\\/wp-content\\\/uploads\\\/2022\\\/04\\\/tissi-logo.webp\",\"width\":300,\"height\":173,\"caption\":\"M.J. Oster GmbH\"},\"image\":{\"@id\":\"https:\\\/\\\/tissi.de\\\/sv\\\/#\\\/schema\\\/logo\\\/image\\\/\"},\"sameAs\":[\"https:\\\/\\\/de-de.facebook.com\\\/tiSsikids\\\/\",\"https:\\\/\\\/www.instagram.com\\\/tissi_kids\\\/\"]}]}<\/script>\n<!-- \/ Yoast SEO plugin. -->","yoast_head_json":{"title":"tiSsi\u00ae barnstol \u2013 underrede och s\u00e4kerhetsbygel","description":"Barnstolen tiSsi\u00ae \u00e4r en bekv\u00e4m och ergonomisk sittplats f\u00f6r barn fr\u00e5n 6 m\u00e5nader \u2013 den v\u00e4xer med barnet, \u00e4r h\u00f6jdjusterbar och tipps\u00e4ker","robots":{"index":"index","follow":"follow","max-snippet":"max-snippet:-1","max-image-preview":"max-image-preview:large","max-video-preview":"max-video-preview:-1"},"canonical":"https:\/\/tissi.de\/sv\/produkt\/tissi-barnstol-underrede-och-sakerhetsbygel\/","og_locale":"sv_SE","og_type":"article","og_title":"tiSsi\u00ae barnstol \u2013 underrede och s\u00e4kerhetsbygel","og_description":"Barnstolen tiSsi\u00ae \u00e4r en bekv\u00e4m och ergonomisk sittplats f\u00f6r barn fr\u00e5n 6 m\u00e5nader \u2013 den v\u00e4xer med barnet, \u00e4r h\u00f6jdjusterbar och tipps\u00e4ker","og_url":"https:\/\/tissi.de\/sv\/produkt\/tissi-barnstol-underrede-och-sakerhetsbygel\/","og_site_name":"tiSsi\u00ae","article_publisher":"https:\/\/de-de.facebook.com\/tiSsikids\/","article_modified_time":"2026-09-02T03:17:15+00:00","og_image":[{"width":1707,"height":2560,"url":"https:\/\/tissi.de\/wp-content\/uploads\/2025\/04\/100091100093_tISsi_Hochstuhl_grau2_-1-scaled.jpg","type":"image\/jpeg"}],"twitter_card":"summary_large_image","twitter_misc":{"Ber\u00e4knad l\u00e4stid":"2 minuter"},"schema":{"@context":"https:\/\/schema.org","@graph":[{"@type":"WebPage","@id":"https:\/\/tissi.de\/sv\/produkt\/tissi-barnstol-underrede-och-sakerhetsbygel\/","url":"https:\/\/tissi.de\/sv\/produkt\/tissi-barnstol-underrede-och-sakerhetsbygel\/","name":"tiSsi\u00ae barnstol \u2013 underrede och s\u00e4kerhetsbygel","isPartOf":{"@id":"https:\/\/tissi.de\/sv\/#website"},"primaryImageOfPage":{"@id":"https:\/\/tissi.de\/sv\/produkt\/tissi-barnstol-underrede-och-sakerhetsbygel\/#primaryimage"},"image":{"@id":"https:\/\/tissi.de\/sv\/produkt\/tissi-barnstol-underrede-och-sakerhetsbygel\/#primaryimage"},"thumbnailUrl":"https:\/\/tissi.de\/wp-content\/uploads\/2025\/04\/100091100093_tISsi_Hochstuhl_grau2_-1-scaled.jpg","datePublished":"2022-04-04T17:59:04+00:00","dateModified":"2026-09-02T03:17:15+00:00","description":"Barnstolen tiSsi\u00ae \u00e4r en bekv\u00e4m och ergonomisk sittplats f\u00f6r barn fr\u00e5n 6 m\u00e5nader \u2013 den v\u00e4xer med barnet, \u00e4r h\u00f6jdjusterbar och tipps\u00e4ker","breadcrumb":{"@id":"https:\/\/tissi.de\/sv\/produkt\/tissi-barnstol-underrede-och-sakerhetsbygel\/#breadcrumb"},"inLanguage":"sv-SE","potentialAction":[{"@type":"ReadAction","target":["https:\/\/tissi.de\/sv\/produkt\/tissi-barnstol-underrede-och-sakerhetsbygel\/"]}]},{"@type":"ImageObject","inLanguage":"sv-SE","@id":"https:\/\/tissi.de\/sv\/produkt\/tissi-barnstol-underrede-och-sakerhetsbygel\/#primaryimage","url":"https:\/\/tissi.de\/wp-content\/uploads\/2025\/04\/100091100093_tISsi_Hochstuhl_grau2_-1-scaled.jpg","contentUrl":"https:\/\/tissi.de\/wp-content\/uploads\/2025\/04\/100091100093_tISsi_Hochstuhl_grau2_-1-scaled.jpg","width":1707,"height":2560,"caption":"Gray wooden high chair with adjustable seat and footrest, featuring safety straps. Treppenhochstuhl."},{"@type":"BreadcrumbList","@id":"https:\/\/tissi.de\/sv\/produkt\/tissi-barnstol-underrede-och-sakerhetsbygel\/#breadcrumb","itemListElement":[{"@type":"ListItem","position":1,"name":"Startseite","item":"https:\/\/tissi.de\/sv\/hem\/"},{"@type":"ListItem","position":2,"name":"tiSsi\u00ae barnstol \u2013 underrede och s\u00e4kerhetsbygel"}]},{"@type":"WebSite","@id":"https:\/\/tissi.de\/sv\/#website","url":"https:\/\/tissi.de\/sv\/","name":"tiSsi\u00ae","description":"Familie beginnt mit uns! Lernturm, Hochstuhl, Kinderm\u00f6bel, Laufgitter","publisher":{"@id":"https:\/\/tissi.de\/sv\/#organization"},"potentialAction":[{"@type":"SearchAction","target":{"@type":"EntryPoint","urlTemplate":"https:\/\/tissi.de\/sv\/?s={search_term_string}"},"query-input":{"@type":"PropertyValueSpecification","valueRequired":true,"valueName":"search_term_string"}}],"inLanguage":"sv-SE"},{"@type":"Organization","@id":"https:\/\/tissi.de\/sv\/#organization","name":"M.J. Oster GmbH","url":"https:\/\/tissi.de\/sv\/","logo":{"@type":"ImageObject","inLanguage":"sv-SE","@id":"https:\/\/tissi.de\/sv\/#\/schema\/logo\/image\/","url":"https:\/\/tissi.de\/wp-content\/uploads\/2022\/04\/tissi-logo.webp","contentUrl":"https:\/\/tissi.de\/wp-content\/uploads\/2022\/04\/tissi-logo.webp","width":300,"height":173,"caption":"M.J. Oster GmbH"},"image":{"@id":"https:\/\/tissi.de\/sv\/#\/schema\/logo\/image\/"},"sameAs":["https:\/\/de-de.facebook.com\/tiSsikids\/","https:\/\/www.instagram.com\/tissi_kids\/"]}]}},"jetpack_sharing_enabled":true,"_links":{"self":[{"href":"https:\/\/tissi.de\/sv\/wp-json\/wp\/v2\/product\/60705","targetHints":{"allow":["GET"]}}],"collection":[{"href":"https:\/\/tissi.de\/sv\/wp-json\/wp\/v2\/product"}],"about":[{"href":"https:\/\/tissi.de\/sv\/wp-json\/wp\/v2\/types\/product"}],"version-history":[{"count":10,"href":"https:\/\/tissi.de\/sv\/wp-json\/wp\/v2\/product\/60705\/revisions"}],"predecessor-version":[{"id":60769,"href":"https:\/\/tissi.de\/sv\/wp-json\/wp\/v2\/product\/60705\/revisions\/60769"}],"wp:featuredmedia":[{"embeddable":true,"href":"https:\/\/tissi.de\/sv\/wp-json\/wp\/v2\/media\/8479"}],"wp:attachment":[{"href":"https:\/\/tissi.de\/sv\/wp-json\/wp\/v2\/media?parent=60705"}],"wp:term":[{"taxonomy":"product_brand","embeddable":true,"href":"https:\/\/tissi.de\/sv\/wp-json\/wp\/v2\/product_brand?post=60705"},{"taxonomy":"product_cat","embeddable":true,"href":"https:\/\/tissi.de\/sv\/wp-json\/wp\/v2\/product_cat?post=60705"},{"taxonomy":"product_tag","embeddable":true,"href":"https:\/\/tissi.de\/sv\/wp-json\/wp\/v2\/product_tag?post=60705"},{"taxonomy":"afgc_gallery_cat","embeddable":true,"href":"https:\/\/tissi.de\/sv\/wp-json\/wp\/v2\/afgc_gallery_cat?post=60705"}],"curies":[{"name":"wp","href":"https:\/\/api.w.org\/{rel}","templated":true}]}}