{"id":60739,"date":"2023-07-25T21:59:50","date_gmt":"2023-07-25T19:59:50","guid":{"rendered":"https:\/\/tissi.de\/produkt\/tissi-sidobadd-och-babysang-hajo\/"},"modified":"2026-09-02T05:17:15","modified_gmt":"2026-09-02T03:17:15","slug":"tissi-sidobadd-och-babysang-hajo","status":"publish","type":"product","link":"https:\/\/tissi.de\/sv\/produkt\/tissi-sidobadd-och-babysang-hajo\/","title":{"rendered":"tiSsi\u00ae sidob\u00e4dd och babys\u00e4ng HAJO"},"content":{"rendered":"<div class=\"wpb-content-wrapper\" id=\"wpb-content-root\"><p>[vc_row][vc_column][vc_tta_accordion section_title_tag=&#8221;h2&#8243; style=&#8221;modern&#8221; color=&#8221;white&#8221; gap=&#8221;10&#8243; c_icon=&#8221;chevron&#8221; c_position=&#8221;right&#8221; active_section=&#8221;1&#8243; no_fill=&#8221;true&#8221; collapsible_all=&#8221;true&#8221;][vc_tta_section title=&#8221;S\u00e4ngen som v\u00e4xer med barnet!&#8221; tab_id=&#8221;d93d3b72c08f&#8221;][vc_column_text css=&#8221;&#8221;]<\/p>\n<p>Barn- och till\u00e4ggss\u00e4ngen \u201dHAJO\u201d fr\u00e5n tiSsi\u00ae \u00e4r mer \u00e4n bara en sovplats. Det \u00e4r en m\u00e5ngsidig f\u00f6ljeslagare som anpassar sig efter din familjs behov och kan anv\u00e4ndas i m\u00e5nga \u00e5r fram\u00f6ver. <\/p>\n<p><!--more--><\/p>\n<p><strong>Varf\u00f6r just s\u00e4ngen \u201dHAJO\u201d?<\/strong><\/p>\n<ul>\n<li>Multifunktionell: En s\u00e4ng f\u00f6r alla \u00e5ldersfaser \u2013 fr\u00e5n nyf\u00f6dd till 6 \u00e5r. Du slipper k\u00f6pa flera s\u00e4ngar. <\/li>\n<li>V\u00e4xer med barnet: Tack vare det inbyggda, justerbara s\u00e4kerhetsgalleret och de tre stegpinnarna v\u00e4xer \u201dHAJO\u201d med ditt barn.<\/li>\n<\/ul>\n<p>Komfort och praktiskhet<\/p>\n<ul>\n<li>Rymlig: Tillr\u00e4ckligt med utrymme f\u00f6r att bekv\u00e4mt byta bl\u00f6ja p\u00e5 ditt barn \u00e4ven p\u00e5 natten, utan att beh\u00f6va flytta det till en annan s\u00e4ng.<\/li>\n<\/ul>\n<p>S\u00e4kerhet och h\u00e5llbarhet<\/p>\n<ul>\n<li>Milj\u00f6v\u00e4nliga material: S\u00e4kra f\u00f6r ditt barn och bra f\u00f6r milj\u00f6n.<\/li>\n<li>Kontrollerad kvalitet: Inga skadliga \u00e4mnen anv\u00e4nds. Ditt barn \u00e4r i trygga h\u00e4nder hos oss. <\/li>\n<\/ul>\n<p>S\u00e4ngen \u201dHAJO\u201d fr\u00e5n tiSsi\u00ae \u00e4r en h\u00e5llbar, s\u00e4ker och flexibel sov- och viloplats f\u00f6r ditt barn.<\/p>\n<\/p>\n<p>[\/vc_column_text][\/vc_tta_section][vc_tta_section title=&#8221;Leveransinneh\u00e5ll och produktegenskaper  &#8221; tab_id=&#8221;43a522c1bb45&#8243;][vc_column_text css=&#8221;&#8221;]<\/p>\n<p><strong>Produktens egenskaper:<\/strong><\/p>\n<ul>\n<li>Hjul med bromsar<\/li>\n<li>Liggyta: 120 x 60 cm<\/li>\n<li>S\u00e4ngm\u00e5tt: 124 x 64 cm<\/li>\n<li>patenterat s\u00e4kerhetssystem<\/li>\n<li>H\u00f6jdjusterbar ribbotten (extrab\u00e4dd 53\u201378 cm, barns\u00e4ng 38\u201378 cm)<\/li>\n<li>L\u00e4mplig f\u00f6r f\u00f6r\u00e4ldras\u00e4ngar med en h\u00f6jd p\u00e5 49\u201374 cm<\/li>\n<li>Massivt boktr\u00e4 fr\u00e5n certifierade skogar<\/li>\n<li>Anv\u00e4ndning av lacker enligt DIN 71-3 (f\u00f6r leksaker av tr\u00e4)<\/li>\n<li>maximal belastning: 25 kg<\/li>\n<li>inkl. 3 glidsteg <\/li>\n<\/ul>\n<p><strong>Leveransinneh\u00e5ll:<\/strong><\/p>\n<ul>\n<li>S\u00e4ng<\/li>\n<li>4 hjul med parkeringsbroms (parketthjul)<\/li>\n<li>F\u00e4stremmar<\/li>\n<\/ul>\n<p>[\/vc_column_text][\/vc_tta_section][vc_tta_section title=&#8221;S\u00e4kerhetsanvisningar\/monteringsanvisningar&#8221; tab_id=&#8221;9c621b611daa&#8221;][vc_column_text css=&#8221;&#8221;]<\/p>\n<p><img decoding=\"async\" src=\"https:\/\/tissi.de\/wp-content\/uploads\/2023\/02\/pdf.png\"> <a href=\"https:\/\/tissi.de\/wp-content\/uploads\/2026\/01\/MA-Beistellbett-Hajo.pdf\">S\u00e4kerhetsanvisningar och monteringsanvisning f\u00f6r extrab\u00e4dd HAJO (PDF, 7 MB)<\/a><\/p>\n<p><a href=\"https:\/\/catalogue.arkid.app\/embed\/PLmo0PryEfAVQt8_aaq3Qw#v=none\" target=\"_blank\" rel=\"noopener\"><img loading=\"lazy\" decoding=\"async\" src=\"https:\/\/tissi.de\/wp-content\/uploads\/2026\/02\/tiSsi_360grad_button.png\" width=\"30\" height=\"30\" alt=\"\" class=\"wp-image-14200 alignnone size-full\">Digital monteringsanvisning<\/a><\/p>\n<p>[\/vc_column_text][\/vc_tta_section][vc_tta_section title=&#8221;Reservdelar&#8221; tab_id=&#8221;687a17190a0b&#8221;][vc_column_text css=&#8221;&#8221;]<\/p>\n<p><a href=\"https:\/\/tissi.de\/sv\/produkt-kategorie\/reservdelar-hajo\/\">Reservdelar till till\u00e4ggs\u00e4ng HAJO<\/a><\/p>\n<p>[\/vc_column_text][\/vc_tta_section][\/vc_tta_accordion][vc_single_image image=&#8221;60528&#8243; img_size=&#8221;200&#215;99&#8243; css=&#8221;&#8221;][\/vc_column][\/vc_row]<\/p>\n<\/div>","protected":false},"excerpt":{"rendered":"<p>Barn- och till\u00e4ggss\u00e4ngen HAJO fr\u00e5n tiSsi\u00ae \u00e4r en s\u00e4ng som v\u00e4xer med barnet, anpassar sig efter familjens behov och kan anv\u00e4ndas fram till 6 \u00e5rs \u00e5lder. Den \u00e4r multifunktionell, med ett justerbart s\u00e4kerhetsgaller och tre avtagbara ribbor. Med gott om utrymme f\u00f6r nattlig bl\u00f6jbyte \u00e4r den b\u00e5de bekv\u00e4m och praktisk. Tillverkad av ekologiska material \u00e4r den s\u00e4ker f\u00f6r ditt barn och milj\u00f6v\u00e4nlig, utan skadliga \u00e4mnen. HAJO \u00e4r en h\u00e5llbar och s\u00e4ker sov- och viloplats f\u00f6r ditt barn.    <\/p>\n","protected":false},"featured_media":3348,"template":"","meta":{"_acf_changed":false,"inline_featured_image":false,"footnotes":""},"product_brand":[],"product_cat":[744],"product_tag":[],"afgc_gallery_cat":[],"class_list":["post-60739","product","type-product","status-publish","has-post-thumbnail","product_cat-extrasang","first","instock","featured","taxable","shipping-taxable","purchasable","product-type-variable","has-default-attributes"],"acf":[],"yoast_head":"<!-- This site is optimized with the Yoast SEO plugin v28.3 - https:\/\/yoast.com\/product\/yoast-seo-wordpress\/ -->\n<title>tiSsi\u00ae barnm\u00f6bler \u2013 till\u00e4ggss\u00e4ng\/babys\u00e4ng \u201dHAJO\u201d<\/title>\n<meta name=\"description\" content=\"tiSsi\u00ae till\u00e4ggss\u00e4ng\/barns\u00e4ng \u201dHAJO\u201d \u2013 med dig fr\u00e5n f\u00f6rsta stund. S\u00e4ngen som v\u00e4xer med barnet! Kan anv\u00e4ndas b\u00e5de som till\u00e4ggss\u00e4ng och som fullv\u00e4rdig barns\u00e4ng!\" \/>\n<meta name=\"robots\" content=\"index, follow, max-snippet:-1, max-image-preview:large, max-video-preview:-1\" \/>\n<link rel=\"canonical\" href=\"https:\/\/tissi.de\/sv\/produkt\/tissi-sidobadd-och-babysang-hajo\/\" \/>\n<meta property=\"og:locale\" content=\"sv_SE\" \/>\n<meta property=\"og:type\" content=\"article\" \/>\n<meta property=\"og:title\" content=\"tiSsi\u00ae barnm\u00f6bler \u2013 till\u00e4ggss\u00e4ng\/babys\u00e4ng \u201dHAJO\u201d\" \/>\n<meta property=\"og:description\" content=\"tiSsi\u00ae till\u00e4ggss\u00e4ng\/barns\u00e4ng \u201dHAJO\u201d \u2013 med dig fr\u00e5n f\u00f6rsta stund. S\u00e4ngen som v\u00e4xer med barnet! Kan anv\u00e4ndas b\u00e5de som till\u00e4ggss\u00e4ng och som fullv\u00e4rdig barns\u00e4ng!\" \/>\n<meta property=\"og:url\" content=\"https:\/\/tissi.de\/sv\/produkt\/tissi-sidobadd-och-babysang-hajo\/\" \/>\n<meta property=\"og:site_name\" content=\"tiSsi\u00ae\" \/>\n<meta property=\"article:publisher\" content=\"https:\/\/de-de.facebook.com\/tiSsikids\/\" \/>\n<meta property=\"article:modified_time\" content=\"2026-09-02T03:17:15+00:00\" \/>\n<meta property=\"og:image\" content=\"https:\/\/tissi.de\/wp-content\/uploads\/2023\/07\/Hajo_freisteller_01.jpg\" \/>\n\t<meta property=\"og:image:width\" content=\"800\" \/>\n\t<meta property=\"og:image:height\" content=\"800\" \/>\n\t<meta property=\"og:image:type\" content=\"image\/jpeg\" \/>\n<meta name=\"twitter:card\" content=\"summary_large_image\" \/>\n<meta name=\"twitter:label1\" content=\"Ber\u00e4knad l\u00e4stid\" \/>\n\t<meta name=\"twitter:data1\" content=\"2 minuter\" \/>\n<script type=\"application\/ld+json\" class=\"yoast-schema-graph\">{\"@context\":\"https:\\\/\\\/schema.org\",\"@graph\":[{\"@type\":\"WebPage\",\"@id\":\"https:\\\/\\\/tissi.de\\\/sv\\\/produkt\\\/tissi-sidobadd-och-babysang-hajo\\\/\",\"url\":\"https:\\\/\\\/tissi.de\\\/sv\\\/produkt\\\/tissi-sidobadd-och-babysang-hajo\\\/\",\"name\":\"tiSsi\u00ae barnm\u00f6bler \u2013 till\u00e4ggss\u00e4ng\\\/babys\u00e4ng \u201dHAJO\u201d\",\"isPartOf\":{\"@id\":\"https:\\\/\\\/tissi.de\\\/sv\\\/#website\"},\"primaryImageOfPage\":{\"@id\":\"https:\\\/\\\/tissi.de\\\/sv\\\/produkt\\\/tissi-sidobadd-och-babysang-hajo\\\/#primaryimage\"},\"image\":{\"@id\":\"https:\\\/\\\/tissi.de\\\/sv\\\/produkt\\\/tissi-sidobadd-och-babysang-hajo\\\/#primaryimage\"},\"thumbnailUrl\":\"https:\\\/\\\/tissi.de\\\/wp-content\\\/uploads\\\/2023\\\/07\\\/Hajo_freisteller_01.jpg\",\"datePublished\":\"2023-07-25T19:59:50+00:00\",\"dateModified\":\"2026-09-02T03:17:15+00:00\",\"description\":\"tiSsi\u00ae till\u00e4ggss\u00e4ng\\\/barns\u00e4ng \u201dHAJO\u201d \u2013 med dig fr\u00e5n f\u00f6rsta stund. S\u00e4ngen som v\u00e4xer med barnet! Kan anv\u00e4ndas b\u00e5de som till\u00e4ggss\u00e4ng och som fullv\u00e4rdig barns\u00e4ng!\",\"breadcrumb\":{\"@id\":\"https:\\\/\\\/tissi.de\\\/sv\\\/produkt\\\/tissi-sidobadd-och-babysang-hajo\\\/#breadcrumb\"},\"inLanguage\":\"sv-SE\",\"potentialAction\":[{\"@type\":\"ReadAction\",\"target\":[\"https:\\\/\\\/tissi.de\\\/sv\\\/produkt\\\/tissi-sidobadd-och-babysang-hajo\\\/\"]}]},{\"@type\":\"ImageObject\",\"inLanguage\":\"sv-SE\",\"@id\":\"https:\\\/\\\/tissi.de\\\/sv\\\/produkt\\\/tissi-sidobadd-och-babysang-hajo\\\/#primaryimage\",\"url\":\"https:\\\/\\\/tissi.de\\\/wp-content\\\/uploads\\\/2023\\\/07\\\/Hajo_freisteller_01.jpg\",\"contentUrl\":\"https:\\\/\\\/tissi.de\\\/wp-content\\\/uploads\\\/2023\\\/07\\\/Hajo_freisteller_01.jpg\",\"width\":800,\"height\":800,\"caption\":\"Wooden baby crib with slatted sides and wheels on white background.\"},{\"@type\":\"BreadcrumbList\",\"@id\":\"https:\\\/\\\/tissi.de\\\/sv\\\/produkt\\\/tissi-sidobadd-och-babysang-hajo\\\/#breadcrumb\",\"itemListElement\":[{\"@type\":\"ListItem\",\"position\":1,\"name\":\"Startseite\",\"item\":\"https:\\\/\\\/tissi.de\\\/sv\\\/hem\\\/\"},{\"@type\":\"ListItem\",\"position\":2,\"name\":\"tiSsi\u00ae sidob\u00e4dd och babys\u00e4ng HAJO\"}]},{\"@type\":\"WebSite\",\"@id\":\"https:\\\/\\\/tissi.de\\\/sv\\\/#website\",\"url\":\"https:\\\/\\\/tissi.de\\\/sv\\\/\",\"name\":\"tiSsi\u00ae\",\"description\":\"Familie beginnt mit uns! Lernturm, Hochstuhl, Kinderm\u00f6bel, Laufgitter\",\"publisher\":{\"@id\":\"https:\\\/\\\/tissi.de\\\/sv\\\/#organization\"},\"potentialAction\":[{\"@type\":\"SearchAction\",\"target\":{\"@type\":\"EntryPoint\",\"urlTemplate\":\"https:\\\/\\\/tissi.de\\\/sv\\\/?s={search_term_string}\"},\"query-input\":{\"@type\":\"PropertyValueSpecification\",\"valueRequired\":true,\"valueName\":\"search_term_string\"}}],\"inLanguage\":\"sv-SE\"},{\"@type\":\"Organization\",\"@id\":\"https:\\\/\\\/tissi.de\\\/sv\\\/#organization\",\"name\":\"M.J. Oster GmbH\",\"url\":\"https:\\\/\\\/tissi.de\\\/sv\\\/\",\"logo\":{\"@type\":\"ImageObject\",\"inLanguage\":\"sv-SE\",\"@id\":\"https:\\\/\\\/tissi.de\\\/sv\\\/#\\\/schema\\\/logo\\\/image\\\/\",\"url\":\"https:\\\/\\\/tissi.de\\\/wp-content\\\/uploads\\\/2022\\\/04\\\/tissi-logo.webp\",\"contentUrl\":\"https:\\\/\\\/tissi.de\\\/wp-content\\\/uploads\\\/2022\\\/04\\\/tissi-logo.webp\",\"width\":300,\"height\":173,\"caption\":\"M.J. Oster GmbH\"},\"image\":{\"@id\":\"https:\\\/\\\/tissi.de\\\/sv\\\/#\\\/schema\\\/logo\\\/image\\\/\"},\"sameAs\":[\"https:\\\/\\\/de-de.facebook.com\\\/tiSsikids\\\/\",\"https:\\\/\\\/www.instagram.com\\\/tissi_kids\\\/\"]}]}<\/script>\n<!-- \/ Yoast SEO plugin. -->","yoast_head_json":{"title":"tiSsi\u00ae barnm\u00f6bler \u2013 till\u00e4ggss\u00e4ng\/babys\u00e4ng \u201dHAJO\u201d","description":"tiSsi\u00ae till\u00e4ggss\u00e4ng\/barns\u00e4ng \u201dHAJO\u201d \u2013 med dig fr\u00e5n f\u00f6rsta stund. S\u00e4ngen som v\u00e4xer med barnet! Kan anv\u00e4ndas b\u00e5de som till\u00e4ggss\u00e4ng och som fullv\u00e4rdig barns\u00e4ng!","robots":{"index":"index","follow":"follow","max-snippet":"max-snippet:-1","max-image-preview":"max-image-preview:large","max-video-preview":"max-video-preview:-1"},"canonical":"https:\/\/tissi.de\/sv\/produkt\/tissi-sidobadd-och-babysang-hajo\/","og_locale":"sv_SE","og_type":"article","og_title":"tiSsi\u00ae barnm\u00f6bler \u2013 till\u00e4ggss\u00e4ng\/babys\u00e4ng \u201dHAJO\u201d","og_description":"tiSsi\u00ae till\u00e4ggss\u00e4ng\/barns\u00e4ng \u201dHAJO\u201d \u2013 med dig fr\u00e5n f\u00f6rsta stund. S\u00e4ngen som v\u00e4xer med barnet! Kan anv\u00e4ndas b\u00e5de som till\u00e4ggss\u00e4ng och som fullv\u00e4rdig barns\u00e4ng!","og_url":"https:\/\/tissi.de\/sv\/produkt\/tissi-sidobadd-och-babysang-hajo\/","og_site_name":"tiSsi\u00ae","article_publisher":"https:\/\/de-de.facebook.com\/tiSsikids\/","article_modified_time":"2026-09-02T03:17:15+00:00","og_image":[{"width":800,"height":800,"url":"https:\/\/tissi.de\/wp-content\/uploads\/2023\/07\/Hajo_freisteller_01.jpg","type":"image\/jpeg"}],"twitter_card":"summary_large_image","twitter_misc":{"Ber\u00e4knad l\u00e4stid":"2 minuter"},"schema":{"@context":"https:\/\/schema.org","@graph":[{"@type":"WebPage","@id":"https:\/\/tissi.de\/sv\/produkt\/tissi-sidobadd-och-babysang-hajo\/","url":"https:\/\/tissi.de\/sv\/produkt\/tissi-sidobadd-och-babysang-hajo\/","name":"tiSsi\u00ae barnm\u00f6bler \u2013 till\u00e4ggss\u00e4ng\/babys\u00e4ng \u201dHAJO\u201d","isPartOf":{"@id":"https:\/\/tissi.de\/sv\/#website"},"primaryImageOfPage":{"@id":"https:\/\/tissi.de\/sv\/produkt\/tissi-sidobadd-och-babysang-hajo\/#primaryimage"},"image":{"@id":"https:\/\/tissi.de\/sv\/produkt\/tissi-sidobadd-och-babysang-hajo\/#primaryimage"},"thumbnailUrl":"https:\/\/tissi.de\/wp-content\/uploads\/2023\/07\/Hajo_freisteller_01.jpg","datePublished":"2023-07-25T19:59:50+00:00","dateModified":"2026-09-02T03:17:15+00:00","description":"tiSsi\u00ae till\u00e4ggss\u00e4ng\/barns\u00e4ng \u201dHAJO\u201d \u2013 med dig fr\u00e5n f\u00f6rsta stund. S\u00e4ngen som v\u00e4xer med barnet! Kan anv\u00e4ndas b\u00e5de som till\u00e4ggss\u00e4ng och som fullv\u00e4rdig barns\u00e4ng!","breadcrumb":{"@id":"https:\/\/tissi.de\/sv\/produkt\/tissi-sidobadd-och-babysang-hajo\/#breadcrumb"},"inLanguage":"sv-SE","potentialAction":[{"@type":"ReadAction","target":["https:\/\/tissi.de\/sv\/produkt\/tissi-sidobadd-och-babysang-hajo\/"]}]},{"@type":"ImageObject","inLanguage":"sv-SE","@id":"https:\/\/tissi.de\/sv\/produkt\/tissi-sidobadd-och-babysang-hajo\/#primaryimage","url":"https:\/\/tissi.de\/wp-content\/uploads\/2023\/07\/Hajo_freisteller_01.jpg","contentUrl":"https:\/\/tissi.de\/wp-content\/uploads\/2023\/07\/Hajo_freisteller_01.jpg","width":800,"height":800,"caption":"Wooden baby crib with slatted sides and wheels on white background."},{"@type":"BreadcrumbList","@id":"https:\/\/tissi.de\/sv\/produkt\/tissi-sidobadd-och-babysang-hajo\/#breadcrumb","itemListElement":[{"@type":"ListItem","position":1,"name":"Startseite","item":"https:\/\/tissi.de\/sv\/hem\/"},{"@type":"ListItem","position":2,"name":"tiSsi\u00ae sidob\u00e4dd och babys\u00e4ng HAJO"}]},{"@type":"WebSite","@id":"https:\/\/tissi.de\/sv\/#website","url":"https:\/\/tissi.de\/sv\/","name":"tiSsi\u00ae","description":"Familie beginnt mit uns! Lernturm, Hochstuhl, Kinderm\u00f6bel, Laufgitter","publisher":{"@id":"https:\/\/tissi.de\/sv\/#organization"},"potentialAction":[{"@type":"SearchAction","target":{"@type":"EntryPoint","urlTemplate":"https:\/\/tissi.de\/sv\/?s={search_term_string}"},"query-input":{"@type":"PropertyValueSpecification","valueRequired":true,"valueName":"search_term_string"}}],"inLanguage":"sv-SE"},{"@type":"Organization","@id":"https:\/\/tissi.de\/sv\/#organization","name":"M.J. Oster GmbH","url":"https:\/\/tissi.de\/sv\/","logo":{"@type":"ImageObject","inLanguage":"sv-SE","@id":"https:\/\/tissi.de\/sv\/#\/schema\/logo\/image\/","url":"https:\/\/tissi.de\/wp-content\/uploads\/2022\/04\/tissi-logo.webp","contentUrl":"https:\/\/tissi.de\/wp-content\/uploads\/2022\/04\/tissi-logo.webp","width":300,"height":173,"caption":"M.J. Oster GmbH"},"image":{"@id":"https:\/\/tissi.de\/sv\/#\/schema\/logo\/image\/"},"sameAs":["https:\/\/de-de.facebook.com\/tiSsikids\/","https:\/\/www.instagram.com\/tissi_kids\/"]}]}},"jetpack_sharing_enabled":true,"_links":{"self":[{"href":"https:\/\/tissi.de\/sv\/wp-json\/wp\/v2\/product\/60739","targetHints":{"allow":["GET"]}}],"collection":[{"href":"https:\/\/tissi.de\/sv\/wp-json\/wp\/v2\/product"}],"about":[{"href":"https:\/\/tissi.de\/sv\/wp-json\/wp\/v2\/types\/product"}],"version-history":[{"count":2,"href":"https:\/\/tissi.de\/sv\/wp-json\/wp\/v2\/product\/60739\/revisions"}],"predecessor-version":[{"id":60773,"href":"https:\/\/tissi.de\/sv\/wp-json\/wp\/v2\/product\/60739\/revisions\/60773"}],"wp:featuredmedia":[{"embeddable":true,"href":"https:\/\/tissi.de\/sv\/wp-json\/wp\/v2\/media\/3348"}],"wp:attachment":[{"href":"https:\/\/tissi.de\/sv\/wp-json\/wp\/v2\/media?parent=60739"}],"wp:term":[{"taxonomy":"product_brand","embeddable":true,"href":"https:\/\/tissi.de\/sv\/wp-json\/wp\/v2\/product_brand?post=60739"},{"taxonomy":"product_cat","embeddable":true,"href":"https:\/\/tissi.de\/sv\/wp-json\/wp\/v2\/product_cat?post=60739"},{"taxonomy":"product_tag","embeddable":true,"href":"https:\/\/tissi.de\/sv\/wp-json\/wp\/v2\/product_tag?post=60739"},{"taxonomy":"afgc_gallery_cat","embeddable":true,"href":"https:\/\/tissi.de\/sv\/wp-json\/wp\/v2\/afgc_gallery_cat?post=60739"}],"curies":[{"name":"wp","href":"https:\/\/api.w.org\/{rel}","templated":true}]}}