{"id":60751,"date":"2022-04-05T00:49:30","date_gmt":"2022-04-04T22:49:30","guid":{"rendered":"https:\/\/tissi.de\/produkt\/tissi-babytillbehor-barnstol\/"},"modified":"2026-09-02T05:17:15","modified_gmt":"2026-09-02T03:17:15","slug":"tissi-babytillbehor-barnstol","status":"publish","type":"product","link":"https:\/\/tissi.de\/sv\/produkt\/tissi-babytillbehor-barnstol\/","title":{"rendered":"tiSsi\u00ae babytillbeh\u00f6r \u2013 barnstol"},"content":{"rendered":"<div class=\"wpb-content-wrapper\" id=\"wpb-content-root\"><p>[vc_row][vc_column][vc_tta_accordion section_title_tag=&#8221;h2&#8243; style=&#8221;modern&#8221; color=&#8221;white&#8221; gap=&#8221;10&#8243; c_icon=&#8221;chevron&#8221; c_position=&#8221;right&#8221; active_section=&#8221;1&#8243; no_fill=&#8221;true&#8221; collapsible_all=&#8221;true&#8221;][vc_tta_section title=&#8221;Egenskaper, funktioner och f\u00f6rdelar&#8221; tab_id=&#8221;82b7e820e815&#8243;][vc_column_text css=&#8221;&#8221;]<\/p>\n<p>Barnstolen tiSsi\u00ae lyfter upp ditt barn till en optimal sittst\u00e4llning. tiSsi\u00ae har utformats s\u00e5 att stolen f\u00f6r barnet n\u00e4rmare bordet, vilket g\u00f6r att det redan tidigt kan ta del av sociala interaktioner och l\u00e4ra sig av dig.<br \/>\n<!--more--><\/p>\n<p>Nu kan interaktionen till och med b\u00f6rja redan fr\u00e5n f\u00f6dseln tack vare babytillbeh\u00f6ret.<\/p>\n<p>N\u00e4r barnet sitter hos er kan det bygga upp en starkare anknytning och utveckla b\u00e4ttre spr\u00e5kliga och sociala f\u00e4rdigheter.<\/p>\n<p>Den prisbel\u00f6nta barnstolen tiSsi\u00ae \u00f6vertr\u00e4ffar alla internationella s\u00e4kerhetsstandarder tack vare sin l\u00e5nga utvecklingsprocess.<\/p>\n<p>S\u00e4kerheten och anv\u00e4ndningen av milj\u00f6v\u00e4nliga material har h\u00f6gsta prioritet vid tillverkningen av tiSsi\u00ae, eftersom vi l\u00e4gger stor vikt vid ditt barns v\u00e4lbefinnande.<\/p>\n<p>[\/vc_column_text][\/vc_tta_section][vc_tta_section title=&#8221;Produktegenskaper&#8221; tab_id=&#8221;e25cfdda4c89&#8243;][vc_column_text css=&#8221;&#8221;]<\/p>\n<ul>\n<li>2-stegs lutningsjustering<\/li>\n<li>Kan anv\u00e4ndas fr\u00e5n f\u00f6dseln<\/li>\n<li>L\u00e4mplig f\u00f6r barn i \u00e5ldern 0\u20136 m\u00e5nader<\/li>\n<li>Enkel montering<\/li>\n<li>  5-punktsb\u00e4lte<\/li>\n<li>Massivt boktr\u00e4 garanterar l\u00e5ng livsl\u00e4ngd<\/li>\n<li>Extremt stabil i alla riktningar<\/li>\n<li>ergonomiskt utformad<\/li>\n<li>Produktens vikt: ca 3 kg<\/li>\n<\/ul>\n<p>tiSsi\u00ae Newboarn b\u00f6r endast torkas av med en fuktig trasa och d\u00e4refter poleras med en torr trasa. F\u00e4rgerna p\u00e5 tiSsi\u00ae kan f\u00f6r\u00e4ndras vid \u00f6verdriven solstr\u00e5lning. <\/p>\n<p>tiSsi\u00ae:s nyf\u00f6ddssits fr\u00e4mjar interaktion redan fr\u00e5n f\u00f6dseln, eftersom den placerar ditt nyf\u00f6dda barn vid bordet p\u00e5 samma \u00f6gonh\u00f6jd som resten av familjen. Det m\u00f6jligg\u00f6r \u00f6gonkontakt och \u00e4r ett utm\u00e4rkt tillf\u00e4lle att tillsammans tillbringa v\u00e4rdefull tid med varandra och st\u00e4rka banden. I den ergonomiskt utformade sitsen sitter ditt barn bekv\u00e4mt.  <\/p>\n<p>Tack vare den tv\u00e5stegs lutningsjusteringen kan du, n\u00e4r ditt barn b\u00f6rjar \u00e4ta fast f\u00f6da, mata det bekv\u00e4mt, s\u00e4kert och med skonsam ryggst\u00f6d i barnstolen.<\/p>\n<p>tiSsi\u00ae \u2013 den bekv\u00e4ma och ergonomiska ligg- och sittplatsen f\u00f6r barn fr\u00e5n f\u00f6dseln \u2013 passar vid varje matbord tack vare sin unika S-form.<\/p>\n<p>Dessutom ger den b\u00e4ttre stabilitet.<\/p>\n<p>Vid tillverkningen \u00e4r s\u00e4kerhet och kvalitet av st\u00f6rsta vikt.<\/p>\n<p>Man avst\u00e5r helt fr\u00e5n att anv\u00e4nda skadliga \u00e4mnen.<\/p>\n<p>[\/vc_column_text][\/vc_tta_section][vc_tta_section title=&#8221;S\u00e4kerhetsanvisningar\/monteringsanvisningar&#8221; tab_id=&#8221;89abfc1b8cf4&#8243;][vc_column_text css=&#8221;&#8221;]<\/p>\n<p><img decoding=\"async\" src=\"https:\/\/tissi.de\/wp-content\/uploads\/2023\/02\/pdf.png\"> <a href=\"https:\/\/tissi.de\/wp-content\/uploads\/2024\/12\/MA-Hochstuhl-Aufsatz.pdf\">S\u00e4kerhetsanvisningar och monteringsanvisning f\u00f6r barnstolsinsats (PDF, 1 MB)<\/a><\/p>\n<p>[\/vc_column_text][\/vc_tta_section][\/vc_tta_accordion][vc_single_image image=&#8221;60528&#8243; img_size=&#8221;200&#215;99&#8243; css=&#8221;&#8221;][\/vc_column][\/vc_row]<\/p>\n<\/div>","protected":false},"excerpt":{"rendered":"<p>tiSsi\u00ae:s Newborn-sits fr\u00e4mjar interaktion redan fr\u00e5n f\u00f6dseln genom att placera ditt nyf\u00f6dda barn vid bordet i \u00f6gonh\u00f6jd med familjen och d\u00e4rmed m\u00f6jligg\u00f6ra \u00f6gonkontakt. Den ergonomiskt utformade sitsen erbjuder komfort, medan den tv\u00e5stegs lutningsjusteringen m\u00f6jligg\u00f6r ryggv\u00e4nlig matning n\u00e4r barnet b\u00f6rjar \u00e4ta fast f\u00f6da. Den unika S-formen g\u00f6r att tillbeh\u00f6ret passar vid alla matbord och ger extra stabilitet. Vid tillverkningen l\u00e4ggs stor vikt vid s\u00e4kerhet och kvalitet, utan att skadliga \u00e4mnen anv\u00e4nds.   <\/p>\n","protected":false},"featured_media":2281,"template":"","meta":{"_acf_changed":false,"inline_featured_image":false,"footnotes":""},"product_brand":[],"product_cat":[774,760],"product_tag":[],"afgc_gallery_cat":[],"class_list":["post-60751","product","type-product","status-publish","has-post-thumbnail","product_cat-babyinlagg","product_cat-barnstol","first","instock","taxable","shipping-taxable","purchasable","product-type-variable","has-default-attributes"],"acf":[],"yoast_head":"<!-- This site is optimized with the Yoast SEO plugin v28.3 - https:\/\/yoast.com\/product\/yoast-seo-wordpress\/ -->\n<title>tiSsi\u00ae babytillbeh\u00f6r till barnstol<\/title>\n<meta name=\"description\" content=\"Med det praktiska babys\u00e4tet till tiSsi\u00ae-barnstolen kan ditt barn vara med i allt redan fr\u00e5n tidig \u00e5lder! I babys\u00e4tet sitter barnet s\u00e4kert och bekv\u00e4mt.\" \/>\n<meta name=\"robots\" content=\"index, follow, max-snippet:-1, max-image-preview:large, max-video-preview:-1\" \/>\n<link rel=\"canonical\" href=\"https:\/\/tissi.de\/sv\/produkt\/tissi-babytillbehor-barnstol\/\" \/>\n<meta property=\"og:locale\" content=\"sv_SE\" \/>\n<meta property=\"og:type\" content=\"article\" \/>\n<meta property=\"og:title\" content=\"tiSsi\u00ae babytillbeh\u00f6r till barnstol\" \/>\n<meta property=\"og:description\" content=\"Med det praktiska babys\u00e4tet till tiSsi\u00ae-barnstolen kan ditt barn vara med i allt redan fr\u00e5n tidig \u00e5lder! I babys\u00e4tet sitter barnet s\u00e4kert och bekv\u00e4mt.\" \/>\n<meta property=\"og:url\" content=\"https:\/\/tissi.de\/sv\/produkt\/tissi-babytillbehor-barnstol\/\" \/>\n<meta property=\"og:site_name\" content=\"tiSsi\u00ae\" \/>\n<meta property=\"article:publisher\" content=\"https:\/\/de-de.facebook.com\/tiSsikids\/\" \/>\n<meta property=\"article:modified_time\" content=\"2026-09-02T03:17:15+00:00\" \/>\n<meta property=\"og:image\" content=\"https:\/\/tissi.de\/wp-content\/uploads\/2022\/04\/aufsatz-1.jpg\" \/>\n\t<meta property=\"og:image:width\" content=\"800\" \/>\n\t<meta property=\"og:image:height\" content=\"800\" \/>\n\t<meta property=\"og:image:type\" content=\"image\/jpeg\" \/>\n<meta name=\"twitter:card\" content=\"summary_large_image\" \/>\n<meta name=\"twitter:label1\" content=\"Ber\u00e4knad l\u00e4stid\" \/>\n\t<meta name=\"twitter:data1\" content=\"2 minuter\" \/>\n<script type=\"application\/ld+json\" class=\"yoast-schema-graph\">{\"@context\":\"https:\\\/\\\/schema.org\",\"@graph\":[{\"@type\":\"WebPage\",\"@id\":\"https:\\\/\\\/tissi.de\\\/sv\\\/produkt\\\/tissi-babytillbehor-barnstol\\\/\",\"url\":\"https:\\\/\\\/tissi.de\\\/sv\\\/produkt\\\/tissi-babytillbehor-barnstol\\\/\",\"name\":\"tiSsi\u00ae babytillbeh\u00f6r till barnstol\",\"isPartOf\":{\"@id\":\"https:\\\/\\\/tissi.de\\\/sv\\\/#website\"},\"primaryImageOfPage\":{\"@id\":\"https:\\\/\\\/tissi.de\\\/sv\\\/produkt\\\/tissi-babytillbehor-barnstol\\\/#primaryimage\"},\"image\":{\"@id\":\"https:\\\/\\\/tissi.de\\\/sv\\\/produkt\\\/tissi-babytillbehor-barnstol\\\/#primaryimage\"},\"thumbnailUrl\":\"https:\\\/\\\/tissi.de\\\/wp-content\\\/uploads\\\/2022\\\/04\\\/aufsatz-1.jpg\",\"datePublished\":\"2022-04-04T22:49:30+00:00\",\"dateModified\":\"2026-09-02T03:17:15+00:00\",\"description\":\"Med det praktiska babys\u00e4tet till tiSsi\u00ae-barnstolen kan ditt barn vara med i allt redan fr\u00e5n tidig \u00e5lder! I babys\u00e4tet sitter barnet s\u00e4kert och bekv\u00e4mt.\",\"breadcrumb\":{\"@id\":\"https:\\\/\\\/tissi.de\\\/sv\\\/produkt\\\/tissi-babytillbehor-barnstol\\\/#breadcrumb\"},\"inLanguage\":\"sv-SE\",\"potentialAction\":[{\"@type\":\"ReadAction\",\"target\":[\"https:\\\/\\\/tissi.de\\\/sv\\\/produkt\\\/tissi-babytillbehor-barnstol\\\/\"]}]},{\"@type\":\"ImageObject\",\"inLanguage\":\"sv-SE\",\"@id\":\"https:\\\/\\\/tissi.de\\\/sv\\\/produkt\\\/tissi-babytillbehor-barnstol\\\/#primaryimage\",\"url\":\"https:\\\/\\\/tissi.de\\\/wp-content\\\/uploads\\\/2022\\\/04\\\/aufsatz-1.jpg\",\"contentUrl\":\"https:\\\/\\\/tissi.de\\\/wp-content\\\/uploads\\\/2022\\\/04\\\/aufsatz-1.jpg\",\"width\":800,\"height\":800,\"caption\":\"Adjustable wooden high chair with grey cushion and footrest, suitable for babies. Babyaufsatz.\"},{\"@type\":\"BreadcrumbList\",\"@id\":\"https:\\\/\\\/tissi.de\\\/sv\\\/produkt\\\/tissi-babytillbehor-barnstol\\\/#breadcrumb\",\"itemListElement\":[{\"@type\":\"ListItem\",\"position\":1,\"name\":\"Startseite\",\"item\":\"https:\\\/\\\/tissi.de\\\/sv\\\/hem\\\/\"},{\"@type\":\"ListItem\",\"position\":2,\"name\":\"tiSsi\u00ae babytillbeh\u00f6r \u2013 barnstol\"}]},{\"@type\":\"WebSite\",\"@id\":\"https:\\\/\\\/tissi.de\\\/sv\\\/#website\",\"url\":\"https:\\\/\\\/tissi.de\\\/sv\\\/\",\"name\":\"tiSsi\u00ae\",\"description\":\"Familie beginnt mit uns! Lernturm, Hochstuhl, Kinderm\u00f6bel, Laufgitter\",\"publisher\":{\"@id\":\"https:\\\/\\\/tissi.de\\\/sv\\\/#organization\"},\"potentialAction\":[{\"@type\":\"SearchAction\",\"target\":{\"@type\":\"EntryPoint\",\"urlTemplate\":\"https:\\\/\\\/tissi.de\\\/sv\\\/?s={search_term_string}\"},\"query-input\":{\"@type\":\"PropertyValueSpecification\",\"valueRequired\":true,\"valueName\":\"search_term_string\"}}],\"inLanguage\":\"sv-SE\"},{\"@type\":\"Organization\",\"@id\":\"https:\\\/\\\/tissi.de\\\/sv\\\/#organization\",\"name\":\"M.J. Oster GmbH\",\"url\":\"https:\\\/\\\/tissi.de\\\/sv\\\/\",\"logo\":{\"@type\":\"ImageObject\",\"inLanguage\":\"sv-SE\",\"@id\":\"https:\\\/\\\/tissi.de\\\/sv\\\/#\\\/schema\\\/logo\\\/image\\\/\",\"url\":\"https:\\\/\\\/tissi.de\\\/wp-content\\\/uploads\\\/2022\\\/04\\\/tissi-logo.webp\",\"contentUrl\":\"https:\\\/\\\/tissi.de\\\/wp-content\\\/uploads\\\/2022\\\/04\\\/tissi-logo.webp\",\"width\":300,\"height\":173,\"caption\":\"M.J. Oster GmbH\"},\"image\":{\"@id\":\"https:\\\/\\\/tissi.de\\\/sv\\\/#\\\/schema\\\/logo\\\/image\\\/\"},\"sameAs\":[\"https:\\\/\\\/de-de.facebook.com\\\/tiSsikids\\\/\",\"https:\\\/\\\/www.instagram.com\\\/tissi_kids\\\/\"]}]}<\/script>\n<!-- \/ Yoast SEO plugin. -->","yoast_head_json":{"title":"tiSsi\u00ae babytillbeh\u00f6r till barnstol","description":"Med det praktiska babys\u00e4tet till tiSsi\u00ae-barnstolen kan ditt barn vara med i allt redan fr\u00e5n tidig \u00e5lder! I babys\u00e4tet sitter barnet s\u00e4kert och bekv\u00e4mt.","robots":{"index":"index","follow":"follow","max-snippet":"max-snippet:-1","max-image-preview":"max-image-preview:large","max-video-preview":"max-video-preview:-1"},"canonical":"https:\/\/tissi.de\/sv\/produkt\/tissi-babytillbehor-barnstol\/","og_locale":"sv_SE","og_type":"article","og_title":"tiSsi\u00ae babytillbeh\u00f6r till barnstol","og_description":"Med det praktiska babys\u00e4tet till tiSsi\u00ae-barnstolen kan ditt barn vara med i allt redan fr\u00e5n tidig \u00e5lder! I babys\u00e4tet sitter barnet s\u00e4kert och bekv\u00e4mt.","og_url":"https:\/\/tissi.de\/sv\/produkt\/tissi-babytillbehor-barnstol\/","og_site_name":"tiSsi\u00ae","article_publisher":"https:\/\/de-de.facebook.com\/tiSsikids\/","article_modified_time":"2026-09-02T03:17:15+00:00","og_image":[{"width":800,"height":800,"url":"https:\/\/tissi.de\/wp-content\/uploads\/2022\/04\/aufsatz-1.jpg","type":"image\/jpeg"}],"twitter_card":"summary_large_image","twitter_misc":{"Ber\u00e4knad l\u00e4stid":"2 minuter"},"schema":{"@context":"https:\/\/schema.org","@graph":[{"@type":"WebPage","@id":"https:\/\/tissi.de\/sv\/produkt\/tissi-babytillbehor-barnstol\/","url":"https:\/\/tissi.de\/sv\/produkt\/tissi-babytillbehor-barnstol\/","name":"tiSsi\u00ae babytillbeh\u00f6r till barnstol","isPartOf":{"@id":"https:\/\/tissi.de\/sv\/#website"},"primaryImageOfPage":{"@id":"https:\/\/tissi.de\/sv\/produkt\/tissi-babytillbehor-barnstol\/#primaryimage"},"image":{"@id":"https:\/\/tissi.de\/sv\/produkt\/tissi-babytillbehor-barnstol\/#primaryimage"},"thumbnailUrl":"https:\/\/tissi.de\/wp-content\/uploads\/2022\/04\/aufsatz-1.jpg","datePublished":"2022-04-04T22:49:30+00:00","dateModified":"2026-09-02T03:17:15+00:00","description":"Med det praktiska babys\u00e4tet till tiSsi\u00ae-barnstolen kan ditt barn vara med i allt redan fr\u00e5n tidig \u00e5lder! I babys\u00e4tet sitter barnet s\u00e4kert och bekv\u00e4mt.","breadcrumb":{"@id":"https:\/\/tissi.de\/sv\/produkt\/tissi-babytillbehor-barnstol\/#breadcrumb"},"inLanguage":"sv-SE","potentialAction":[{"@type":"ReadAction","target":["https:\/\/tissi.de\/sv\/produkt\/tissi-babytillbehor-barnstol\/"]}]},{"@type":"ImageObject","inLanguage":"sv-SE","@id":"https:\/\/tissi.de\/sv\/produkt\/tissi-babytillbehor-barnstol\/#primaryimage","url":"https:\/\/tissi.de\/wp-content\/uploads\/2022\/04\/aufsatz-1.jpg","contentUrl":"https:\/\/tissi.de\/wp-content\/uploads\/2022\/04\/aufsatz-1.jpg","width":800,"height":800,"caption":"Adjustable wooden high chair with grey cushion and footrest, suitable for babies. Babyaufsatz."},{"@type":"BreadcrumbList","@id":"https:\/\/tissi.de\/sv\/produkt\/tissi-babytillbehor-barnstol\/#breadcrumb","itemListElement":[{"@type":"ListItem","position":1,"name":"Startseite","item":"https:\/\/tissi.de\/sv\/hem\/"},{"@type":"ListItem","position":2,"name":"tiSsi\u00ae babytillbeh\u00f6r \u2013 barnstol"}]},{"@type":"WebSite","@id":"https:\/\/tissi.de\/sv\/#website","url":"https:\/\/tissi.de\/sv\/","name":"tiSsi\u00ae","description":"Familie beginnt mit uns! Lernturm, Hochstuhl, Kinderm\u00f6bel, Laufgitter","publisher":{"@id":"https:\/\/tissi.de\/sv\/#organization"},"potentialAction":[{"@type":"SearchAction","target":{"@type":"EntryPoint","urlTemplate":"https:\/\/tissi.de\/sv\/?s={search_term_string}"},"query-input":{"@type":"PropertyValueSpecification","valueRequired":true,"valueName":"search_term_string"}}],"inLanguage":"sv-SE"},{"@type":"Organization","@id":"https:\/\/tissi.de\/sv\/#organization","name":"M.J. Oster GmbH","url":"https:\/\/tissi.de\/sv\/","logo":{"@type":"ImageObject","inLanguage":"sv-SE","@id":"https:\/\/tissi.de\/sv\/#\/schema\/logo\/image\/","url":"https:\/\/tissi.de\/wp-content\/uploads\/2022\/04\/tissi-logo.webp","contentUrl":"https:\/\/tissi.de\/wp-content\/uploads\/2022\/04\/tissi-logo.webp","width":300,"height":173,"caption":"M.J. Oster GmbH"},"image":{"@id":"https:\/\/tissi.de\/sv\/#\/schema\/logo\/image\/"},"sameAs":["https:\/\/de-de.facebook.com\/tiSsikids\/","https:\/\/www.instagram.com\/tissi_kids\/"]}]}},"jetpack_sharing_enabled":true,"_links":{"self":[{"href":"https:\/\/tissi.de\/sv\/wp-json\/wp\/v2\/product\/60751","targetHints":{"allow":["GET"]}}],"collection":[{"href":"https:\/\/tissi.de\/sv\/wp-json\/wp\/v2\/product"}],"about":[{"href":"https:\/\/tissi.de\/sv\/wp-json\/wp\/v2\/types\/product"}],"version-history":[{"count":2,"href":"https:\/\/tissi.de\/sv\/wp-json\/wp\/v2\/product\/60751\/revisions"}],"predecessor-version":[{"id":60774,"href":"https:\/\/tissi.de\/sv\/wp-json\/wp\/v2\/product\/60751\/revisions\/60774"}],"wp:featuredmedia":[{"embeddable":true,"href":"https:\/\/tissi.de\/sv\/wp-json\/wp\/v2\/media\/2281"}],"wp:attachment":[{"href":"https:\/\/tissi.de\/sv\/wp-json\/wp\/v2\/media?parent=60751"}],"wp:term":[{"taxonomy":"product_brand","embeddable":true,"href":"https:\/\/tissi.de\/sv\/wp-json\/wp\/v2\/product_brand?post=60751"},{"taxonomy":"product_cat","embeddable":true,"href":"https:\/\/tissi.de\/sv\/wp-json\/wp\/v2\/product_cat?post=60751"},{"taxonomy":"product_tag","embeddable":true,"href":"https:\/\/tissi.de\/sv\/wp-json\/wp\/v2\/product_tag?post=60751"},{"taxonomy":"afgc_gallery_cat","embeddable":true,"href":"https:\/\/tissi.de\/sv\/wp-json\/wp\/v2\/afgc_gallery_cat?post=60751"}],"curies":[{"name":"wp","href":"https:\/\/api.w.org\/{rel}","templated":true}]}}