{"id":60777,"date":"2022-04-04T19:59:03","date_gmt":"2022-04-04T17:59:03","guid":{"rendered":"https:\/\/tissi.de\/produkt\/tissi-lartornen-felix\/"},"modified":"2026-09-02T05:17:30","modified_gmt":"2026-09-02T03:17:30","slug":"tissi-lartornen-felix","status":"publish","type":"product","link":"https:\/\/tissi.de\/sv\/produkt\/tissi-lartornen-felix\/","title":{"rendered":"tiSsi\u00ae L\u00e4rtornen FELIX"},"content":{"rendered":"<div class=\"wpb-content-wrapper\" id=\"wpb-content-root\"><p>[vc_row][vc_column][vc_tta_accordion section_title_tag=&#8221;h2&#8243; style=&#8221;modern&#8221; color=&#8221;white&#8221; gap=&#8221;10&#8243; c_icon=&#8221;chevron&#8221; c_position=&#8221;right&#8221; active_section=&#8221;1&#8243; no_fill=&#8221;true&#8221; collapsible_all=&#8221;true&#8221;][vc_tta_section title=&#8221;Ditt barn p\u00e5 samma niv\u00e5 som omv\u00e4rlden&#8221; tab_id=&#8221;48fa2e221cc9&#8243;][vc_column_text css=&#8221;&#8221;]<\/p>\n<p>Med tiSsi\u00ae-inl\u00e4rningstornet \u201dFELIX\u201d \u00e4r ditt barn inte bara en \u00e5sk\u00e5dare, utan mitt i h\u00e4ndelsernas centrum. Tillbringa tid tillsammans i k\u00f6ket, vid matbordet eller vid handfatet \u2013 alltid p\u00e5 samma h\u00f6jd. <\/p>\n<p><!--more--><\/p>\n<p><strong>Varf\u00f6r ska man v\u00e4lja inl\u00e4rningstornet \u201dFELIX\u201d fr\u00e5n tiSsi\u00ae?<\/strong><\/p>\n<ul>\n<li><strong>N\u00e4rmare:<\/strong> Matlagning, bakning eller handtv\u00e4tt \u2013 ditt barn upplever allt p\u00e5 n\u00e4ra h\u00e5ll och l\u00e4r sig samtidigt p\u00e5 ett lekfullt s\u00e4tt.<\/li>\n<li><strong>Kan anpassas efter behov:<\/strong> Tack vare den 3-stegs h\u00f6jdjusteringen passar \u201dFELIX\u201d \u00f6verallt. Oavsett om det g\u00e4ller en k\u00f6ks\u00f6 eller ett tv\u00e4ttst\u00e4ll \u00e4r h\u00f6jden inget problem. <\/li>\n<\/ul>\n<p><strong>Kvalitet som \u00f6vertygar<\/strong><\/p>\n<ul>\n<li><strong>S\u00e4kerhet \u00f6ver genomsnittet:<\/strong> L\u00e4rtornen \u00f6vertr\u00e4ffar alla s\u00e4kerhetsstandarder. Ditt barn \u00e4r i de b\u00e4sta h\u00e4nderna hos oss. <\/li>\n<li><strong>H\u00e5llbart och s\u00e4kert:<\/strong> Vi anv\u00e4nder uteslutande milj\u00f6v\u00e4nliga material. Vi bryr oss n\u00e4mligen om ditt barns h\u00e4lsa. <\/li>\n<\/ul>\n<p><strong>Garanterad l\u00e5ng livsl\u00e4ngd<\/strong><\/p>\n<ul>\n<li>Med en b\u00e4rkraft p\u00e5 upp till 250 kg \u00e4r inl\u00e4rningstornet \u201dFELIX\u201d en p\u00e5litlig f\u00f6ljeslagare som v\u00e4xer med ditt barn \u2013 fr\u00e5n de f\u00f6rsta sj\u00e4lvst\u00e4ndiga interaktionerna \u00e4nda fram till ton\u00e5ren.<\/li>\n<\/ul>\n<p>Familjen b\u00f6rjar med oss\u2122. D\u00e4rf\u00f6r \u00e4r inl\u00e4rningstornet \u201dFELIX\u201d fr\u00e5n tiSsi\u00ae mer \u00e4n bara en m\u00f6bel. Det \u00e4r grunden f\u00f6r gemensamma upplevelser och v\u00e4rdefulla inl\u00e4rningsstunder.<\/p>\n<p>[\/vc_column_text][\/vc_tta_section][vc_tta_section title=&#8221;Produktegenskaper&#8221; tab_id=&#8221;b6bbbc98b263&#8243;][vc_column_text css=&#8221;&#8221;]<\/p>\n<ul>\n<li>v\u00e4xer med barnet \u2013 \u00e4ven de allra minsta kan st\u00e5 vid k\u00f6ksb\u00e4nken i \u00f6gonh\u00f6jd och hj\u00e4lpa till med matlagningen<\/li>\n<li>enkel att montera<\/li>\n<li>Massivt bok- eller ektr\u00e4 (beroende p\u00e5 utf\u00f6rande) garanterar l\u00e5ng livsl\u00e4ngd och ger h\u00f6g stabilitet<\/li>\n<li>Extremt stabil i alla riktningar<\/li>\n<li>ergonomiskt utformad<\/li>\n<li>M\u00e5tt i uppst\u00e4llt l\u00e4ge (BxHxD): ca 40 x 91 x 45 cm<\/li>\n<li>Produktens vikt: ca 11 kg<\/li>\n<li>B\u00e4rf\u00f6rm\u00e5ga: 250 kg<\/li>\n<li>H\u00f6jdjusterbar fotplatta (36 cm, 40 cm, 45 cm)<\/li>\n<li>H\u00f6jdjusterbart fotst\u00f6d (18 cm, 22 cm, 28 cm)<\/li>\n<\/ul>\n<p>[\/vc_column_text][\/vc_tta_section][vc_tta_section title=&#8221;S\u00e4kerhetsanvisningar\/monteringsanvisningar&#8221; tab_id=&#8221;84c7c60d4bbf&#8221;][vc_column_text css=&#8221;&#8221;]<\/p>\n<p><img decoding=\"async\" src=\"https:\/\/tissi.de\/wp-content\/uploads\/2023\/02\/pdf.png\"> <a href=\"https:\/\/tissi.de\/wp-content\/uploads\/2025\/07\/MA-Lernturm-FELIX44.pdf\" rel=\"attachment wp-att-9993\">S\u00e4kerhetsanvisningar och monteringsanvisning f\u00f6r inl\u00e4rningstornet FELIX (PDF, 3 MB)<\/a><\/p>\n<p><img loading=\"lazy\" decoding=\"async\" class=\"wp-image-14200 alignnone size-full\" src=\"https:\/\/tissi.de\/wp-content\/uploads\/2026\/02\/tiSsi_360grad_button.png\" alt=\"\" width=\"30\" height=\"30\"\/><a href=\"https:\/\/catalogue.arkid.app\/embed\/O2j2wtzZEfCcQCC3xV2NEQ#v=none\" target=\"_blank\" rel=\"noopener\">Digital monteringsanvisning<\/a><\/p>\n<p>[\/vc_column_text][\/vc_tta_section][vc_tta_section title=&#8221;Reservdelar&#8221; tab_id=&#8221;40c35004bed9&#8243;][vc_column_text css=&#8221;&#8221;]<\/p>\n<p><a href=\"https:\/\/tissi.de\/sv\/produkt-kategorie\/reservdelar-till-felix\/\">Reservdelar till FELIX<\/a><\/p>\n<p>[\/vc_column_text][\/vc_tta_section][\/vc_tta_accordion][vc_single_image image=&#8221;60528&#8243; css=&#8221;&#8221;][\/vc_column][\/vc_row]<\/p>\n<\/div>","protected":false},"excerpt":{"rendered":"<p>tiSsi\u00ae-inl\u00e4rningstornet FELIX g\u00f6r det m\u00f6jligt f\u00f6r barn att aktivt delta i aktiviteter i k\u00f6ket, vid matbordet eller vid handfatet och fr\u00e4mjar d\u00e4rmed lekfullt l\u00e4rande. Med en h\u00f6jdjustering i tre steg kan det anpassas individuellt till olika underlag. L\u00e4rtornen \u00f6vertr\u00e4ffar alla s\u00e4kerhetsstandarder och \u00e4r tillverkad av milj\u00f6v\u00e4nliga material f\u00f6r att skydda barnets h\u00e4lsa. Med en b\u00e4rf\u00f6rm\u00e5ga p\u00e5 upp till 250 kg \u00e4r FELIX en h\u00e5llbar f\u00f6ljeslagare som v\u00e4xer med barnet fr\u00e5n de f\u00f6rsta sj\u00e4lvst\u00e4ndiga interaktionerna \u00e4nda fram till ton\u00e5ren.   <\/p>\n","protected":false},"featured_media":7226,"template":"","meta":{"_acf_changed":false,"inline_featured_image":false,"footnotes":""},"product_brand":[],"product_cat":[773,758],"product_tag":[],"afgc_gallery_cat":[],"class_list":["post-60777","product","type-product","status-publish","has-post-thumbnail","product_cat-hotell","product_cat-inlarningstorn","first","instock","sale","featured","taxable","shipping-taxable","purchasable","product-type-variable","has-default-attributes"],"acf":[],"yoast_head":"<!-- This site is optimized with the Yoast SEO plugin v28.3 - https:\/\/yoast.com\/product\/yoast-seo-wordpress\/ -->\n<title>L\u00e4rtornen FELIX fr\u00e5n tiSsi\u00ae<\/title>\n<meta name=\"description\" content=\"Med inl\u00e4rningstornet FELIX \u00e4r barnet en aktiv del av aktiviteten ist\u00e4llet f\u00f6r att bara st\u00e5 vid sidan om. S\u00e4kert, ergonomiskt och h\u00f6jdjusterbart. Ett praktiskt hj\u00e4lpmedel i vardagen f\u00f6r barn i \u00e5ldern 1\u20136 \u00e5r.\" \/>\n<meta name=\"robots\" content=\"index, follow, max-snippet:-1, max-image-preview:large, max-video-preview:-1\" \/>\n<link rel=\"canonical\" href=\"https:\/\/tissi.de\/sv\/produkt\/tissi-lartornen-felix\/\" \/>\n<meta property=\"og:locale\" content=\"sv_SE\" \/>\n<meta property=\"og:type\" content=\"article\" \/>\n<meta property=\"og:title\" content=\"L\u00e4rtornen FELIX fr\u00e5n tiSsi\u00ae\" \/>\n<meta property=\"og:description\" content=\"Med inl\u00e4rningstornet FELIX \u00e4r barnet en aktiv del av aktiviteten ist\u00e4llet f\u00f6r att bara st\u00e5 vid sidan om. S\u00e4kert, ergonomiskt och h\u00f6jdjusterbart. Ett praktiskt hj\u00e4lpmedel i vardagen f\u00f6r barn i \u00e5ldern 1\u20136 \u00e5r.\" \/>\n<meta property=\"og:url\" content=\"https:\/\/tissi.de\/sv\/produkt\/tissi-lartornen-felix\/\" \/>\n<meta property=\"og:site_name\" content=\"tiSsi\u00ae\" \/>\n<meta property=\"article:publisher\" content=\"https:\/\/de-de.facebook.com\/tiSsikids\/\" \/>\n<meta property=\"article:modified_time\" content=\"2026-09-02T03:17:30+00:00\" \/>\n<meta property=\"og:image\" content=\"https:\/\/tissi.de\/wp-content\/uploads\/2024\/07\/01_01_Lernturm24_Natur.jpg\" \/>\n\t<meta property=\"og:image:width\" content=\"808\" \/>\n\t<meta property=\"og:image:height\" content=\"999\" \/>\n\t<meta property=\"og:image:type\" content=\"image\/jpeg\" \/>\n<meta name=\"twitter:card\" content=\"summary_large_image\" \/>\n<meta name=\"twitter:label1\" content=\"Ber\u00e4knad l\u00e4stid\" \/>\n\t<meta name=\"twitter:data1\" content=\"2 minuter\" \/>\n<script type=\"application\/ld+json\" class=\"yoast-schema-graph\">{\"@context\":\"https:\\\/\\\/schema.org\",\"@graph\":[{\"@type\":\"WebPage\",\"@id\":\"https:\\\/\\\/tissi.de\\\/sv\\\/produkt\\\/tissi-lartornen-felix\\\/\",\"url\":\"https:\\\/\\\/tissi.de\\\/sv\\\/produkt\\\/tissi-lartornen-felix\\\/\",\"name\":\"L\u00e4rtornen FELIX fr\u00e5n tiSsi\u00ae\",\"isPartOf\":{\"@id\":\"https:\\\/\\\/tissi.de\\\/sv\\\/#website\"},\"primaryImageOfPage\":{\"@id\":\"https:\\\/\\\/tissi.de\\\/sv\\\/produkt\\\/tissi-lartornen-felix\\\/#primaryimage\"},\"image\":{\"@id\":\"https:\\\/\\\/tissi.de\\\/sv\\\/produkt\\\/tissi-lartornen-felix\\\/#primaryimage\"},\"thumbnailUrl\":\"https:\\\/\\\/tissi.de\\\/wp-content\\\/uploads\\\/2024\\\/07\\\/01_01_Lernturm24_Natur.jpg\",\"datePublished\":\"2022-04-04T17:59:03+00:00\",\"dateModified\":\"2026-09-02T03:17:30+00:00\",\"description\":\"Med inl\u00e4rningstornet FELIX \u00e4r barnet en aktiv del av aktiviteten ist\u00e4llet f\u00f6r att bara st\u00e5 vid sidan om. S\u00e4kert, ergonomiskt och h\u00f6jdjusterbart. Ett praktiskt hj\u00e4lpmedel i vardagen f\u00f6r barn i \u00e5ldern 1\u20136 \u00e5r.\",\"breadcrumb\":{\"@id\":\"https:\\\/\\\/tissi.de\\\/sv\\\/produkt\\\/tissi-lartornen-felix\\\/#breadcrumb\"},\"inLanguage\":\"sv-SE\",\"potentialAction\":[{\"@type\":\"ReadAction\",\"target\":[\"https:\\\/\\\/tissi.de\\\/sv\\\/produkt\\\/tissi-lartornen-felix\\\/\"]}]},{\"@type\":\"ImageObject\",\"inLanguage\":\"sv-SE\",\"@id\":\"https:\\\/\\\/tissi.de\\\/sv\\\/produkt\\\/tissi-lartornen-felix\\\/#primaryimage\",\"url\":\"https:\\\/\\\/tissi.de\\\/wp-content\\\/uploads\\\/2024\\\/07\\\/01_01_Lernturm24_Natur.jpg\",\"contentUrl\":\"https:\\\/\\\/tissi.de\\\/wp-content\\\/uploads\\\/2024\\\/07\\\/01_01_Lernturm24_Natur.jpg\",\"width\":808,\"height\":999,\"caption\":\"Wooden step stool with multiple steps and safety rails.\"},{\"@type\":\"BreadcrumbList\",\"@id\":\"https:\\\/\\\/tissi.de\\\/sv\\\/produkt\\\/tissi-lartornen-felix\\\/#breadcrumb\",\"itemListElement\":[{\"@type\":\"ListItem\",\"position\":1,\"name\":\"Startseite\",\"item\":\"https:\\\/\\\/tissi.de\\\/sv\\\/hem\\\/\"},{\"@type\":\"ListItem\",\"position\":2,\"name\":\"tiSsi\u00ae L\u00e4rtornen FELIX\"}]},{\"@type\":\"WebSite\",\"@id\":\"https:\\\/\\\/tissi.de\\\/sv\\\/#website\",\"url\":\"https:\\\/\\\/tissi.de\\\/sv\\\/\",\"name\":\"tiSsi\u00ae\",\"description\":\"Familie beginnt mit uns! Lernturm, Hochstuhl, Kinderm\u00f6bel, Laufgitter\",\"publisher\":{\"@id\":\"https:\\\/\\\/tissi.de\\\/sv\\\/#organization\"},\"potentialAction\":[{\"@type\":\"SearchAction\",\"target\":{\"@type\":\"EntryPoint\",\"urlTemplate\":\"https:\\\/\\\/tissi.de\\\/sv\\\/?s={search_term_string}\"},\"query-input\":{\"@type\":\"PropertyValueSpecification\",\"valueRequired\":true,\"valueName\":\"search_term_string\"}}],\"inLanguage\":\"sv-SE\"},{\"@type\":\"Organization\",\"@id\":\"https:\\\/\\\/tissi.de\\\/sv\\\/#organization\",\"name\":\"M.J. Oster GmbH\",\"url\":\"https:\\\/\\\/tissi.de\\\/sv\\\/\",\"logo\":{\"@type\":\"ImageObject\",\"inLanguage\":\"sv-SE\",\"@id\":\"https:\\\/\\\/tissi.de\\\/sv\\\/#\\\/schema\\\/logo\\\/image\\\/\",\"url\":\"https:\\\/\\\/tissi.de\\\/wp-content\\\/uploads\\\/2022\\\/04\\\/tissi-logo.webp\",\"contentUrl\":\"https:\\\/\\\/tissi.de\\\/wp-content\\\/uploads\\\/2022\\\/04\\\/tissi-logo.webp\",\"width\":300,\"height\":173,\"caption\":\"M.J. Oster GmbH\"},\"image\":{\"@id\":\"https:\\\/\\\/tissi.de\\\/sv\\\/#\\\/schema\\\/logo\\\/image\\\/\"},\"sameAs\":[\"https:\\\/\\\/de-de.facebook.com\\\/tiSsikids\\\/\",\"https:\\\/\\\/www.instagram.com\\\/tissi_kids\\\/\"]}]}<\/script>\n<!-- \/ Yoast SEO plugin. -->","yoast_head_json":{"title":"L\u00e4rtornen FELIX fr\u00e5n tiSsi\u00ae","description":"Med inl\u00e4rningstornet FELIX \u00e4r barnet en aktiv del av aktiviteten ist\u00e4llet f\u00f6r att bara st\u00e5 vid sidan om. S\u00e4kert, ergonomiskt och h\u00f6jdjusterbart. Ett praktiskt hj\u00e4lpmedel i vardagen f\u00f6r barn i \u00e5ldern 1\u20136 \u00e5r.","robots":{"index":"index","follow":"follow","max-snippet":"max-snippet:-1","max-image-preview":"max-image-preview:large","max-video-preview":"max-video-preview:-1"},"canonical":"https:\/\/tissi.de\/sv\/produkt\/tissi-lartornen-felix\/","og_locale":"sv_SE","og_type":"article","og_title":"L\u00e4rtornen FELIX fr\u00e5n tiSsi\u00ae","og_description":"Med inl\u00e4rningstornet FELIX \u00e4r barnet en aktiv del av aktiviteten ist\u00e4llet f\u00f6r att bara st\u00e5 vid sidan om. S\u00e4kert, ergonomiskt och h\u00f6jdjusterbart. Ett praktiskt hj\u00e4lpmedel i vardagen f\u00f6r barn i \u00e5ldern 1\u20136 \u00e5r.","og_url":"https:\/\/tissi.de\/sv\/produkt\/tissi-lartornen-felix\/","og_site_name":"tiSsi\u00ae","article_publisher":"https:\/\/de-de.facebook.com\/tiSsikids\/","article_modified_time":"2026-09-02T03:17:30+00:00","og_image":[{"width":808,"height":999,"url":"https:\/\/tissi.de\/wp-content\/uploads\/2024\/07\/01_01_Lernturm24_Natur.jpg","type":"image\/jpeg"}],"twitter_card":"summary_large_image","twitter_misc":{"Ber\u00e4knad l\u00e4stid":"2 minuter"},"schema":{"@context":"https:\/\/schema.org","@graph":[{"@type":"WebPage","@id":"https:\/\/tissi.de\/sv\/produkt\/tissi-lartornen-felix\/","url":"https:\/\/tissi.de\/sv\/produkt\/tissi-lartornen-felix\/","name":"L\u00e4rtornen FELIX fr\u00e5n tiSsi\u00ae","isPartOf":{"@id":"https:\/\/tissi.de\/sv\/#website"},"primaryImageOfPage":{"@id":"https:\/\/tissi.de\/sv\/produkt\/tissi-lartornen-felix\/#primaryimage"},"image":{"@id":"https:\/\/tissi.de\/sv\/produkt\/tissi-lartornen-felix\/#primaryimage"},"thumbnailUrl":"https:\/\/tissi.de\/wp-content\/uploads\/2024\/07\/01_01_Lernturm24_Natur.jpg","datePublished":"2022-04-04T17:59:03+00:00","dateModified":"2026-09-02T03:17:30+00:00","description":"Med inl\u00e4rningstornet FELIX \u00e4r barnet en aktiv del av aktiviteten ist\u00e4llet f\u00f6r att bara st\u00e5 vid sidan om. S\u00e4kert, ergonomiskt och h\u00f6jdjusterbart. Ett praktiskt hj\u00e4lpmedel i vardagen f\u00f6r barn i \u00e5ldern 1\u20136 \u00e5r.","breadcrumb":{"@id":"https:\/\/tissi.de\/sv\/produkt\/tissi-lartornen-felix\/#breadcrumb"},"inLanguage":"sv-SE","potentialAction":[{"@type":"ReadAction","target":["https:\/\/tissi.de\/sv\/produkt\/tissi-lartornen-felix\/"]}]},{"@type":"ImageObject","inLanguage":"sv-SE","@id":"https:\/\/tissi.de\/sv\/produkt\/tissi-lartornen-felix\/#primaryimage","url":"https:\/\/tissi.de\/wp-content\/uploads\/2024\/07\/01_01_Lernturm24_Natur.jpg","contentUrl":"https:\/\/tissi.de\/wp-content\/uploads\/2024\/07\/01_01_Lernturm24_Natur.jpg","width":808,"height":999,"caption":"Wooden step stool with multiple steps and safety rails."},{"@type":"BreadcrumbList","@id":"https:\/\/tissi.de\/sv\/produkt\/tissi-lartornen-felix\/#breadcrumb","itemListElement":[{"@type":"ListItem","position":1,"name":"Startseite","item":"https:\/\/tissi.de\/sv\/hem\/"},{"@type":"ListItem","position":2,"name":"tiSsi\u00ae L\u00e4rtornen FELIX"}]},{"@type":"WebSite","@id":"https:\/\/tissi.de\/sv\/#website","url":"https:\/\/tissi.de\/sv\/","name":"tiSsi\u00ae","description":"Familie beginnt mit uns! Lernturm, Hochstuhl, Kinderm\u00f6bel, Laufgitter","publisher":{"@id":"https:\/\/tissi.de\/sv\/#organization"},"potentialAction":[{"@type":"SearchAction","target":{"@type":"EntryPoint","urlTemplate":"https:\/\/tissi.de\/sv\/?s={search_term_string}"},"query-input":{"@type":"PropertyValueSpecification","valueRequired":true,"valueName":"search_term_string"}}],"inLanguage":"sv-SE"},{"@type":"Organization","@id":"https:\/\/tissi.de\/sv\/#organization","name":"M.J. Oster GmbH","url":"https:\/\/tissi.de\/sv\/","logo":{"@type":"ImageObject","inLanguage":"sv-SE","@id":"https:\/\/tissi.de\/sv\/#\/schema\/logo\/image\/","url":"https:\/\/tissi.de\/wp-content\/uploads\/2022\/04\/tissi-logo.webp","contentUrl":"https:\/\/tissi.de\/wp-content\/uploads\/2022\/04\/tissi-logo.webp","width":300,"height":173,"caption":"M.J. Oster GmbH"},"image":{"@id":"https:\/\/tissi.de\/sv\/#\/schema\/logo\/image\/"},"sameAs":["https:\/\/de-de.facebook.com\/tiSsikids\/","https:\/\/www.instagram.com\/tissi_kids\/"]}]}},"jetpack_sharing_enabled":true,"_links":{"self":[{"href":"https:\/\/tissi.de\/sv\/wp-json\/wp\/v2\/product\/60777","targetHints":{"allow":["GET"]}}],"collection":[{"href":"https:\/\/tissi.de\/sv\/wp-json\/wp\/v2\/product"}],"about":[{"href":"https:\/\/tissi.de\/sv\/wp-json\/wp\/v2\/types\/product"}],"version-history":[{"count":9,"href":"https:\/\/tissi.de\/sv\/wp-json\/wp\/v2\/product\/60777\/revisions"}],"predecessor-version":[{"id":60821,"href":"https:\/\/tissi.de\/sv\/wp-json\/wp\/v2\/product\/60777\/revisions\/60821"}],"wp:featuredmedia":[{"embeddable":true,"href":"https:\/\/tissi.de\/sv\/wp-json\/wp\/v2\/media\/7226"}],"wp:attachment":[{"href":"https:\/\/tissi.de\/sv\/wp-json\/wp\/v2\/media?parent=60777"}],"wp:term":[{"taxonomy":"product_brand","embeddable":true,"href":"https:\/\/tissi.de\/sv\/wp-json\/wp\/v2\/product_brand?post=60777"},{"taxonomy":"product_cat","embeddable":true,"href":"https:\/\/tissi.de\/sv\/wp-json\/wp\/v2\/product_cat?post=60777"},{"taxonomy":"product_tag","embeddable":true,"href":"https:\/\/tissi.de\/sv\/wp-json\/wp\/v2\/product_tag?post=60777"},{"taxonomy":"afgc_gallery_cat","embeddable":true,"href":"https:\/\/tissi.de\/sv\/wp-json\/wp\/v2\/afgc_gallery_cat?post=60777"}],"curies":[{"name":"wp","href":"https:\/\/api.w.org\/{rel}","templated":true}]}}