{"id":60907,"date":"2025-04-14T21:29:40","date_gmt":"2025-04-14T19:29:40","guid":{"rendered":"https:\/\/tissi.de\/produkt\/tissi-baldakin-passar-till-enno-sangen\/"},"modified":"2026-09-02T05:18:46","modified_gmt":"2026-09-02T03:18:46","slug":"tissi-baldakin-passar-till-enno-sangen","status":"publish","type":"product","link":"https:\/\/tissi.de\/sv\/produkt\/tissi-baldakin-passar-till-enno-sangen\/","title":{"rendered":"tiSsi\u00ae-baldakin \u2013 passar till ENNO-s\u00e4ngen"},"content":{"rendered":"<div class=\"wpb-content-wrapper\" id=\"wpb-content-root\"><p>[vc_row][vc_column][vc_tta_accordion section_title_tag=&#8221;h2&#8243; style=&#8221;modern&#8221; color=&#8221;white&#8221; gap=&#8221;10&#8243; c_icon=&#8221;chevron&#8221; c_position=&#8221;right&#8221; active_section=&#8221;1&#8243; no_fill=&#8221;true&#8221; collapsible_all=&#8221;true&#8221;][vc_tta_section title=&#8221;Himmel, passar till s\u00e4ngen ENNO&#8221; tab_id=&#8221;7e39b9cae633&#8243;][vc_column_text css=&#8221;&#8221;]<\/p>\n<p>F\u00f6rvandla barns\u00e4ngen till en f\u00f6rtrollande oas av v\u00e4lbefinnande!<br \/>V\u00e5r <strong>muslin-himmel<\/strong> i 100 % mjuk bomull ger inte bara ditt barn en k\u00e4nsla av trygghet, utan tillf\u00f6r ocks\u00e5 en naturlig l\u00e4tthet och stil till barnrummet. Det andningsbara muslin-tyget skapar ett behagligt inomhusklimat och ger samtidigt ett mjukt insynsskydd \u2013 perfekt f\u00f6r lugna n\u00e4tter och fantasifulla dagdr\u00f6mmar. <\/p>\n<p>Baldakinen \u00e4r universell och kan \u00e4ven kombineras med andra hus- och golvs\u00e4ngar!<\/p>\n<p><!--more--><\/p>\n<p>Skapa en trygg tillflyktsort och fr\u00e4mja ditt barns v\u00e4lbefinnande med stilfull textildesign.<\/p>\n<\/p>\n<p>[\/vc_column_text][\/vc_tta_section][vc_tta_section title=&#8221;Produktegenskaper&#8221; tab_id=&#8221;48b049fdef35&#8243;][vc_column_text css=&#8221;&#8221;]<\/p>\n<ul>\n<li>M\u00e5tt: 470 x 100 cm och 470 x 150 cm<\/li>\n<li>Material: 100 % bomull<\/li>\n<li>Tillverkad av h\u00f6gkvalitativ, OEKO-TEX\u00ae-certifierad muslin<\/li>\n<li>F\u00e4stband f\u00f6r fasts\u00e4ttning vid s\u00e4ngen \u2013 flexibelt och utan borrning<\/li>\n<li>Finns i fem olika f\u00e4rger<\/li>\n<li>Kan tv\u00e4ttas i upp till 30 grader<\/li>\n<li>Passar m\u00e5nga vanliga modeller av husb\u00e4ddar (t.\u202fex. 90&#215;200 cm)<\/li>\n<\/ul>\n<p>&nbsp;<\/p>\n<p>[\/vc_column_text][\/vc_tta_section][vc_tta_section title=&#8221;S\u00e4kerhetsanvisningar&#8221; tab_id=&#8221;ad5aa4da0575&#8243;][vc_column_text css=&#8221;&#8221;]<\/p>\n<p><img decoding=\"async\" src=\"https:\/\/tissi.de\/wp-content\/uploads\/2023\/02\/pdf.png\"> <a href=\"https:\/\/tissi.de\/wp-content\/uploads\/2025\/08\/Baldachine.pdf\">S\u00e4kerhetsanvisningar f\u00f6r baldakin (PDF, 477 kB)<\/a><\/p>\n<p>[\/vc_column_text][\/vc_tta_section][\/vc_tta_accordion][\/vc_column][\/vc_row]<\/p>\n<\/div>","protected":false},"excerpt":{"rendered":"<p>F\u00f6rvandla barns\u00e4ngen till en oas av v\u00e4lbefinnande med v\u00e5rt baldakin i muslin av 100 % bomull. Det ger trygghet, stilren design och ett andningsbart tyg som skapar ett behagligt inomhusklimat. Perfekt f\u00f6r lugna n\u00e4tter och fantasifulla dr\u00f6mmar \u2013 skapa en trygg tillflyktsort f\u00f6r ditt barn!  <\/p>\n","protected":false},"featured_media":9631,"template":"","meta":{"_acf_changed":false,"inline_featured_image":false,"footnotes":""},"product_brand":[],"product_cat":[741],"product_tag":[],"afgc_gallery_cat":[],"class_list":["post-60907","product","type-product","status-publish","has-post-thumbnail","product_cat-barnsang","first","instock","taxable","shipping-taxable","purchasable","product-type-variable","has-default-attributes"],"acf":[],"yoast_head":"<!-- This site is optimized with the Yoast SEO plugin v28.3 - https:\/\/yoast.com\/product\/yoast-seo-wordpress\/ -->\n<title>tiSsi\u00ae baldakin till s\u00e4ngen \u201dENNO\u201d<\/title>\n<meta name=\"description\" content=\"V\u00e5r muslinbaldakin till barns\u00e4ngen ENNO fr\u00e5n tiSsi\u00ae ger barnet en mysig och trygg sovplats och en fristad d\u00e4r det kan dr\u00f6mma.\" \/>\n<meta name=\"robots\" content=\"index, follow, max-snippet:-1, max-image-preview:large, max-video-preview:-1\" \/>\n<link rel=\"canonical\" href=\"https:\/\/tissi.de\/sv\/produkt\/tissi-baldakin-passar-till-enno-sangen\/\" \/>\n<meta property=\"og:locale\" content=\"sv_SE\" \/>\n<meta property=\"og:type\" content=\"article\" \/>\n<meta property=\"og:title\" content=\"tiSsi\u00ae baldakin till s\u00e4ngen \u201dENNO\u201d\" \/>\n<meta property=\"og:description\" content=\"V\u00e5r muslinbaldakin till barns\u00e4ngen ENNO fr\u00e5n tiSsi\u00ae ger barnet en mysig och trygg sovplats och en fristad d\u00e4r det kan dr\u00f6mma.\" \/>\n<meta property=\"og:url\" content=\"https:\/\/tissi.de\/sv\/produkt\/tissi-baldakin-passar-till-enno-sangen\/\" \/>\n<meta property=\"og:site_name\" content=\"tiSsi\u00ae\" \/>\n<meta property=\"article:publisher\" content=\"https:\/\/de-de.facebook.com\/tiSsikids\/\" \/>\n<meta property=\"article:modified_time\" content=\"2026-09-02T03:18:46+00:00\" \/>\n<meta property=\"og:image\" content=\"https:\/\/tissi.de\/wp-content\/uploads\/2025\/06\/101024101027_Hausbett_ENNO_90x200_weiss_Textil-gruen_02.jpg\" \/>\n\t<meta property=\"og:image:width\" content=\"2000\" \/>\n\t<meta property=\"og:image:height\" content=\"1362\" \/>\n\t<meta property=\"og:image:type\" content=\"image\/jpeg\" \/>\n<meta name=\"twitter:card\" content=\"summary_large_image\" \/>\n<meta name=\"twitter:label1\" content=\"Ber\u00e4knad l\u00e4stid\" \/>\n\t<meta name=\"twitter:data1\" content=\"1 minut\" \/>\n<script type=\"application\/ld+json\" class=\"yoast-schema-graph\">{\"@context\":\"https:\\\/\\\/schema.org\",\"@graph\":[{\"@type\":\"WebPage\",\"@id\":\"https:\\\/\\\/tissi.de\\\/sv\\\/produkt\\\/tissi-baldakin-passar-till-enno-sangen\\\/\",\"url\":\"https:\\\/\\\/tissi.de\\\/sv\\\/produkt\\\/tissi-baldakin-passar-till-enno-sangen\\\/\",\"name\":\"tiSsi\u00ae baldakin till s\u00e4ngen \u201dENNO\u201d\",\"isPartOf\":{\"@id\":\"https:\\\/\\\/tissi.de\\\/sv\\\/#website\"},\"primaryImageOfPage\":{\"@id\":\"https:\\\/\\\/tissi.de\\\/sv\\\/produkt\\\/tissi-baldakin-passar-till-enno-sangen\\\/#primaryimage\"},\"image\":{\"@id\":\"https:\\\/\\\/tissi.de\\\/sv\\\/produkt\\\/tissi-baldakin-passar-till-enno-sangen\\\/#primaryimage\"},\"thumbnailUrl\":\"https:\\\/\\\/tissi.de\\\/wp-content\\\/uploads\\\/2025\\\/06\\\/101024101027_Hausbett_ENNO_90x200_weiss_Textil-gruen_02.jpg\",\"datePublished\":\"2025-04-14T19:29:40+00:00\",\"dateModified\":\"2026-09-02T03:18:46+00:00\",\"description\":\"V\u00e5r muslinbaldakin till barns\u00e4ngen ENNO fr\u00e5n tiSsi\u00ae ger barnet en mysig och trygg sovplats och en fristad d\u00e4r det kan dr\u00f6mma.\",\"breadcrumb\":{\"@id\":\"https:\\\/\\\/tissi.de\\\/sv\\\/produkt\\\/tissi-baldakin-passar-till-enno-sangen\\\/#breadcrumb\"},\"inLanguage\":\"sv-SE\",\"potentialAction\":[{\"@type\":\"ReadAction\",\"target\":[\"https:\\\/\\\/tissi.de\\\/sv\\\/produkt\\\/tissi-baldakin-passar-till-enno-sangen\\\/\"]}]},{\"@type\":\"ImageObject\",\"inLanguage\":\"sv-SE\",\"@id\":\"https:\\\/\\\/tissi.de\\\/sv\\\/produkt\\\/tissi-baldakin-passar-till-enno-sangen\\\/#primaryimage\",\"url\":\"https:\\\/\\\/tissi.de\\\/wp-content\\\/uploads\\\/2025\\\/06\\\/101024101027_Hausbett_ENNO_90x200_weiss_Textil-gruen_02.jpg\",\"contentUrl\":\"https:\\\/\\\/tissi.de\\\/wp-content\\\/uploads\\\/2025\\\/06\\\/101024101027_Hausbett_ENNO_90x200_weiss_Textil-gruen_02.jpg\",\"width\":2000,\"height\":1362,\"caption\":\"Children's bed with green canopy, stuffed toys, and storage pockets. Nestchen MAXI.\"},{\"@type\":\"BreadcrumbList\",\"@id\":\"https:\\\/\\\/tissi.de\\\/sv\\\/produkt\\\/tissi-baldakin-passar-till-enno-sangen\\\/#breadcrumb\",\"itemListElement\":[{\"@type\":\"ListItem\",\"position\":1,\"name\":\"Startseite\",\"item\":\"https:\\\/\\\/tissi.de\\\/sv\\\/hem\\\/\"},{\"@type\":\"ListItem\",\"position\":2,\"name\":\"tiSsi\u00ae-baldakin \u2013 passar till ENNO-s\u00e4ngen\"}]},{\"@type\":\"WebSite\",\"@id\":\"https:\\\/\\\/tissi.de\\\/sv\\\/#website\",\"url\":\"https:\\\/\\\/tissi.de\\\/sv\\\/\",\"name\":\"tiSsi\u00ae\",\"description\":\"Familie beginnt mit uns! Lernturm, Hochstuhl, Kinderm\u00f6bel, Laufgitter\",\"publisher\":{\"@id\":\"https:\\\/\\\/tissi.de\\\/sv\\\/#organization\"},\"potentialAction\":[{\"@type\":\"SearchAction\",\"target\":{\"@type\":\"EntryPoint\",\"urlTemplate\":\"https:\\\/\\\/tissi.de\\\/sv\\\/?s={search_term_string}\"},\"query-input\":{\"@type\":\"PropertyValueSpecification\",\"valueRequired\":true,\"valueName\":\"search_term_string\"}}],\"inLanguage\":\"sv-SE\"},{\"@type\":\"Organization\",\"@id\":\"https:\\\/\\\/tissi.de\\\/sv\\\/#organization\",\"name\":\"M.J. Oster GmbH\",\"url\":\"https:\\\/\\\/tissi.de\\\/sv\\\/\",\"logo\":{\"@type\":\"ImageObject\",\"inLanguage\":\"sv-SE\",\"@id\":\"https:\\\/\\\/tissi.de\\\/sv\\\/#\\\/schema\\\/logo\\\/image\\\/\",\"url\":\"https:\\\/\\\/tissi.de\\\/wp-content\\\/uploads\\\/2022\\\/04\\\/tissi-logo.webp\",\"contentUrl\":\"https:\\\/\\\/tissi.de\\\/wp-content\\\/uploads\\\/2022\\\/04\\\/tissi-logo.webp\",\"width\":300,\"height\":173,\"caption\":\"M.J. Oster GmbH\"},\"image\":{\"@id\":\"https:\\\/\\\/tissi.de\\\/sv\\\/#\\\/schema\\\/logo\\\/image\\\/\"},\"sameAs\":[\"https:\\\/\\\/de-de.facebook.com\\\/tiSsikids\\\/\",\"https:\\\/\\\/www.instagram.com\\\/tissi_kids\\\/\"]}]}<\/script>\n<!-- \/ Yoast SEO plugin. -->","yoast_head_json":{"title":"tiSsi\u00ae baldakin till s\u00e4ngen \u201dENNO\u201d","description":"V\u00e5r muslinbaldakin till barns\u00e4ngen ENNO fr\u00e5n tiSsi\u00ae ger barnet en mysig och trygg sovplats och en fristad d\u00e4r det kan dr\u00f6mma.","robots":{"index":"index","follow":"follow","max-snippet":"max-snippet:-1","max-image-preview":"max-image-preview:large","max-video-preview":"max-video-preview:-1"},"canonical":"https:\/\/tissi.de\/sv\/produkt\/tissi-baldakin-passar-till-enno-sangen\/","og_locale":"sv_SE","og_type":"article","og_title":"tiSsi\u00ae baldakin till s\u00e4ngen \u201dENNO\u201d","og_description":"V\u00e5r muslinbaldakin till barns\u00e4ngen ENNO fr\u00e5n tiSsi\u00ae ger barnet en mysig och trygg sovplats och en fristad d\u00e4r det kan dr\u00f6mma.","og_url":"https:\/\/tissi.de\/sv\/produkt\/tissi-baldakin-passar-till-enno-sangen\/","og_site_name":"tiSsi\u00ae","article_publisher":"https:\/\/de-de.facebook.com\/tiSsikids\/","article_modified_time":"2026-09-02T03:18:46+00:00","og_image":[{"width":2000,"height":1362,"url":"https:\/\/tissi.de\/wp-content\/uploads\/2025\/06\/101024101027_Hausbett_ENNO_90x200_weiss_Textil-gruen_02.jpg","type":"image\/jpeg"}],"twitter_card":"summary_large_image","twitter_misc":{"Ber\u00e4knad l\u00e4stid":"1 minut"},"schema":{"@context":"https:\/\/schema.org","@graph":[{"@type":"WebPage","@id":"https:\/\/tissi.de\/sv\/produkt\/tissi-baldakin-passar-till-enno-sangen\/","url":"https:\/\/tissi.de\/sv\/produkt\/tissi-baldakin-passar-till-enno-sangen\/","name":"tiSsi\u00ae baldakin till s\u00e4ngen \u201dENNO\u201d","isPartOf":{"@id":"https:\/\/tissi.de\/sv\/#website"},"primaryImageOfPage":{"@id":"https:\/\/tissi.de\/sv\/produkt\/tissi-baldakin-passar-till-enno-sangen\/#primaryimage"},"image":{"@id":"https:\/\/tissi.de\/sv\/produkt\/tissi-baldakin-passar-till-enno-sangen\/#primaryimage"},"thumbnailUrl":"https:\/\/tissi.de\/wp-content\/uploads\/2025\/06\/101024101027_Hausbett_ENNO_90x200_weiss_Textil-gruen_02.jpg","datePublished":"2025-04-14T19:29:40+00:00","dateModified":"2026-09-02T03:18:46+00:00","description":"V\u00e5r muslinbaldakin till barns\u00e4ngen ENNO fr\u00e5n tiSsi\u00ae ger barnet en mysig och trygg sovplats och en fristad d\u00e4r det kan dr\u00f6mma.","breadcrumb":{"@id":"https:\/\/tissi.de\/sv\/produkt\/tissi-baldakin-passar-till-enno-sangen\/#breadcrumb"},"inLanguage":"sv-SE","potentialAction":[{"@type":"ReadAction","target":["https:\/\/tissi.de\/sv\/produkt\/tissi-baldakin-passar-till-enno-sangen\/"]}]},{"@type":"ImageObject","inLanguage":"sv-SE","@id":"https:\/\/tissi.de\/sv\/produkt\/tissi-baldakin-passar-till-enno-sangen\/#primaryimage","url":"https:\/\/tissi.de\/wp-content\/uploads\/2025\/06\/101024101027_Hausbett_ENNO_90x200_weiss_Textil-gruen_02.jpg","contentUrl":"https:\/\/tissi.de\/wp-content\/uploads\/2025\/06\/101024101027_Hausbett_ENNO_90x200_weiss_Textil-gruen_02.jpg","width":2000,"height":1362,"caption":"Children's bed with green canopy, stuffed toys, and storage pockets. Nestchen MAXI."},{"@type":"BreadcrumbList","@id":"https:\/\/tissi.de\/sv\/produkt\/tissi-baldakin-passar-till-enno-sangen\/#breadcrumb","itemListElement":[{"@type":"ListItem","position":1,"name":"Startseite","item":"https:\/\/tissi.de\/sv\/hem\/"},{"@type":"ListItem","position":2,"name":"tiSsi\u00ae-baldakin \u2013 passar till ENNO-s\u00e4ngen"}]},{"@type":"WebSite","@id":"https:\/\/tissi.de\/sv\/#website","url":"https:\/\/tissi.de\/sv\/","name":"tiSsi\u00ae","description":"Familie beginnt mit uns! Lernturm, Hochstuhl, Kinderm\u00f6bel, Laufgitter","publisher":{"@id":"https:\/\/tissi.de\/sv\/#organization"},"potentialAction":[{"@type":"SearchAction","target":{"@type":"EntryPoint","urlTemplate":"https:\/\/tissi.de\/sv\/?s={search_term_string}"},"query-input":{"@type":"PropertyValueSpecification","valueRequired":true,"valueName":"search_term_string"}}],"inLanguage":"sv-SE"},{"@type":"Organization","@id":"https:\/\/tissi.de\/sv\/#organization","name":"M.J. Oster GmbH","url":"https:\/\/tissi.de\/sv\/","logo":{"@type":"ImageObject","inLanguage":"sv-SE","@id":"https:\/\/tissi.de\/sv\/#\/schema\/logo\/image\/","url":"https:\/\/tissi.de\/wp-content\/uploads\/2022\/04\/tissi-logo.webp","contentUrl":"https:\/\/tissi.de\/wp-content\/uploads\/2022\/04\/tissi-logo.webp","width":300,"height":173,"caption":"M.J. Oster GmbH"},"image":{"@id":"https:\/\/tissi.de\/sv\/#\/schema\/logo\/image\/"},"sameAs":["https:\/\/de-de.facebook.com\/tiSsikids\/","https:\/\/www.instagram.com\/tissi_kids\/"]}]}},"jetpack_sharing_enabled":true,"_links":{"self":[{"href":"https:\/\/tissi.de\/sv\/wp-json\/wp\/v2\/product\/60907","targetHints":{"allow":["GET"]}}],"collection":[{"href":"https:\/\/tissi.de\/sv\/wp-json\/wp\/v2\/product"}],"about":[{"href":"https:\/\/tissi.de\/sv\/wp-json\/wp\/v2\/types\/product"}],"version-history":[{"count":1,"href":"https:\/\/tissi.de\/sv\/wp-json\/wp\/v2\/product\/60907\/revisions"}],"predecessor-version":[{"id":60928,"href":"https:\/\/tissi.de\/sv\/wp-json\/wp\/v2\/product\/60907\/revisions\/60928"}],"wp:featuredmedia":[{"embeddable":true,"href":"https:\/\/tissi.de\/sv\/wp-json\/wp\/v2\/media\/9631"}],"wp:attachment":[{"href":"https:\/\/tissi.de\/sv\/wp-json\/wp\/v2\/media?parent=60907"}],"wp:term":[{"taxonomy":"product_brand","embeddable":true,"href":"https:\/\/tissi.de\/sv\/wp-json\/wp\/v2\/product_brand?post=60907"},{"taxonomy":"product_cat","embeddable":true,"href":"https:\/\/tissi.de\/sv\/wp-json\/wp\/v2\/product_cat?post=60907"},{"taxonomy":"product_tag","embeddable":true,"href":"https:\/\/tissi.de\/sv\/wp-json\/wp\/v2\/product_tag?post=60907"},{"taxonomy":"afgc_gallery_cat","embeddable":true,"href":"https:\/\/tissi.de\/sv\/wp-json\/wp\/v2\/afgc_gallery_cat?post=60907"}],"curies":[{"name":"wp","href":"https:\/\/api.w.org\/{rel}","templated":true}]}}