{"id":60947,"date":"2025-04-14T15:51:18","date_gmt":"2025-04-14T13:51:18","guid":{"rendered":"https:\/\/tissi.de\/produkt\/tissi-organizer-passar-till-enno-sangen\/"},"modified":"2026-09-02T05:18:53","modified_gmt":"2026-09-02T03:18:53","slug":"tissi-organizer-passar-till-enno-sangen","status":"publish","type":"product","link":"https:\/\/tissi.de\/sv\/produkt\/tissi-organizer-passar-till-enno-sangen\/","title":{"rendered":"tiSsi\u00ae Organizer \u2013 passar till ENNO-s\u00e4ngen"},"content":{"rendered":"<div class=\"wpb-content-wrapper\" id=\"wpb-content-root\"><p>[vc_row][vc_column][vc_tta_accordion section_title_tag=&#8221;h2&#8243; style=&#8221;modern&#8221; color=&#8221;white&#8221; gap=&#8221;10&#8243; c_icon=&#8221;chevron&#8221; c_position=&#8221;right&#8221; active_section=&#8221;1&#8243; no_fill=&#8221;true&#8221; collapsible_all=&#8221;true&#8221;][vc_tta_section title=&#8221;F\u00f6rvaringsl\u00f6sning f\u00f6r s\u00e4ngen ENNO&#8221; tab_id=&#8221;7419f764f9ff&#8221;][vc_column_text css=&#8221;&#8221;]<\/p>\n<p>Med v\u00e5r <strong>f\u00f6rvaringsv\u00e4ska i muslin<\/strong> har du \u00e4ntligen allt inom r\u00e4ckh\u00e5ll och snyggt undanstoppat vid s\u00e4ngen! Tre rymliga fack ger plats f\u00f6r favoritb\u00f6cker, gosedjur eller bl\u00f6jor \u2013 perfekt f\u00f6r lugna godnattsritualer och spontana godnattsagor. <\/p>\n<p><!--more-->Organisern \u00e4r tillverkad av mjuk, dubbelskiktad muslin och \u00e4r inte bara s\u00e4rskilt mjuk, utan ocks\u00e5 ett stilfullt blickf\u00e5ng i barnrummet. Tack vare praktiska band kan den enkelt f\u00e4stas vid vilket s\u00e4nggaller eller vilken barns\u00e4ng som helst \u2013 helt utan verktyg. <\/p>\n<p>Ett m\u00e5ste f\u00f6r alla som vill kombinera funktionalitet och estetik \u2013 perfekt f\u00f6r kr\u00e4vande f\u00f6r\u00e4ldrar.<\/p>\n<\/p>\n<p>[\/vc_column_text][\/vc_tta_section][vc_tta_section title=&#8221;Produktegenskaper&#8221; tab_id=&#8221;25a69fe39a8f&#8221;][vc_column_text css=&#8221;&#8221;]<\/p>\n<ul>\n<li>M\u00e5tt: 80 x 32 cm<\/li>\n<li>\u00d6verdrag: 100 % bomullsmuslin \u2013 andas och \u00e4r fri fr\u00e5n skadliga \u00e4mnen<\/li>\n<li>F\u00e4stband f\u00f6r fasts\u00e4ttning vid s\u00e4ngen \u2013 flexibelt och utan borrning<\/li>\n<li>Finns i fem olika f\u00e4rger<\/li>\n<li>Kan tv\u00e4ttas i upp till 30 grader<\/li>\n<li>Tre fack f\u00f6r b\u00f6cker, leksaker och annat.<\/li>\n<li>Universellt anv\u00e4ndbar \u2013 perfekt f\u00f6r vanliga s\u00e4ngar eller spj\u00e4ls\u00e4ngar<\/li>\n<\/ul>\n<p>[\/vc_column_text][\/vc_tta_section][vc_tta_section title=&#8221;S\u00e4kerhetsanvisningar&#8221; tab_id=&#8221;9bc3fbf1cc96&#8243;][vc_column_text css=&#8221;&#8221;]<\/p>\n<p><img decoding=\"async\" src=\"https:\/\/tissi.de\/wp-content\/uploads\/2023\/02\/pdf.png\"> <a href=\"https:\/\/tissi.de\/wp-content\/uploads\/2025\/08\/Organizer.pdf\">S\u00e4kerhetsanvisningar f\u00f6r Organizer (PDF, 667 kB)<\/a><\/p>\n<p>[\/vc_column_text][\/vc_tta_section][\/vc_tta_accordion][\/vc_column][\/vc_row]<\/p>\n<\/div>","protected":false},"excerpt":{"rendered":"<p>Denna f\u00f6rvaringsp\u00e5se i muslin har tre rymliga fack som skapar ordning vid s\u00e4ngen och h\u00e5ller b\u00f6cker, gosedjur och bl\u00f6jor inom r\u00e4ckh\u00e5ll. Den \u00e4r tillverkad av mjuk, dubbellagig muslin och utg\u00f6r ett stilfullt blickf\u00e5ng i barnrummet. Tack vare praktiska band kan den enkelt f\u00e4stas vid s\u00e4nggrinden utan verktyg \u2013 perfekt f\u00f6r f\u00f6r\u00e4ldrar som uppskattar b\u00e5de funktionalitet och estetik!  <\/p>\n","protected":false},"featured_media":9630,"template":"","meta":{"_acf_changed":false,"inline_featured_image":false,"footnotes":""},"product_brand":[],"product_cat":[741],"product_tag":[],"afgc_gallery_cat":[],"class_list":["post-60947","product","type-product","status-publish","has-post-thumbnail","product_cat-barnsang","first","instock","taxable","shipping-taxable","purchasable","product-type-variable","has-default-attributes"],"acf":[],"yoast_head":"<!-- This site is optimized with the Yoast SEO plugin v28.3 - https:\/\/yoast.com\/product\/yoast-seo-wordpress\/ -->\n<title>tiSsi\u00ae f\u00f6rvaringssystem f\u00f6r ENNO-s\u00e4ngen<\/title>\n<meta name=\"description\" content=\"V\u00e5r muslinf\u00f6rvarare f\u00f6r barns\u00e4ngen ENNO fr\u00e5n tiSsi\u00ae ger barnet en f\u00f6rvaringsplats vid s\u00e4ngen f\u00f6r b\u00f6cker, gosedjur eller leksaker.\" \/>\n<meta name=\"robots\" content=\"index, follow, max-snippet:-1, max-image-preview:large, max-video-preview:-1\" \/>\n<link rel=\"canonical\" href=\"https:\/\/tissi.de\/sv\/produkt\/tissi-organizer-passar-till-enno-sangen\/\" \/>\n<meta property=\"og:locale\" content=\"sv_SE\" \/>\n<meta property=\"og:type\" content=\"article\" \/>\n<meta property=\"og:title\" content=\"tiSsi\u00ae f\u00f6rvaringssystem f\u00f6r ENNO-s\u00e4ngen\" \/>\n<meta property=\"og:description\" content=\"V\u00e5r muslinf\u00f6rvarare f\u00f6r barns\u00e4ngen ENNO fr\u00e5n tiSsi\u00ae ger barnet en f\u00f6rvaringsplats vid s\u00e4ngen f\u00f6r b\u00f6cker, gosedjur eller leksaker.\" \/>\n<meta property=\"og:url\" content=\"https:\/\/tissi.de\/sv\/produkt\/tissi-organizer-passar-till-enno-sangen\/\" \/>\n<meta property=\"og:site_name\" content=\"tiSsi\u00ae\" \/>\n<meta property=\"article:publisher\" content=\"https:\/\/de-de.facebook.com\/tiSsikids\/\" \/>\n<meta property=\"article:modified_time\" content=\"2026-09-02T03:18:53+00:00\" \/>\n<meta property=\"og:image\" content=\"https:\/\/tissi.de\/wp-content\/uploads\/2025\/06\/101026101033101037_Hausbett_ENNO_140x200_Textil-grau_05.jpg\" \/>\n\t<meta property=\"og:image:width\" content=\"1713\" \/>\n\t<meta property=\"og:image:height\" content=\"1999\" \/>\n\t<meta property=\"og:image:type\" content=\"image\/jpeg\" \/>\n<meta name=\"twitter:card\" content=\"summary_large_image\" \/>\n<meta name=\"twitter:label1\" content=\"Ber\u00e4knad l\u00e4stid\" \/>\n\t<meta name=\"twitter:data1\" content=\"1 minut\" \/>\n<script type=\"application\/ld+json\" class=\"yoast-schema-graph\">{\"@context\":\"https:\\\/\\\/schema.org\",\"@graph\":[{\"@type\":\"WebPage\",\"@id\":\"https:\\\/\\\/tissi.de\\\/sv\\\/produkt\\\/tissi-organizer-passar-till-enno-sangen\\\/\",\"url\":\"https:\\\/\\\/tissi.de\\\/sv\\\/produkt\\\/tissi-organizer-passar-till-enno-sangen\\\/\",\"name\":\"tiSsi\u00ae f\u00f6rvaringssystem f\u00f6r ENNO-s\u00e4ngen\",\"isPartOf\":{\"@id\":\"https:\\\/\\\/tissi.de\\\/sv\\\/#website\"},\"primaryImageOfPage\":{\"@id\":\"https:\\\/\\\/tissi.de\\\/sv\\\/produkt\\\/tissi-organizer-passar-till-enno-sangen\\\/#primaryimage\"},\"image\":{\"@id\":\"https:\\\/\\\/tissi.de\\\/sv\\\/produkt\\\/tissi-organizer-passar-till-enno-sangen\\\/#primaryimage\"},\"thumbnailUrl\":\"https:\\\/\\\/tissi.de\\\/wp-content\\\/uploads\\\/2025\\\/06\\\/101026101033101037_Hausbett_ENNO_140x200_Textil-grau_05.jpg\",\"datePublished\":\"2025-04-14T13:51:18+00:00\",\"dateModified\":\"2026-09-02T03:18:53+00:00\",\"description\":\"V\u00e5r muslinf\u00f6rvarare f\u00f6r barns\u00e4ngen ENNO fr\u00e5n tiSsi\u00ae ger barnet en f\u00f6rvaringsplats vid s\u00e4ngen f\u00f6r b\u00f6cker, gosedjur eller leksaker.\",\"breadcrumb\":{\"@id\":\"https:\\\/\\\/tissi.de\\\/sv\\\/produkt\\\/tissi-organizer-passar-till-enno-sangen\\\/#breadcrumb\"},\"inLanguage\":\"sv-SE\",\"potentialAction\":[{\"@type\":\"ReadAction\",\"target\":[\"https:\\\/\\\/tissi.de\\\/sv\\\/produkt\\\/tissi-organizer-passar-till-enno-sangen\\\/\"]}]},{\"@type\":\"ImageObject\",\"inLanguage\":\"sv-SE\",\"@id\":\"https:\\\/\\\/tissi.de\\\/sv\\\/produkt\\\/tissi-organizer-passar-till-enno-sangen\\\/#primaryimage\",\"url\":\"https:\\\/\\\/tissi.de\\\/wp-content\\\/uploads\\\/2025\\\/06\\\/101026101033101037_Hausbett_ENNO_140x200_Textil-grau_05.jpg\",\"contentUrl\":\"https:\\\/\\\/tissi.de\\\/wp-content\\\/uploads\\\/2025\\\/06\\\/101026101033101037_Hausbett_ENNO_140x200_Textil-grau_05.jpg\",\"width\":1713,\"height\":1999,\"caption\":\"Gray cushioned side bumper attached to a white wooden bed frame. Nestchen MAXI.\"},{\"@type\":\"BreadcrumbList\",\"@id\":\"https:\\\/\\\/tissi.de\\\/sv\\\/produkt\\\/tissi-organizer-passar-till-enno-sangen\\\/#breadcrumb\",\"itemListElement\":[{\"@type\":\"ListItem\",\"position\":1,\"name\":\"Startseite\",\"item\":\"https:\\\/\\\/tissi.de\\\/sv\\\/hem\\\/\"},{\"@type\":\"ListItem\",\"position\":2,\"name\":\"tiSsi\u00ae Organizer \u2013 passar till ENNO-s\u00e4ngen\"}]},{\"@type\":\"WebSite\",\"@id\":\"https:\\\/\\\/tissi.de\\\/sv\\\/#website\",\"url\":\"https:\\\/\\\/tissi.de\\\/sv\\\/\",\"name\":\"tiSsi\u00ae\",\"description\":\"Familie beginnt mit uns! Lernturm, Hochstuhl, Kinderm\u00f6bel, Laufgitter\",\"publisher\":{\"@id\":\"https:\\\/\\\/tissi.de\\\/sv\\\/#organization\"},\"potentialAction\":[{\"@type\":\"SearchAction\",\"target\":{\"@type\":\"EntryPoint\",\"urlTemplate\":\"https:\\\/\\\/tissi.de\\\/sv\\\/?s={search_term_string}\"},\"query-input\":{\"@type\":\"PropertyValueSpecification\",\"valueRequired\":true,\"valueName\":\"search_term_string\"}}],\"inLanguage\":\"sv-SE\"},{\"@type\":\"Organization\",\"@id\":\"https:\\\/\\\/tissi.de\\\/sv\\\/#organization\",\"name\":\"M.J. Oster GmbH\",\"url\":\"https:\\\/\\\/tissi.de\\\/sv\\\/\",\"logo\":{\"@type\":\"ImageObject\",\"inLanguage\":\"sv-SE\",\"@id\":\"https:\\\/\\\/tissi.de\\\/sv\\\/#\\\/schema\\\/logo\\\/image\\\/\",\"url\":\"https:\\\/\\\/tissi.de\\\/wp-content\\\/uploads\\\/2022\\\/04\\\/tissi-logo.webp\",\"contentUrl\":\"https:\\\/\\\/tissi.de\\\/wp-content\\\/uploads\\\/2022\\\/04\\\/tissi-logo.webp\",\"width\":300,\"height\":173,\"caption\":\"M.J. Oster GmbH\"},\"image\":{\"@id\":\"https:\\\/\\\/tissi.de\\\/sv\\\/#\\\/schema\\\/logo\\\/image\\\/\"},\"sameAs\":[\"https:\\\/\\\/de-de.facebook.com\\\/tiSsikids\\\/\",\"https:\\\/\\\/www.instagram.com\\\/tissi_kids\\\/\"]}]}<\/script>\n<!-- \/ Yoast SEO plugin. -->","yoast_head_json":{"title":"tiSsi\u00ae f\u00f6rvaringssystem f\u00f6r ENNO-s\u00e4ngen","description":"V\u00e5r muslinf\u00f6rvarare f\u00f6r barns\u00e4ngen ENNO fr\u00e5n tiSsi\u00ae ger barnet en f\u00f6rvaringsplats vid s\u00e4ngen f\u00f6r b\u00f6cker, gosedjur eller leksaker.","robots":{"index":"index","follow":"follow","max-snippet":"max-snippet:-1","max-image-preview":"max-image-preview:large","max-video-preview":"max-video-preview:-1"},"canonical":"https:\/\/tissi.de\/sv\/produkt\/tissi-organizer-passar-till-enno-sangen\/","og_locale":"sv_SE","og_type":"article","og_title":"tiSsi\u00ae f\u00f6rvaringssystem f\u00f6r ENNO-s\u00e4ngen","og_description":"V\u00e5r muslinf\u00f6rvarare f\u00f6r barns\u00e4ngen ENNO fr\u00e5n tiSsi\u00ae ger barnet en f\u00f6rvaringsplats vid s\u00e4ngen f\u00f6r b\u00f6cker, gosedjur eller leksaker.","og_url":"https:\/\/tissi.de\/sv\/produkt\/tissi-organizer-passar-till-enno-sangen\/","og_site_name":"tiSsi\u00ae","article_publisher":"https:\/\/de-de.facebook.com\/tiSsikids\/","article_modified_time":"2026-09-02T03:18:53+00:00","og_image":[{"width":1713,"height":1999,"url":"https:\/\/tissi.de\/wp-content\/uploads\/2025\/06\/101026101033101037_Hausbett_ENNO_140x200_Textil-grau_05.jpg","type":"image\/jpeg"}],"twitter_card":"summary_large_image","twitter_misc":{"Ber\u00e4knad l\u00e4stid":"1 minut"},"schema":{"@context":"https:\/\/schema.org","@graph":[{"@type":"WebPage","@id":"https:\/\/tissi.de\/sv\/produkt\/tissi-organizer-passar-till-enno-sangen\/","url":"https:\/\/tissi.de\/sv\/produkt\/tissi-organizer-passar-till-enno-sangen\/","name":"tiSsi\u00ae f\u00f6rvaringssystem f\u00f6r ENNO-s\u00e4ngen","isPartOf":{"@id":"https:\/\/tissi.de\/sv\/#website"},"primaryImageOfPage":{"@id":"https:\/\/tissi.de\/sv\/produkt\/tissi-organizer-passar-till-enno-sangen\/#primaryimage"},"image":{"@id":"https:\/\/tissi.de\/sv\/produkt\/tissi-organizer-passar-till-enno-sangen\/#primaryimage"},"thumbnailUrl":"https:\/\/tissi.de\/wp-content\/uploads\/2025\/06\/101026101033101037_Hausbett_ENNO_140x200_Textil-grau_05.jpg","datePublished":"2025-04-14T13:51:18+00:00","dateModified":"2026-09-02T03:18:53+00:00","description":"V\u00e5r muslinf\u00f6rvarare f\u00f6r barns\u00e4ngen ENNO fr\u00e5n tiSsi\u00ae ger barnet en f\u00f6rvaringsplats vid s\u00e4ngen f\u00f6r b\u00f6cker, gosedjur eller leksaker.","breadcrumb":{"@id":"https:\/\/tissi.de\/sv\/produkt\/tissi-organizer-passar-till-enno-sangen\/#breadcrumb"},"inLanguage":"sv-SE","potentialAction":[{"@type":"ReadAction","target":["https:\/\/tissi.de\/sv\/produkt\/tissi-organizer-passar-till-enno-sangen\/"]}]},{"@type":"ImageObject","inLanguage":"sv-SE","@id":"https:\/\/tissi.de\/sv\/produkt\/tissi-organizer-passar-till-enno-sangen\/#primaryimage","url":"https:\/\/tissi.de\/wp-content\/uploads\/2025\/06\/101026101033101037_Hausbett_ENNO_140x200_Textil-grau_05.jpg","contentUrl":"https:\/\/tissi.de\/wp-content\/uploads\/2025\/06\/101026101033101037_Hausbett_ENNO_140x200_Textil-grau_05.jpg","width":1713,"height":1999,"caption":"Gray cushioned side bumper attached to a white wooden bed frame. Nestchen MAXI."},{"@type":"BreadcrumbList","@id":"https:\/\/tissi.de\/sv\/produkt\/tissi-organizer-passar-till-enno-sangen\/#breadcrumb","itemListElement":[{"@type":"ListItem","position":1,"name":"Startseite","item":"https:\/\/tissi.de\/sv\/hem\/"},{"@type":"ListItem","position":2,"name":"tiSsi\u00ae Organizer \u2013 passar till ENNO-s\u00e4ngen"}]},{"@type":"WebSite","@id":"https:\/\/tissi.de\/sv\/#website","url":"https:\/\/tissi.de\/sv\/","name":"tiSsi\u00ae","description":"Familie beginnt mit uns! Lernturm, Hochstuhl, Kinderm\u00f6bel, Laufgitter","publisher":{"@id":"https:\/\/tissi.de\/sv\/#organization"},"potentialAction":[{"@type":"SearchAction","target":{"@type":"EntryPoint","urlTemplate":"https:\/\/tissi.de\/sv\/?s={search_term_string}"},"query-input":{"@type":"PropertyValueSpecification","valueRequired":true,"valueName":"search_term_string"}}],"inLanguage":"sv-SE"},{"@type":"Organization","@id":"https:\/\/tissi.de\/sv\/#organization","name":"M.J. Oster GmbH","url":"https:\/\/tissi.de\/sv\/","logo":{"@type":"ImageObject","inLanguage":"sv-SE","@id":"https:\/\/tissi.de\/sv\/#\/schema\/logo\/image\/","url":"https:\/\/tissi.de\/wp-content\/uploads\/2022\/04\/tissi-logo.webp","contentUrl":"https:\/\/tissi.de\/wp-content\/uploads\/2022\/04\/tissi-logo.webp","width":300,"height":173,"caption":"M.J. Oster GmbH"},"image":{"@id":"https:\/\/tissi.de\/sv\/#\/schema\/logo\/image\/"},"sameAs":["https:\/\/de-de.facebook.com\/tiSsikids\/","https:\/\/www.instagram.com\/tissi_kids\/"]}]}},"jetpack_sharing_enabled":true,"_links":{"self":[{"href":"https:\/\/tissi.de\/sv\/wp-json\/wp\/v2\/product\/60947","targetHints":{"allow":["GET"]}}],"collection":[{"href":"https:\/\/tissi.de\/sv\/wp-json\/wp\/v2\/product"}],"about":[{"href":"https:\/\/tissi.de\/sv\/wp-json\/wp\/v2\/types\/product"}],"version-history":[{"count":10,"href":"https:\/\/tissi.de\/sv\/wp-json\/wp\/v2\/product\/60947\/revisions"}],"predecessor-version":[{"id":61022,"href":"https:\/\/tissi.de\/sv\/wp-json\/wp\/v2\/product\/60947\/revisions\/61022"}],"wp:featuredmedia":[{"embeddable":true,"href":"https:\/\/tissi.de\/sv\/wp-json\/wp\/v2\/media\/9630"}],"wp:attachment":[{"href":"https:\/\/tissi.de\/sv\/wp-json\/wp\/v2\/media?parent=60947"}],"wp:term":[{"taxonomy":"product_brand","embeddable":true,"href":"https:\/\/tissi.de\/sv\/wp-json\/wp\/v2\/product_brand?post=60947"},{"taxonomy":"product_cat","embeddable":true,"href":"https:\/\/tissi.de\/sv\/wp-json\/wp\/v2\/product_cat?post=60947"},{"taxonomy":"product_tag","embeddable":true,"href":"https:\/\/tissi.de\/sv\/wp-json\/wp\/v2\/product_tag?post=60947"},{"taxonomy":"afgc_gallery_cat","embeddable":true,"href":"https:\/\/tissi.de\/sv\/wp-json\/wp\/v2\/afgc_gallery_cat?post=60947"}],"curies":[{"name":"wp","href":"https:\/\/api.w.org\/{rel}","templated":true}]}}