{"id":60962,"date":"2024-07-14T12:20:52","date_gmt":"2024-07-14T10:20:52","guid":{"rendered":"https:\/\/tissi.de\/produkt\/tissi-lartorne-for-syskon-och-tvillingar-felix\/"},"modified":"2026-09-02T05:18:56","modified_gmt":"2026-09-02T03:18:56","slug":"tissi-lartorne-for-syskon-och-tvillingar-felix","status":"publish","type":"product","link":"https:\/\/tissi.de\/sv\/produkt\/tissi-lartorne-for-syskon-och-tvillingar-felix\/","title":{"rendered":"tiSsi\u00ae L\u00e4rtorne f\u00f6r syskon och tvillingar FELIX"},"content":{"rendered":"<div class=\"wpb-content-wrapper\" id=\"wpb-content-root\"><p>[vc_row][vc_column][vc_tta_accordion section_title_tag=&#8221;h2&#8243; style=&#8221;modern&#8221; color=&#8221;white&#8221; gap=&#8221;10&#8243; c_icon=&#8221;chevron&#8221; c_position=&#8221;right&#8221; active_section=&#8221;1&#8243; no_fill=&#8221;true&#8221; collapsible_all=&#8221;true&#8221;][vc_tta_section title=&#8221;L\u00e5t oss v\u00e4xa och uppt\u00e4cka tillsammans!&#8221; tab_id=&#8221;b45865ed1adb&#8221;][vc_column_text css=&#8221;&#8221;]<\/p>\n<p>Uppt\u00e4ck v\u00e5r innovativa inl\u00e4rningstorn f\u00f6r syskon, som har utvecklats speciellt f\u00f6r att berika syskonens gemensamma vardag och stimulera deras nyfikenhet.<\/p>\n<p><!--more--><\/p>\n<h3>Praktiskt och m\u00e5ngsidigt:<\/h3>\n<p>V\u00e5r l\u00e4rtorne f\u00f6r syskon g\u00f6r det m\u00f6jligt f\u00f6r era barn att uppleva vardagliga sysslor som att laga mat, borsta t\u00e4nderna eller leka p\u00e5 samma h\u00f6jd som vuxna. Tack vare sin robusta konstruktion i massivt boktr\u00e4 erbjuder den h\u00f6gsta stabilitet och s\u00e4kerhet. <\/p>\n<h3>Anpassningsbar och kan v\u00e4xa med barnet:<\/h3>\n<p>Syskoninl\u00e4rningstornet \u00e4r utrustat med ett h\u00f6jdjusterbart stativ och fotst\u00f6d som enkelt kan anpassas efter barnens l\u00e4ngd. P\u00e5 s\u00e5 s\u00e4tt f\u00f6ljer det era sm\u00e5 fr\u00e5n sm\u00e5barns\u00e5ldern till skol\u00e5ldern och v\u00e4xer med dem. <\/p>\n<h3>S\u00e4kerhet och h\u00e5llbarhet:<\/h3>\n<p>Hos tiSsi\u00ae kommer era barns s\u00e4kerhet i f\u00f6rsta hand. D\u00e4rf\u00f6r anv\u00e4nder vi uteslutande milj\u00f6v\u00e4nliga material och undviker helt skadliga \u00e4mnen. Syskon-inl\u00e4rningstornet \u00e4r extremt stabilt och ergonomiskt utformat f\u00f6r att garantera en optimal h\u00e5llning och s\u00e4kerhet f\u00f6r era barn.  <\/p>\n<h3>Plats f\u00f6r tv\u00e5:<\/h3>\n<p>Tack vare sin gener\u00f6sa yta rymmer syskonl\u00e4rningstornet plats f\u00f6r tv\u00e5 barn samtidigt. Detta fr\u00e4mjar inte bara gemensam lek och inl\u00e4rning, utan st\u00e4rker ocks\u00e5 banden mellan syskonen. <\/p>\n<\/p>\n<p>[\/vc_column_text][\/vc_tta_section][vc_tta_section title=&#8221;Produktegenskaper&#8221; tab_id=&#8221;69e76a87ef77&#8243;][vc_column_text css=&#8221;&#8221;]<\/p>\n<ul>\n<li>v\u00e4xer med barnet \u2013 \u00e4ven de allra minsta kan st\u00e5 vid k\u00f6ksb\u00e4nken i \u00f6gonh\u00f6jd och hj\u00e4lpa till med matlagningen<\/li>\n<li>enkel att montera<\/li>\n<li>Massivt boktr\u00e4 garanterar l\u00e5ng livsl\u00e4ngd och ger god stabilitet<\/li>\n<li>Extremt stabil i alla riktningar<\/li>\n<li>ergonomiskt utformad<\/li>\n<li>M\u00e5tt i uppst\u00e4llt l\u00e4ge (BxHxD): ca 55 x 91 x 45 cm<\/li>\n<li>Produktens vikt: ca 14 kg<\/li>\n<li>B\u00e4rf\u00f6rm\u00e5ga: 250 kg<\/li>\n<li>H\u00f6jdjusterbar fotplatta (36 cm, 40 cm, 45 cm)<\/li>\n<li>H\u00f6jdjusterbart fotst\u00f6d (18 cm, 22 cm, 28 cm)<\/li>\n<\/ul>\n<p>[\/vc_column_text][\/vc_tta_section][vc_tta_section title=&#8221;S\u00e4kerhetsanvisningar\/monteringsanvisningar&#8221; tab_id=&#8221;1270171edf89&#8243;][vc_column_text css=&#8221;&#8221;]<\/p>\n<p><img decoding=\"async\" src=\"https:\/\/tissi.de\/wp-content\/uploads\/2023\/02\/pdf.png\"> <a href=\"https:\/\/tissi.de\/wp-content\/uploads\/2024\/12\/MA-Zwillingslernturm-FELIX.pdf\">S\u00e4kerhetsanvisningar och monteringsanvisning f\u00f6r syskonkl\u00e4ttertorn (PDF, 2 MB)<\/a><\/p>\n<p><a href=\"https:\/\/catalogue.arkid.app\/embed\/MCaqndzZEfD0TEeuI2GU0A#v=none\" target=\"_blank\" rel=\"noopener\"><img loading=\"lazy\" decoding=\"async\" src=\"https:\/\/tissi.de\/wp-content\/uploads\/2026\/02\/tiSsi_360grad_button.png\" width=\"30\" height=\"30\" alt=\"\" class=\"wp-image-14200 alignnone size-full\">Digital monteringsanvisning<\/a><\/p>\n<p>[\/vc_column_text][\/vc_tta_section][vc_tta_section title=&#8221;Reservdelar&#8221; tab_id=&#8221;9d6e544201c5&#8243;][vc_column_text css=&#8221;&#8221;]<\/p>\n<p><a href=\"https:\/\/tissi.de\/sv\/produkt-kategorie\/reservdelar-till-syskonlarningstornet\/\">Reservdelar till syskonl\u00e4rningstornet<\/a><\/p>\n<p>[\/vc_column_text][\/vc_tta_section][\/vc_tta_accordion][vc_single_image image=&#8221;60528&#8243; css=&#8221;&#8221;][\/vc_column][\/vc_row]<\/p>\n<\/div>","protected":false},"excerpt":{"rendered":"<p>tiSsi\u00ae-syskonl\u00e4rningstornet fr\u00e4mjar syskonens gemensamma vardag och deras nyfikenhet. Den \u00e4r tillverkad av massivt boktr\u00e4 och erbjuder h\u00f6g stabilitet och s\u00e4kerhet. Med h\u00f6jdjusterbart stativ och fotbr\u00e4da v\u00e4xer den med barnen fr\u00e5n sm\u00e5barns\u00e5ldern till skol\u00e5ldern. Den tipps\u00e4kra inl\u00e4rningstornet \u00e4r tillverkat av ekologiska material och erbjuder plats f\u00f6r tv\u00e5 barn, vilket st\u00e4rker deras gemensamma lek och l\u00e4rande.   <\/p>\n","protected":false},"featured_media":15266,"template":"","meta":{"_acf_changed":false,"inline_featured_image":false,"footnotes":""},"product_brand":[],"product_cat":[758],"product_tag":[],"afgc_gallery_cat":[],"class_list":["post-60962","product","type-product","status-publish","has-post-thumbnail","product_cat-inlarningstorn","first","instock","featured","taxable","shipping-taxable","purchasable","product-type-variable","has-default-attributes"],"acf":[],"yoast_head":"<!-- This site is optimized with the Yoast SEO plugin v28.3 - https:\/\/yoast.com\/product\/yoast-seo-wordpress\/ -->\n<title>L\u00e4rtornen \u201dFELIX\u201d f\u00f6r syskon fr\u00e5n tiSsi\u00ae<\/title>\n<meta name=\"description\" content=\"L\u00e4rtornen FELIX f\u00f6r syskon\/tvillingar fr\u00e5n tiSsi rymmer tv\u00e5 barn tack vare sin bredare bas. Perfekt f\u00f6r tvillingar eller syskon.\" \/>\n<meta name=\"robots\" content=\"index, follow, max-snippet:-1, max-image-preview:large, max-video-preview:-1\" \/>\n<link rel=\"canonical\" href=\"https:\/\/tissi.de\/sv\/produkt\/tissi-lartorne-for-syskon-och-tvillingar-felix\/\" \/>\n<meta property=\"og:locale\" content=\"sv_SE\" \/>\n<meta property=\"og:type\" content=\"article\" \/>\n<meta property=\"og:title\" content=\"L\u00e4rtornen \u201dFELIX\u201d f\u00f6r syskon fr\u00e5n tiSsi\u00ae\" \/>\n<meta property=\"og:description\" content=\"L\u00e4rtornen FELIX f\u00f6r syskon\/tvillingar fr\u00e5n tiSsi rymmer tv\u00e5 barn tack vare sin bredare bas. Perfekt f\u00f6r tvillingar eller syskon.\" \/>\n<meta property=\"og:url\" content=\"https:\/\/tissi.de\/sv\/produkt\/tissi-lartorne-for-syskon-och-tvillingar-felix\/\" \/>\n<meta property=\"og:site_name\" content=\"tiSsi\u00ae\" \/>\n<meta property=\"article:publisher\" content=\"https:\/\/de-de.facebook.com\/tiSsikids\/\" \/>\n<meta property=\"article:modified_time\" content=\"2026-09-02T03:18:56+00:00\" \/>\n<meta property=\"og:image\" content=\"https:\/\/tissi.de\/wp-content\/uploads\/2026\/03\/Geschwisterlernturm_Natur_webl.jpg\" \/>\n\t<meta property=\"og:image:width\" content=\"1000\" \/>\n\t<meta property=\"og:image:height\" content=\"1000\" \/>\n\t<meta property=\"og:image:type\" content=\"image\/jpeg\" \/>\n<meta name=\"twitter:card\" content=\"summary_large_image\" \/>\n<meta name=\"twitter:label1\" content=\"Ber\u00e4knad l\u00e4stid\" \/>\n\t<meta name=\"twitter:data1\" content=\"2 minuter\" \/>\n<script type=\"application\/ld+json\" class=\"yoast-schema-graph\">{\"@context\":\"https:\\\/\\\/schema.org\",\"@graph\":[{\"@type\":\"WebPage\",\"@id\":\"https:\\\/\\\/tissi.de\\\/sv\\\/produkt\\\/tissi-lartorne-for-syskon-och-tvillingar-felix\\\/\",\"url\":\"https:\\\/\\\/tissi.de\\\/sv\\\/produkt\\\/tissi-lartorne-for-syskon-och-tvillingar-felix\\\/\",\"name\":\"L\u00e4rtornen \u201dFELIX\u201d f\u00f6r syskon fr\u00e5n tiSsi\u00ae\",\"isPartOf\":{\"@id\":\"https:\\\/\\\/tissi.de\\\/sv\\\/#website\"},\"primaryImageOfPage\":{\"@id\":\"https:\\\/\\\/tissi.de\\\/sv\\\/produkt\\\/tissi-lartorne-for-syskon-och-tvillingar-felix\\\/#primaryimage\"},\"image\":{\"@id\":\"https:\\\/\\\/tissi.de\\\/sv\\\/produkt\\\/tissi-lartorne-for-syskon-och-tvillingar-felix\\\/#primaryimage\"},\"thumbnailUrl\":\"https:\\\/\\\/tissi.de\\\/wp-content\\\/uploads\\\/2026\\\/03\\\/Geschwisterlernturm_Natur_webl.jpg\",\"datePublished\":\"2024-07-14T10:20:52+00:00\",\"dateModified\":\"2026-09-02T03:18:56+00:00\",\"description\":\"L\u00e4rtornen FELIX f\u00f6r syskon\\\/tvillingar fr\u00e5n tiSsi rymmer tv\u00e5 barn tack vare sin bredare bas. Perfekt f\u00f6r tvillingar eller syskon.\",\"breadcrumb\":{\"@id\":\"https:\\\/\\\/tissi.de\\\/sv\\\/produkt\\\/tissi-lartorne-for-syskon-och-tvillingar-felix\\\/#breadcrumb\"},\"inLanguage\":\"sv-SE\",\"potentialAction\":[{\"@type\":\"ReadAction\",\"target\":[\"https:\\\/\\\/tissi.de\\\/sv\\\/produkt\\\/tissi-lartorne-for-syskon-och-tvillingar-felix\\\/\"]}]},{\"@type\":\"ImageObject\",\"inLanguage\":\"sv-SE\",\"@id\":\"https:\\\/\\\/tissi.de\\\/sv\\\/produkt\\\/tissi-lartorne-for-syskon-och-tvillingar-felix\\\/#primaryimage\",\"url\":\"https:\\\/\\\/tissi.de\\\/wp-content\\\/uploads\\\/2026\\\/03\\\/Geschwisterlernturm_Natur_webl.jpg\",\"contentUrl\":\"https:\\\/\\\/tissi.de\\\/wp-content\\\/uploads\\\/2026\\\/03\\\/Geschwisterlernturm_Natur_webl.jpg\",\"width\":1000,\"height\":1000},{\"@type\":\"BreadcrumbList\",\"@id\":\"https:\\\/\\\/tissi.de\\\/sv\\\/produkt\\\/tissi-lartorne-for-syskon-och-tvillingar-felix\\\/#breadcrumb\",\"itemListElement\":[{\"@type\":\"ListItem\",\"position\":1,\"name\":\"Startseite\",\"item\":\"https:\\\/\\\/tissi.de\\\/sv\\\/hem\\\/\"},{\"@type\":\"ListItem\",\"position\":2,\"name\":\"tiSsi\u00ae L\u00e4rtorne f\u00f6r syskon och tvillingar FELIX\"}]},{\"@type\":\"WebSite\",\"@id\":\"https:\\\/\\\/tissi.de\\\/sv\\\/#website\",\"url\":\"https:\\\/\\\/tissi.de\\\/sv\\\/\",\"name\":\"tiSsi\u00ae\",\"description\":\"Familie beginnt mit uns! Lernturm, Hochstuhl, Kinderm\u00f6bel, Laufgitter\",\"publisher\":{\"@id\":\"https:\\\/\\\/tissi.de\\\/sv\\\/#organization\"},\"potentialAction\":[{\"@type\":\"SearchAction\",\"target\":{\"@type\":\"EntryPoint\",\"urlTemplate\":\"https:\\\/\\\/tissi.de\\\/sv\\\/?s={search_term_string}\"},\"query-input\":{\"@type\":\"PropertyValueSpecification\",\"valueRequired\":true,\"valueName\":\"search_term_string\"}}],\"inLanguage\":\"sv-SE\"},{\"@type\":\"Organization\",\"@id\":\"https:\\\/\\\/tissi.de\\\/sv\\\/#organization\",\"name\":\"M.J. Oster GmbH\",\"url\":\"https:\\\/\\\/tissi.de\\\/sv\\\/\",\"logo\":{\"@type\":\"ImageObject\",\"inLanguage\":\"sv-SE\",\"@id\":\"https:\\\/\\\/tissi.de\\\/sv\\\/#\\\/schema\\\/logo\\\/image\\\/\",\"url\":\"https:\\\/\\\/tissi.de\\\/wp-content\\\/uploads\\\/2022\\\/04\\\/tissi-logo.webp\",\"contentUrl\":\"https:\\\/\\\/tissi.de\\\/wp-content\\\/uploads\\\/2022\\\/04\\\/tissi-logo.webp\",\"width\":300,\"height\":173,\"caption\":\"M.J. Oster GmbH\"},\"image\":{\"@id\":\"https:\\\/\\\/tissi.de\\\/sv\\\/#\\\/schema\\\/logo\\\/image\\\/\"},\"sameAs\":[\"https:\\\/\\\/de-de.facebook.com\\\/tiSsikids\\\/\",\"https:\\\/\\\/www.instagram.com\\\/tissi_kids\\\/\"]}]}<\/script>\n<!-- \/ Yoast SEO plugin. -->","yoast_head_json":{"title":"L\u00e4rtornen \u201dFELIX\u201d f\u00f6r syskon fr\u00e5n tiSsi\u00ae","description":"L\u00e4rtornen FELIX f\u00f6r syskon\/tvillingar fr\u00e5n tiSsi rymmer tv\u00e5 barn tack vare sin bredare bas. Perfekt f\u00f6r tvillingar eller syskon.","robots":{"index":"index","follow":"follow","max-snippet":"max-snippet:-1","max-image-preview":"max-image-preview:large","max-video-preview":"max-video-preview:-1"},"canonical":"https:\/\/tissi.de\/sv\/produkt\/tissi-lartorne-for-syskon-och-tvillingar-felix\/","og_locale":"sv_SE","og_type":"article","og_title":"L\u00e4rtornen \u201dFELIX\u201d f\u00f6r syskon fr\u00e5n tiSsi\u00ae","og_description":"L\u00e4rtornen FELIX f\u00f6r syskon\/tvillingar fr\u00e5n tiSsi rymmer tv\u00e5 barn tack vare sin bredare bas. Perfekt f\u00f6r tvillingar eller syskon.","og_url":"https:\/\/tissi.de\/sv\/produkt\/tissi-lartorne-for-syskon-och-tvillingar-felix\/","og_site_name":"tiSsi\u00ae","article_publisher":"https:\/\/de-de.facebook.com\/tiSsikids\/","article_modified_time":"2026-09-02T03:18:56+00:00","og_image":[{"width":1000,"height":1000,"url":"https:\/\/tissi.de\/wp-content\/uploads\/2026\/03\/Geschwisterlernturm_Natur_webl.jpg","type":"image\/jpeg"}],"twitter_card":"summary_large_image","twitter_misc":{"Ber\u00e4knad l\u00e4stid":"2 minuter"},"schema":{"@context":"https:\/\/schema.org","@graph":[{"@type":"WebPage","@id":"https:\/\/tissi.de\/sv\/produkt\/tissi-lartorne-for-syskon-och-tvillingar-felix\/","url":"https:\/\/tissi.de\/sv\/produkt\/tissi-lartorne-for-syskon-och-tvillingar-felix\/","name":"L\u00e4rtornen \u201dFELIX\u201d f\u00f6r syskon fr\u00e5n tiSsi\u00ae","isPartOf":{"@id":"https:\/\/tissi.de\/sv\/#website"},"primaryImageOfPage":{"@id":"https:\/\/tissi.de\/sv\/produkt\/tissi-lartorne-for-syskon-och-tvillingar-felix\/#primaryimage"},"image":{"@id":"https:\/\/tissi.de\/sv\/produkt\/tissi-lartorne-for-syskon-och-tvillingar-felix\/#primaryimage"},"thumbnailUrl":"https:\/\/tissi.de\/wp-content\/uploads\/2026\/03\/Geschwisterlernturm_Natur_webl.jpg","datePublished":"2024-07-14T10:20:52+00:00","dateModified":"2026-09-02T03:18:56+00:00","description":"L\u00e4rtornen FELIX f\u00f6r syskon\/tvillingar fr\u00e5n tiSsi rymmer tv\u00e5 barn tack vare sin bredare bas. Perfekt f\u00f6r tvillingar eller syskon.","breadcrumb":{"@id":"https:\/\/tissi.de\/sv\/produkt\/tissi-lartorne-for-syskon-och-tvillingar-felix\/#breadcrumb"},"inLanguage":"sv-SE","potentialAction":[{"@type":"ReadAction","target":["https:\/\/tissi.de\/sv\/produkt\/tissi-lartorne-for-syskon-och-tvillingar-felix\/"]}]},{"@type":"ImageObject","inLanguage":"sv-SE","@id":"https:\/\/tissi.de\/sv\/produkt\/tissi-lartorne-for-syskon-och-tvillingar-felix\/#primaryimage","url":"https:\/\/tissi.de\/wp-content\/uploads\/2026\/03\/Geschwisterlernturm_Natur_webl.jpg","contentUrl":"https:\/\/tissi.de\/wp-content\/uploads\/2026\/03\/Geschwisterlernturm_Natur_webl.jpg","width":1000,"height":1000},{"@type":"BreadcrumbList","@id":"https:\/\/tissi.de\/sv\/produkt\/tissi-lartorne-for-syskon-och-tvillingar-felix\/#breadcrumb","itemListElement":[{"@type":"ListItem","position":1,"name":"Startseite","item":"https:\/\/tissi.de\/sv\/hem\/"},{"@type":"ListItem","position":2,"name":"tiSsi\u00ae L\u00e4rtorne f\u00f6r syskon och tvillingar FELIX"}]},{"@type":"WebSite","@id":"https:\/\/tissi.de\/sv\/#website","url":"https:\/\/tissi.de\/sv\/","name":"tiSsi\u00ae","description":"Familie beginnt mit uns! Lernturm, Hochstuhl, Kinderm\u00f6bel, Laufgitter","publisher":{"@id":"https:\/\/tissi.de\/sv\/#organization"},"potentialAction":[{"@type":"SearchAction","target":{"@type":"EntryPoint","urlTemplate":"https:\/\/tissi.de\/sv\/?s={search_term_string}"},"query-input":{"@type":"PropertyValueSpecification","valueRequired":true,"valueName":"search_term_string"}}],"inLanguage":"sv-SE"},{"@type":"Organization","@id":"https:\/\/tissi.de\/sv\/#organization","name":"M.J. Oster GmbH","url":"https:\/\/tissi.de\/sv\/","logo":{"@type":"ImageObject","inLanguage":"sv-SE","@id":"https:\/\/tissi.de\/sv\/#\/schema\/logo\/image\/","url":"https:\/\/tissi.de\/wp-content\/uploads\/2022\/04\/tissi-logo.webp","contentUrl":"https:\/\/tissi.de\/wp-content\/uploads\/2022\/04\/tissi-logo.webp","width":300,"height":173,"caption":"M.J. Oster GmbH"},"image":{"@id":"https:\/\/tissi.de\/sv\/#\/schema\/logo\/image\/"},"sameAs":["https:\/\/de-de.facebook.com\/tiSsikids\/","https:\/\/www.instagram.com\/tissi_kids\/"]}]}},"jetpack_sharing_enabled":true,"_links":{"self":[{"href":"https:\/\/tissi.de\/sv\/wp-json\/wp\/v2\/product\/60962","targetHints":{"allow":["GET"]}}],"collection":[{"href":"https:\/\/tissi.de\/sv\/wp-json\/wp\/v2\/product"}],"about":[{"href":"https:\/\/tissi.de\/sv\/wp-json\/wp\/v2\/types\/product"}],"version-history":[{"count":2,"href":"https:\/\/tissi.de\/sv\/wp-json\/wp\/v2\/product\/60962\/revisions"}],"predecessor-version":[{"id":61048,"href":"https:\/\/tissi.de\/sv\/wp-json\/wp\/v2\/product\/60962\/revisions\/61048"}],"wp:featuredmedia":[{"embeddable":true,"href":"https:\/\/tissi.de\/sv\/wp-json\/wp\/v2\/media\/15266"}],"wp:attachment":[{"href":"https:\/\/tissi.de\/sv\/wp-json\/wp\/v2\/media?parent=60962"}],"wp:term":[{"taxonomy":"product_brand","embeddable":true,"href":"https:\/\/tissi.de\/sv\/wp-json\/wp\/v2\/product_brand?post=60962"},{"taxonomy":"product_cat","embeddable":true,"href":"https:\/\/tissi.de\/sv\/wp-json\/wp\/v2\/product_cat?post=60962"},{"taxonomy":"product_tag","embeddable":true,"href":"https:\/\/tissi.de\/sv\/wp-json\/wp\/v2\/product_tag?post=60962"},{"taxonomy":"afgc_gallery_cat","embeddable":true,"href":"https:\/\/tissi.de\/sv\/wp-json\/wp\/v2\/afgc_gallery_cat?post=60962"}],"curies":[{"name":"wp","href":"https:\/\/api.w.org\/{rel}","templated":true}]}}